{"id":3975,"date":"2021-08-14T08:03:29","date_gmt":"2021-08-14T06:03:29","guid":{"rendered":"https:\/\/slspo.sk\/?post_type=te_announcements&#038;p=3975"},"modified":"2021-08-14T11:56:11","modified_gmt":"2021-08-14T09:56:11","slug":"1945-jelsava","status":"publish","type":"te_announcements","link":"https:\/\/slspo.sk\/?te_announcements=1945-jelsava","title":{"rendered":"1945 Jel\u0161ava"},"content":{"rendered":"<p>Lesn\u00edcke \u0161kolstvo na v\u00fdchodnom Slovensku sa za\u010dalo rozv\u00edja\u0165 a\u017e od roku 1946. Napriek tomu, \u017ee lesnatos\u0165 v\u00fdchodn\u00e9ho Slovenska bola ve\u013emi vysok\u00e1, a\u017e do roku 1945 tu nebola \u017eiadna lesn\u00edcka \u0161kola. Preto je celkom prirodzen\u00e9, \u017ee aj kvalifikovanos\u0165 THP na \u00faseku lesn\u00e9ho hospod\u00e1rstva v\u00fdchodn\u00e9ho Slovenska bola na ve\u013emi n\u00edzkej \u00farovni. E\u0161te v 60. rokoch boli lesn\u00e9 z\u00e1vody, v ktor\u00fdch kvalifikovanos\u0165 THP predstavovala len 30 &#8211; 40 percent. Vy\u0161\u0161ia lesn\u00edcka \u0161kola v Banskej \u0160tiavnici a \u0160t\u00e1tna hor\u00e1rska \u0161kola v Liptovskom Hr\u00e1dku zabezpe\u010dovali pr\u00edpravu aj pre v\u00fdchodn\u00e9 Slovensko. Pre vysok\u00fd z\u00e1ujem a n\u00edzke po\u010dty prij\u00edman\u00fdch \u017eiakov sa ve\u013emi m\u00e1lo uch\u00e1dza\u010dov z v\u00fdchodn\u00e9ho Slovenska dostalo \u0161tudova\u0165 na uveden\u00e9 \u0161koly. Prv\u00fa lesn\u00edcku \u0161kolu na v\u00fdchodnom Slovensku zalo\u017eili v Jel\u0161ave.<img decoding=\"async\" class=\"lazyload alignleft\" src=\"data:image\/gif;base64,R0lGODlhAQABAAAAACH5BAEKAAEALAAAAAABAAEAAAICTAEAOw==\" data-orig-src=\"https:\/\/www.slspo.sk\/uploads\/wysiwyg\/historia\/jelsava[1].JPG\" alt=\"jelsava[1].JPG\" \/>\u0160t\u00e1tna hor\u00e1rska \u0161kola v Jel\u0161ave bola Jel\u0161avazriaden\u00e1 v\u00fdnosom Poveren\u00edctva p\u00f4dohospod\u00e1rstva a pozemkovej reformy \u010c. A-5050\/1\/1945 z 21. 12. 1945. \u0160kolu umiestnili v \u010dasti Coburgovsk\u00e9ho ka\u0161tie\u013ea. Budova ka\u0161tie\u013ea sa nesk\u00f4r stala s\u00eddlom Riadite\u013estva \u0161t\u00e1tnych lesov a majetkov a potom Exponovanej in\u0161pekcie \u0161t\u00e1tnych lesov. V roku 1945 bola obnoven\u00e1 Exponovan\u00e1 in\u0161pekcia \u0161t\u00e1tnych lesov a rozhodnut\u00edm Poveren\u00edctva p\u00f4dohospod\u00e1rstva a pozemkovej reformy bola premiestnen\u00e1 v roku 1946 do Rev\u00facej. T\u00fdm sa uvo\u013enilo prv\u00e9 poschodie budovy ka\u0161tie\u013ea pre umiestnenie \u0161t\u00e1tnej hor\u00e1rskej \u0161koly. Kv\u00f4li adapta\u010dn\u00fdm pr\u00e1cam \u0161kola bola otvoren\u00e1 a\u017e 4. marca 1946. Prv\u00fdmi frekventantmi tejto \u0161koly boli \u010deskoslovensk\u00ed frontov\u00ed vojaci a partiz\u00e1ni, pre ktor\u00fdch zriadili 5-mesa\u010dn\u00fd kurz, ktor\u00fd mal \u00farove\u0148 hor\u00e1rskej \u0161koly. Poslan\u00edm \u0161koly bolo vychov\u00e1va\u0165 hor\u00e1rov na plnenie vonkaj\u0161\u00edch praktick\u00fdch \u00faloh v lesnom hospod\u00e1rstve. Po vyraden\u00ed prv\u00fdch absolventov 5-mesa\u010dn\u00e9ho kurzu vyu\u010dovanie trvalo 10 mesiacov. Okrem rozumovej, telesnej a mravnej v\u00fdchovy sa venovala ve\u013ek\u00e1 pozornos\u0165 praktickej pr\u00edprave, ktor\u00e1 zaberala a\u017e 53 percent vyu\u010dovacieho \u010dasu. Podmienkou prijatia do \u0160H\u0160 bolo ukon\u010denie aspo\u0148 8 tried \u013eudovej \u0161koly, najmenej 2 roky praxe v lesnej prev\u00e1dzke a \u00faspe\u0161n\u00e9 vykonanie prij\u00edmac\u00edch sk\u00fa\u0161ok. S\u00fa\u010das\u0165ou prij\u00edmac\u00edch sk\u00fa\u0161ok bola i lek\u00e1rska prehliadka, kde sa zis\u0165ovala telesn\u00e1 sp\u00f4sobilos\u0165 pre \u0165a\u017ek\u00fa hor\u00e1rsku slu\u017ebu. \u0160kolsk\u00fd rok bol delen\u00fd na dva polroky a ka\u017ed\u00fd polrok sa delil na 2 semestre. V u\u010debnom pl\u00e1ne boli predmety: mravouka, jazyk slovensk\u00fd, po\u010dty a merba, prv\u00e1 pomoc pri \u00farazoch, spolo\u010densk\u00e1 v\u00fdchova, telesn\u00e1 v\u00fdchova, pestovanie lesov, u\u017eitba lesn\u00e1, ochrana lesov, po\u013eovn\u00edctvo, ryb\u00e1rstvo, encyklop\u00e9dia po\u013enohospod\u00e1rstva. T\u00fd\u017edenn\u00fd po\u010det vyu\u010dovac\u00edch hod\u00edn bol 40 hod\u00edn. \u0160kola nemala svoj \u0161kolsk\u00fd objekt pre praktick\u00e9 vyu\u010dovanie. Medzi \u0161kolou a mestom Jel\u0161ava bola prijat\u00e1 dohoda o pou\u017e\u00edvan\u00ed 2909 ha mestsk\u00fdch lesov pre praktick\u00fd v\u00fdcvik \u017eiakov. Pri \u0161kole bol zriaden\u00fd intern\u00e1t, v ktorom boli v\u0161etci \u017eiaci povinn\u00ed b\u00fdva\u0165 a stravova\u0165 sa. Pre \u017eiakov bola predp\u00edsan\u00e1 lesn\u00edcka rovno\u0161ata. V roku 1950 sa zmenil n\u00e1zov \u0161koly na \u0160t\u00e1tnu lesn\u00edcku \u0161kolu. \u0160t\u00e1tnu lesn\u00edcku \u0161kolu v Jel\u0161ave zru\u0161ili 30. 6. 1951 a invent\u00e1r bol pres\u0165ahovan\u00fd do \u0160t\u00e1tnej lesn\u00edckej \u0161koly v Humennom. Po\u010das \u0161es\u0165ro\u010dn\u00e9ho trvania, \u0161kola vychovala 183 absolventov a podstatne prispela k zv\u00fd\u0161eniu kvalifik\u00e1cie vonkaj\u0161ieho person\u00e1lu v\u00fdchodn\u00e9ho Slovenska, osobitne v regi\u00f3noch Gemera a Spi\u0161a.<\/p>\n<p>&nbsp;<\/p>\n<div class=\"fusion-fullwidth fullwidth-box fusion-builder-row-1 fusion-flex-container nonhundred-percent-fullwidth non-hundred-percent-height-scrolling\" style=\"background-color: rgba(255,255,255,0);background-position: center center;background-repeat: no-repeat;border-width: 0px 0px 0px 0px;border-color:#e7e4e2;border-style:solid;\" ><div class=\"fusion-builder-row fusion-row fusion-flex-align-items-flex-start\" style=\"max-width:1331.2px;margin-left: calc(-4% \/ 2 );margin-right: calc(-4% \/ 2 );\"><div class=\"fusion-layout-column fusion_builder_column fusion-builder-column-0 fusion_builder_column_1_1 1_1 fusion-flex-column\"><div class=\"fusion-column-wrapper fusion-flex-justify-content-flex-start fusion-content-layout-column\" style=\"background-position:left top;background-repeat:no-repeat;-webkit-background-size:cover;-moz-background-size:cover;-o-background-size:cover;background-size:cover;padding: 0px 0px 0px 0px;\"><style type=\"text\/css\">.fusion-gallery-1 .fusion-gallery-image {border:0px solid #e2e2e2;}<\/style><div class=\"fusion-gallery fusion-gallery-container fusion-grid-3 fusion-columns-total-0 fusion-gallery-layout-masonry fusion-gallery-1\" style=\"margin:-5px;\"><div class=\"fusion-grid-column fusion-gallery-column fusion-gallery-column-3 hover-type-none fusion-grid-sizer\"><\/div><\/div><div class=\"fusion-separator fusion-full-width-sep\" style=\"align-self: center;margin-left: auto;margin-right: auto;margin-top:25px;width:100%;\"><\/div><div style=\"text-align:center;\"><style type=\"text\/css\">.fusion-button.button-1 {border-radius:0px;}<\/style><a class=\"fusion-button button-flat fusion-button-default-size button-default button-1 fusion-button-default-span fusion-button-default-type\" target=\"_self\" title=\"Hist\u00f3ria\" href=\"https:\/\/slspo.sk\/?p=3936\"><span class=\"fusion-button-text\">SP\u00c4\u0164 NA HIST\u00d3RIU<\/span><\/a><\/div><\/div><\/div><style type=\"text\/css\">.fusion-body .fusion-builder-column-0{width:100% !important;margin-top : 10px;margin-bottom : 10px;}.fusion-builder-column-0 > .fusion-column-wrapper {padding-top : 0px !important;padding-right : 0px !important;margin-right : 1.92%;padding-bottom : 0px !important;padding-left : 0px !important;margin-left : 1.92%;}@media only screen and (max-width:1024px) {.fusion-body .fusion-builder-column-0{width:100% !important;order : 0;}.fusion-builder-column-0 > .fusion-column-wrapper {margin-right : 1.92%;margin-left : 1.92%;}}@media only screen and (max-width:640px) {.fusion-body .fusion-builder-column-0{width:100% !important;order : 0;}.fusion-builder-column-0 > .fusion-column-wrapper {margin-right : 1.92%;margin-left : 1.92%;}}<\/style><\/div><style type=\"text\/css\">.fusion-body .fusion-flex-container.fusion-builder-row-1{ padding-top : 0px;margin-top : 0px;padding-right : 0px;padding-bottom : 0px;margin-bottom : 0px;padding-left : 0px;}<\/style><\/div>\n","protected":false},"parent":0,"template":"","class_list":["post-3975","te_announcements","type-te_announcements","status-publish","hentry"],"announcement_date":"Announcement Date: 21. decembra 1945","announcement_image":{"iframe":false,"url":"https:\/\/slspo.sk\/wp-content\/uploads\/2021\/08\/jelsava1.jpg"},"yoast_head":"<!-- This site is optimized with the Yoast SEO plugin v27.5 - https:\/\/yoast.com\/product\/yoast-seo-wordpress\/ -->\n<title>1945 Jel\u0161ava - Stredn\u00e1 odborn\u00e1 \u0161kola lesn\u00edcka v Pre\u0161ove<\/title>\n<meta name=\"robots\" content=\"index, follow, max-snippet:-1, max-image-preview:large, max-video-preview:-1\" \/>\n<link rel=\"canonical\" href=\"https:\/\/slspo.sk\/?te_announcements=1945-jelsava\" \/>\n<meta property=\"og:locale\" content=\"sk_SK\" \/>\n<meta property=\"og:type\" content=\"article\" \/>\n<meta property=\"og:title\" content=\"1945 Jel\u0161ava - Stredn\u00e1 odborn\u00e1 \u0161kola lesn\u00edcka v Pre\u0161ove\" \/>\n<meta property=\"og:description\" content=\"Lesn\u00edcke \u0161kolstvo na v\u00fdchodnom Slovensku sa za\u010dalo rozv\u00edja\u0165 a\u017e od roku 1946. Napriek tomu, \u017ee lesnatos\u0165 v\u00fdchodn\u00e9ho Slovenska bola ve\u013emi vysok\u00e1, a\u017e do roku 1945 tu nebola \u017eiadna lesn\u00edcka \u0161kola. Preto je celkom prirodzen\u00e9, \u017ee aj kvalifikovanos\u0165 THP na \u00faseku lesn\u00e9ho hospod\u00e1rstva v\u00fdchodn\u00e9ho Slovenska bola na ve\u013emi n\u00edzkej \u00farovni. E\u0161te v 60. rokoch boli lesn\u00e9 z\u00e1vody, v ktor\u00fdch kvalifikovanos\u0165 THP predstavovala len 30 &#8211; 40 percent. Vy\u0161\u0161ia lesn\u00edcka \u0161kola v Banskej \u0160tiavnici a \u0160t\u00e1tna hor\u00e1rska \u0161kola v Liptovskom Hr\u00e1dku zabezpe\u010dovali pr\u00edpravu aj pre v\u00fdchodn\u00e9 Slovensko. Pre vysok\u00fd z\u00e1ujem a n\u00edzke po\u010dty prij\u00edman\u00fdch \u017eiakov sa ve\u013emi m\u00e1lo uch\u00e1dza\u010dov z v\u00fdchodn\u00e9ho Slovenska dostalo...\" \/>\n<meta property=\"og:url\" content=\"https:\/\/slspo.sk\/?te_announcements=1945-jelsava\" \/>\n<meta property=\"og:site_name\" content=\"Stredn\u00e1 odborn\u00e1 \u0161kola lesn\u00edcka v Pre\u0161ove\" \/>\n<meta property=\"article:publisher\" content=\"https:\/\/www.facebook.com\/soslesnicka\/\" \/>\n<meta property=\"article:modified_time\" content=\"2021-08-14T09:56:11+00:00\" \/>\n<meta property=\"og:image\" content=\"https:\/\/slspo.sk\/wp-content\/uploads\/2021\/08\/jelsava1.jpg\" \/>\n\t<meta property=\"og:image:width\" content=\"311\" \/>\n\t<meta property=\"og:image:height\" content=\"169\" \/>\n\t<meta property=\"og:image:type\" content=\"image\/jpeg\" \/>\n<meta name=\"twitter:card\" content=\"summary_large_image\" \/>\n<meta name=\"twitter:label1\" content=\"Predpokladan\u00fd \u010das \u010d\u00edtania\" \/>\n\t<meta name=\"twitter:data1\" content=\"7 min\u00fat\" \/>\n<script type=\"application\/ld+json\" class=\"yoast-schema-graph\">{\"@context\":\"https:\\\/\\\/schema.org\",\"@graph\":[{\"@type\":\"WebPage\",\"@id\":\"https:\\\/\\\/slspo.sk\\\/?te_announcements=1945-jelsava\",\"url\":\"https:\\\/\\\/slspo.sk\\\/?te_announcements=1945-jelsava\",\"name\":\"1945 Jel\u0161ava - Stredn\u00e1 odborn\u00e1 \u0161kola lesn\u00edcka v Pre\u0161ove\",\"isPartOf\":{\"@id\":\"https:\\\/\\\/slspo.sk\\\/#website\"},\"primaryImageOfPage\":{\"@id\":\"https:\\\/\\\/slspo.sk\\\/?te_announcements=1945-jelsava#primaryimage\"},\"image\":{\"@id\":\"https:\\\/\\\/slspo.sk\\\/?te_announcements=1945-jelsava#primaryimage\"},\"thumbnailUrl\":\"https:\\\/\\\/www.slspo.sk\\\/uploads\\\/wysiwyg\\\/historia\\\/jelsava[1].JPG\",\"datePublished\":\"2021-08-14T06:03:29+00:00\",\"dateModified\":\"2021-08-14T09:56:11+00:00\",\"breadcrumb\":{\"@id\":\"https:\\\/\\\/slspo.sk\\\/?te_announcements=1945-jelsava#breadcrumb\"},\"inLanguage\":\"sk-SK\",\"potentialAction\":[{\"@type\":\"ReadAction\",\"target\":[\"https:\\\/\\\/slspo.sk\\\/?te_announcements=1945-jelsava\"]}]},{\"@type\":\"ImageObject\",\"inLanguage\":\"sk-SK\",\"@id\":\"https:\\\/\\\/slspo.sk\\\/?te_announcements=1945-jelsava#primaryimage\",\"url\":\"https:\\\/\\\/www.slspo.sk\\\/uploads\\\/wysiwyg\\\/historia\\\/jelsava[1].JPG\",\"contentUrl\":\"https:\\\/\\\/www.slspo.sk\\\/uploads\\\/wysiwyg\\\/historia\\\/jelsava[1].JPG\"},{\"@type\":\"BreadcrumbList\",\"@id\":\"https:\\\/\\\/slspo.sk\\\/?te_announcements=1945-jelsava#breadcrumb\",\"itemListElement\":[{\"@type\":\"ListItem\",\"position\":1,\"name\":\"Domovsk\u00e1 str\u00e1nka\",\"item\":\"https:\\\/\\\/slspo.sk\\\/\"},{\"@type\":\"ListItem\",\"position\":2,\"name\":\"Timeline Express Announcements\",\"item\":\"https:\\\/\\\/slspo.sk\\\/?post_type=te_announcements\"},{\"@type\":\"ListItem\",\"position\":3,\"name\":\"1945 Jel\u0161ava\"}]},{\"@type\":\"WebSite\",\"@id\":\"https:\\\/\\\/slspo.sk\\\/#website\",\"url\":\"https:\\\/\\\/slspo.sk\\\/\",\"name\":\"Stredn\u00e1 odborn\u00e1 \u0161kola lesn\u00edcka v Pre\u0161ove\",\"description\":\"Centrum odborn\u00e9ho vzdel\u00e1vania a pr\u00edpravy v lesn\u00edctve. \u0160kola je modernou vzdel\u00e1vacou in\u0161tit\u00faciou pon\u00fakaj\u00facou vzdel\u00e1vanie a v\u00fdchovu bud\u00facich mana\u017e\u00e9rov v oblasti lesn\u00edctva, po\u013eovn\u00edctva, \u010di ochrany pr\u00edrody a krajiny.\",\"publisher\":{\"@id\":\"https:\\\/\\\/slspo.sk\\\/#organization\"},\"potentialAction\":[{\"@type\":\"SearchAction\",\"target\":{\"@type\":\"EntryPoint\",\"urlTemplate\":\"https:\\\/\\\/slspo.sk\\\/?s={search_term_string}\"},\"query-input\":{\"@type\":\"PropertyValueSpecification\",\"valueRequired\":true,\"valueName\":\"search_term_string\"}}],\"inLanguage\":\"sk-SK\"},{\"@type\":\"Organization\",\"@id\":\"https:\\\/\\\/slspo.sk\\\/#organization\",\"name\":\"Stredn\u00e1 odborn\u00e1 \u0161kola lesn\u00edcka v Pre\u0161ove\",\"url\":\"https:\\\/\\\/slspo.sk\\\/\",\"logo\":{\"@type\":\"ImageObject\",\"inLanguage\":\"sk-SK\",\"@id\":\"https:\\\/\\\/slspo.sk\\\/#\\\/schema\\\/logo\\\/image\\\/\",\"url\":\"https:\\\/\\\/slspo.sk\\\/wp-content\\\/uploads\\\/2021\\\/12\\\/logo_slspo.png\",\"contentUrl\":\"https:\\\/\\\/slspo.sk\\\/wp-content\\\/uploads\\\/2021\\\/12\\\/logo_slspo.png\",\"width\":1306,\"height\":1128,\"caption\":\"Stredn\u00e1 odborn\u00e1 \u0161kola lesn\u00edcka v Pre\u0161ove\"},\"image\":{\"@id\":\"https:\\\/\\\/slspo.sk\\\/#\\\/schema\\\/logo\\\/image\\\/\"},\"sameAs\":[\"https:\\\/\\\/www.facebook.com\\\/soslesnicka\\\/\"]}]}<\/script>\n<!-- \/ Yoast SEO plugin. -->","yoast_head_json":{"title":"1945 Jel\u0161ava - Stredn\u00e1 odborn\u00e1 \u0161kola lesn\u00edcka v Pre\u0161ove","robots":{"index":"index","follow":"follow","max-snippet":"max-snippet:-1","max-image-preview":"max-image-preview:large","max-video-preview":"max-video-preview:-1"},"canonical":"https:\/\/slspo.sk\/?te_announcements=1945-jelsava","og_locale":"sk_SK","og_type":"article","og_title":"1945 Jel\u0161ava - Stredn\u00e1 odborn\u00e1 \u0161kola lesn\u00edcka v Pre\u0161ove","og_description":"Lesn\u00edcke \u0161kolstvo na v\u00fdchodnom Slovensku sa za\u010dalo rozv\u00edja\u0165 a\u017e od roku 1946. Napriek tomu, \u017ee lesnatos\u0165 v\u00fdchodn\u00e9ho Slovenska bola ve\u013emi vysok\u00e1, a\u017e do roku 1945 tu nebola \u017eiadna lesn\u00edcka \u0161kola. Preto je celkom prirodzen\u00e9, \u017ee aj kvalifikovanos\u0165 THP na \u00faseku lesn\u00e9ho hospod\u00e1rstva v\u00fdchodn\u00e9ho Slovenska bola na ve\u013emi n\u00edzkej \u00farovni. E\u0161te v 60. rokoch boli lesn\u00e9 z\u00e1vody, v ktor\u00fdch kvalifikovanos\u0165 THP predstavovala len 30 &#8211; 40 percent. Vy\u0161\u0161ia lesn\u00edcka \u0161kola v Banskej \u0160tiavnici a \u0160t\u00e1tna hor\u00e1rska \u0161kola v Liptovskom Hr\u00e1dku zabezpe\u010dovali pr\u00edpravu aj pre v\u00fdchodn\u00e9 Slovensko. Pre vysok\u00fd z\u00e1ujem a n\u00edzke po\u010dty prij\u00edman\u00fdch \u017eiakov sa ve\u013emi m\u00e1lo uch\u00e1dza\u010dov z v\u00fdchodn\u00e9ho Slovenska dostalo...","og_url":"https:\/\/slspo.sk\/?te_announcements=1945-jelsava","og_site_name":"Stredn\u00e1 odborn\u00e1 \u0161kola lesn\u00edcka v Pre\u0161ove","article_publisher":"https:\/\/www.facebook.com\/soslesnicka\/","article_modified_time":"2021-08-14T09:56:11+00:00","og_image":[{"width":311,"height":169,"url":"https:\/\/slspo.sk\/wp-content\/uploads\/2021\/08\/jelsava1.jpg","type":"image\/jpeg"}],"twitter_card":"summary_large_image","twitter_misc":{"Predpokladan\u00fd \u010das \u010d\u00edtania":"7 min\u00fat"},"schema":{"@context":"https:\/\/schema.org","@graph":[{"@type":"WebPage","@id":"https:\/\/slspo.sk\/?te_announcements=1945-jelsava","url":"https:\/\/slspo.sk\/?te_announcements=1945-jelsava","name":"1945 Jel\u0161ava - Stredn\u00e1 odborn\u00e1 \u0161kola lesn\u00edcka v Pre\u0161ove","isPartOf":{"@id":"https:\/\/slspo.sk\/#website"},"primaryImageOfPage":{"@id":"https:\/\/slspo.sk\/?te_announcements=1945-jelsava#primaryimage"},"image":{"@id":"https:\/\/slspo.sk\/?te_announcements=1945-jelsava#primaryimage"},"thumbnailUrl":"https:\/\/www.slspo.sk\/uploads\/wysiwyg\/historia\/jelsava[1].JPG","datePublished":"2021-08-14T06:03:29+00:00","dateModified":"2021-08-14T09:56:11+00:00","breadcrumb":{"@id":"https:\/\/slspo.sk\/?te_announcements=1945-jelsava#breadcrumb"},"inLanguage":"sk-SK","potentialAction":[{"@type":"ReadAction","target":["https:\/\/slspo.sk\/?te_announcements=1945-jelsava"]}]},{"@type":"ImageObject","inLanguage":"sk-SK","@id":"https:\/\/slspo.sk\/?te_announcements=1945-jelsava#primaryimage","url":"https:\/\/www.slspo.sk\/uploads\/wysiwyg\/historia\/jelsava[1].JPG","contentUrl":"https:\/\/www.slspo.sk\/uploads\/wysiwyg\/historia\/jelsava[1].JPG"},{"@type":"BreadcrumbList","@id":"https:\/\/slspo.sk\/?te_announcements=1945-jelsava#breadcrumb","itemListElement":[{"@type":"ListItem","position":1,"name":"Domovsk\u00e1 str\u00e1nka","item":"https:\/\/slspo.sk\/"},{"@type":"ListItem","position":2,"name":"Timeline Express Announcements","item":"https:\/\/slspo.sk\/?post_type=te_announcements"},{"@type":"ListItem","position":3,"name":"1945 Jel\u0161ava"}]},{"@type":"WebSite","@id":"https:\/\/slspo.sk\/#website","url":"https:\/\/slspo.sk\/","name":"Stredn\u00e1 odborn\u00e1 \u0161kola lesn\u00edcka v Pre\u0161ove","description":"Centrum odborn\u00e9ho vzdel\u00e1vania a pr\u00edpravy v lesn\u00edctve. \u0160kola je modernou vzdel\u00e1vacou in\u0161tit\u00faciou pon\u00fakaj\u00facou vzdel\u00e1vanie a v\u00fdchovu bud\u00facich mana\u017e\u00e9rov v oblasti lesn\u00edctva, po\u013eovn\u00edctva, \u010di ochrany pr\u00edrody a krajiny.","publisher":{"@id":"https:\/\/slspo.sk\/#organization"},"potentialAction":[{"@type":"SearchAction","target":{"@type":"EntryPoint","urlTemplate":"https:\/\/slspo.sk\/?s={search_term_string}"},"query-input":{"@type":"PropertyValueSpecification","valueRequired":true,"valueName":"search_term_string"}}],"inLanguage":"sk-SK"},{"@type":"Organization","@id":"https:\/\/slspo.sk\/#organization","name":"Stredn\u00e1 odborn\u00e1 \u0161kola lesn\u00edcka v Pre\u0161ove","url":"https:\/\/slspo.sk\/","logo":{"@type":"ImageObject","inLanguage":"sk-SK","@id":"https:\/\/slspo.sk\/#\/schema\/logo\/image\/","url":"https:\/\/slspo.sk\/wp-content\/uploads\/2021\/12\/logo_slspo.png","contentUrl":"https:\/\/slspo.sk\/wp-content\/uploads\/2021\/12\/logo_slspo.png","width":1306,"height":1128,"caption":"Stredn\u00e1 odborn\u00e1 \u0161kola lesn\u00edcka v Pre\u0161ove"},"image":{"@id":"https:\/\/slspo.sk\/#\/schema\/logo\/image\/"},"sameAs":["https:\/\/www.facebook.com\/soslesnicka\/"]}]}},"_links":{"self":[{"href":"https:\/\/slspo.sk\/index.php?rest_route=\/wp\/v2\/announcement\/3975","targetHints":{"allow":["GET"]}}],"collection":[{"href":"https:\/\/slspo.sk\/index.php?rest_route=\/wp\/v2\/announcement"}],"about":[{"href":"https:\/\/slspo.sk\/index.php?rest_route=\/wp\/v2\/types\/te_announcements"}],"wp:attachment":[{"href":"https:\/\/slspo.sk\/index.php?rest_route=%2Fwp%2Fv2%2Fmedia&parent=3975"}],"curies":[{"name":"wp","href":"https:\/\/api.w.org\/{rel}","templated":true}]}}