{"id":3976,"date":"2021-08-14T08:08:09","date_gmt":"2021-08-14T06:08:09","guid":{"rendered":"https:\/\/slspo.sk\/?post_type=te_announcements&#038;p=3976"},"modified":"2021-08-14T12:07:12","modified_gmt":"2021-08-14T10:07:12","slug":"1946-humenne","status":"publish","type":"te_announcements","link":"https:\/\/slspo.sk\/?te_announcements=1946-humenne","title":{"rendered":"1946 Humenn\u00e9"},"content":{"rendered":"<p>Lesn\u00fd fond Bukovsk\u00fdch vrchov, Laboreckej vrchoviny, Vihorlatsk\u00fdch vrchov, Sl\u00e1nskych vrchov a N\u00edzkych Besk\u00fdd bol ve\u013emi vysok\u00fd a kvalifikovanos\u0165 najni\u017e\u0161ia z cel\u00e9ho Slovenska. \u0160t\u00e1tna hor\u00e1rska \u0161kola v Jel\u0161ave nemohla pokry\u0165 po\u017eiadavky takej rozsiahlej oblasti. Tak vznikla po\u017eiadavka prelo\u017eenia \u0160t\u00e1tnej hor\u00e1rskej \u0161koly zo \u017darnovice do Humenn\u00e9ho. S\u00fahlas k prelo\u017eeniu \u0161koly bol dan\u00fd pod podmienkou, \u017ee do septembra 1946 bud\u00fa pripraven\u00e9 priestory na zapo\u010datie vyu\u010dovania. \u0160kola mala by\u0165 umiestnen\u00e1 v ka\u0161tieli gr\u00f3fa Andrassyiho. Budova v\u0161ak potrebovala ve\u013ek\u00fa opravu, aby vyhovovala pre \u0161kolsk\u00e9 \u00fa\u010dely. Pri oprave ka\u0161tie\u013ea vypom\u00e1hali \u017eiaci a vojaci z humenskej pos\u00e1dky.<img decoding=\"async\" class=\"lazyload alignleft\" src=\"data:image\/gif;base64,R0lGODlhAQABAAAAACH5BAEKAAEALAAAAAABAAEAAAICTAEAOw==\" data-orig-src=\"https:\/\/www.slspo.sk\/uploads\/wysiwyg\/historia\/humenne[1].JPG\" alt=\"humenne[1].JPG\" \/>Vojaci vypom\u00e1hali aj pri s\u0165ahovan\u00ed Humenn\u00e9 \u0161koly zo \u017darnovice do Humenn\u00e9ho. Riadne vyu\u010dovanie na \u0160t\u00e1tnej hor\u00e1rskej \u0161kole v Humennom sa za\u010dalo a\u017e v okt\u00f3bri 1946. Vyu\u010dovanie prebiehalo pod\u013ea u\u010debn\u00e9ho pl\u00e1nu jednoro\u010dn\u00e9ho \u0161t\u00fadia \u0160H\u0160 v Jel\u0161ave. \u0160kola vlastnila park, z\u00e1hradn\u00edctvo a polesie. Prv\u00fdm riadite\u013eom \u0160H\u0160 bol Elem\u00edr Rexa, \u010fal\u0161\u00edmi \u0160tefan Hronsk\u00fd a Juraj Bu\u0161ovsk\u00fd. V roku 1950 sa zmenil n\u00e1zov \u0161koly na Lesn\u00edcku \u0161kolu v Humennom. U\u010debn\u00fd pl\u00e1n a osnovy sa nezmenili. Lesn\u00edcka \u0161kola v Humennom ukon\u010dila svoju \u010dinnos\u0165 \u0161kolsk\u00fdm rokom 1950\/51. Za 5 rokov t\u00fato \u0161kolu absolvovalo 208 \u017eiakov a vo ve\u013ekej miere prispelo k zvy\u0161ovaniu kvalifik\u00e1cie THP v\u00fdchodn\u00e9ho Slovenska. Absolventi \u0160H\u0160 a L\u0160 v Jel\u0161ave a Humennom sa ve\u013emi dobre osved\u010dili predov\u0161etk\u00fdm vo funkci\u00e1ch hor\u00e1rov, lesn\u00edkov, technikov polesia a vo ve\u013ekej miere aj ako ved\u00faci polesia. V\u00e4\u010d\u0161ina absolventov t\u00fdchto \u0161k\u00f4l si v 60. rokoch zvy\u0161ovala svoju kvalifik\u00e1ciu dia\u013ekov\u00fdm \u0161t\u00fadiom na Strednej lesn\u00edckej technickej \u0161kole (SLT\u0160) v Lipovciach a nesk\u00f4r v Pre\u0161ove.<\/p>\n<p>&nbsp;<\/p>\n<div class=\"fusion-fullwidth fullwidth-box fusion-builder-row-1 fusion-flex-container nonhundred-percent-fullwidth non-hundred-percent-height-scrolling\" style=\"background-color: rgba(255,255,255,0);background-position: center center;background-repeat: no-repeat;border-width: 0px 0px 0px 0px;border-color:#e7e4e2;border-style:solid;\" ><div class=\"fusion-builder-row fusion-row fusion-flex-align-items-flex-start\" style=\"max-width:1331.2px;margin-left: calc(-4% \/ 2 );margin-right: calc(-4% \/ 2 );\"><div class=\"fusion-layout-column fusion_builder_column fusion-builder-column-0 fusion_builder_column_1_1 1_1 fusion-flex-column\"><div class=\"fusion-column-wrapper fusion-flex-justify-content-flex-start fusion-content-layout-column\" style=\"background-position:left top;background-repeat:no-repeat;-webkit-background-size:cover;-moz-background-size:cover;-o-background-size:cover;background-size:cover;padding: 0px 0px 0px 0px;\"><style type=\"text\/css\">.fusion-gallery-1 .fusion-gallery-image {border:0px solid #e2e2e2;}<\/style><div class=\"fusion-gallery fusion-gallery-container fusion-grid-3 fusion-columns-total-0 fusion-gallery-layout-masonry fusion-gallery-1\" style=\"margin:-5px;\"><div class=\"fusion-grid-column fusion-gallery-column fusion-gallery-column-3 hover-type-none fusion-grid-sizer\"><\/div><\/div><div class=\"fusion-separator fusion-full-width-sep\" style=\"align-self: center;margin-left: auto;margin-right: auto;margin-top:25px;width:100%;\"><\/div><div style=\"text-align:center;\"><style type=\"text\/css\">.fusion-button.button-1 {border-radius:0px;}<\/style><a class=\"fusion-button button-flat fusion-button-default-size button-default button-1 fusion-button-default-span fusion-button-default-type\" target=\"_self\" title=\"Hist\u00f3ria\" href=\"https:\/\/slspo.sk\/?p=3936\"><span class=\"fusion-button-text\">SP\u00c4\u0164 NA HIST\u00d3RIU<\/span><\/a><\/div><\/div><\/div><style type=\"text\/css\">.fusion-body .fusion-builder-column-0{width:100% !important;margin-top : 10px;margin-bottom : 10px;}.fusion-builder-column-0 > .fusion-column-wrapper {padding-top : 0px !important;padding-right : 0px !important;margin-right : 1.92%;padding-bottom : 0px !important;padding-left : 0px !important;margin-left : 1.92%;}@media only screen and (max-width:1024px) {.fusion-body .fusion-builder-column-0{width:100% !important;order : 0;}.fusion-builder-column-0 > .fusion-column-wrapper {margin-right : 1.92%;margin-left : 1.92%;}}@media only screen and (max-width:640px) {.fusion-body .fusion-builder-column-0{width:100% !important;order : 0;}.fusion-builder-column-0 > .fusion-column-wrapper {margin-right : 1.92%;margin-left : 1.92%;}}<\/style><\/div><style type=\"text\/css\">.fusion-body .fusion-flex-container.fusion-builder-row-1{ padding-top : 0px;margin-top : 0px;padding-right : 0px;padding-bottom : 0px;margin-bottom : 0px;padding-left : 0px;}<\/style><\/div>\n","protected":false},"parent":0,"template":"","class_list":["post-3976","te_announcements","type-te_announcements","status-publish","hentry"],"announcement_date":"Announcement Date: 1. okt\u00f3bra 1946","announcement_image":{"iframe":false,"url":"https:\/\/slspo.sk\/wp-content\/uploads\/2021\/08\/humenne1.jpg"},"yoast_head":"<!-- This site is optimized with the Yoast SEO plugin v27.5 - https:\/\/yoast.com\/product\/yoast-seo-wordpress\/ -->\n<title>1946 Humenn\u00e9 - Stredn\u00e1 odborn\u00e1 \u0161kola lesn\u00edcka v Pre\u0161ove<\/title>\n<meta name=\"robots\" content=\"index, follow, max-snippet:-1, max-image-preview:large, max-video-preview:-1\" \/>\n<link rel=\"canonical\" href=\"https:\/\/slspo.sk\/?te_announcements=1946-humenne\" \/>\n<meta property=\"og:locale\" content=\"sk_SK\" \/>\n<meta property=\"og:type\" content=\"article\" \/>\n<meta property=\"og:title\" content=\"1946 Humenn\u00e9 - Stredn\u00e1 odborn\u00e1 \u0161kola lesn\u00edcka v Pre\u0161ove\" \/>\n<meta property=\"og:description\" content=\"Lesn\u00fd fond Bukovsk\u00fdch vrchov, Laboreckej vrchoviny, Vihorlatsk\u00fdch vrchov, Sl\u00e1nskych vrchov a N\u00edzkych Besk\u00fdd bol ve\u013emi vysok\u00fd a kvalifikovanos\u0165 najni\u017e\u0161ia z cel\u00e9ho Slovenska. \u0160t\u00e1tna hor\u00e1rska \u0161kola v Jel\u0161ave nemohla pokry\u0165 po\u017eiadavky takej rozsiahlej oblasti. Tak vznikla po\u017eiadavka prelo\u017eenia \u0160t\u00e1tnej hor\u00e1rskej \u0161koly zo \u017darnovice do Humenn\u00e9ho. S\u00fahlas k prelo\u017eeniu \u0161koly bol dan\u00fd pod podmienkou, \u017ee do septembra 1946 bud\u00fa pripraven\u00e9 priestory na zapo\u010datie vyu\u010dovania. \u0160kola mala by\u0165 umiestnen\u00e1 v ka\u0161tieli gr\u00f3fa Andrassyiho. Budova v\u0161ak potrebovala ve\u013ek\u00fa opravu, aby vyhovovala pre \u0161kolsk\u00e9 \u00fa\u010dely. Pri oprave ka\u0161tie\u013ea vypom\u00e1hali \u017eiaci a vojaci z humenskej pos\u00e1dky.Vojaci vypom\u00e1hali aj pri s\u0165ahovan\u00ed Humenn\u00e9 \u0161koly zo \u017darnovice do Humenn\u00e9ho. Riadne...\" \/>\n<meta property=\"og:url\" content=\"https:\/\/slspo.sk\/?te_announcements=1946-humenne\" \/>\n<meta property=\"og:site_name\" content=\"Stredn\u00e1 odborn\u00e1 \u0161kola lesn\u00edcka v Pre\u0161ove\" \/>\n<meta property=\"article:publisher\" content=\"https:\/\/www.facebook.com\/soslesnicka\/\" \/>\n<meta property=\"article:modified_time\" content=\"2021-08-14T10:07:12+00:00\" \/>\n<meta property=\"og:image\" content=\"https:\/\/slspo.sk\/wp-content\/uploads\/2021\/08\/humenne1.jpg\" \/>\n\t<meta property=\"og:image:width\" content=\"312\" \/>\n\t<meta property=\"og:image:height\" content=\"191\" \/>\n\t<meta property=\"og:image:type\" content=\"image\/jpeg\" \/>\n<meta name=\"twitter:card\" content=\"summary_large_image\" \/>\n<meta name=\"twitter:label1\" content=\"Predpokladan\u00fd \u010das \u010d\u00edtania\" \/>\n\t<meta name=\"twitter:data1\" content=\"5 min\u00fat\" \/>\n<script type=\"application\/ld+json\" class=\"yoast-schema-graph\">{\"@context\":\"https:\\\/\\\/schema.org\",\"@graph\":[{\"@type\":\"WebPage\",\"@id\":\"https:\\\/\\\/slspo.sk\\\/?te_announcements=1946-humenne\",\"url\":\"https:\\\/\\\/slspo.sk\\\/?te_announcements=1946-humenne\",\"name\":\"1946 Humenn\u00e9 - Stredn\u00e1 odborn\u00e1 \u0161kola lesn\u00edcka v Pre\u0161ove\",\"isPartOf\":{\"@id\":\"https:\\\/\\\/slspo.sk\\\/#website\"},\"primaryImageOfPage\":{\"@id\":\"https:\\\/\\\/slspo.sk\\\/?te_announcements=1946-humenne#primaryimage\"},\"image\":{\"@id\":\"https:\\\/\\\/slspo.sk\\\/?te_announcements=1946-humenne#primaryimage\"},\"thumbnailUrl\":\"https:\\\/\\\/www.slspo.sk\\\/uploads\\\/wysiwyg\\\/historia\\\/humenne[1].JPG\",\"datePublished\":\"2021-08-14T06:08:09+00:00\",\"dateModified\":\"2021-08-14T10:07:12+00:00\",\"breadcrumb\":{\"@id\":\"https:\\\/\\\/slspo.sk\\\/?te_announcements=1946-humenne#breadcrumb\"},\"inLanguage\":\"sk-SK\",\"potentialAction\":[{\"@type\":\"ReadAction\",\"target\":[\"https:\\\/\\\/slspo.sk\\\/?te_announcements=1946-humenne\"]}]},{\"@type\":\"ImageObject\",\"inLanguage\":\"sk-SK\",\"@id\":\"https:\\\/\\\/slspo.sk\\\/?te_announcements=1946-humenne#primaryimage\",\"url\":\"https:\\\/\\\/www.slspo.sk\\\/uploads\\\/wysiwyg\\\/historia\\\/humenne[1].JPG\",\"contentUrl\":\"https:\\\/\\\/www.slspo.sk\\\/uploads\\\/wysiwyg\\\/historia\\\/humenne[1].JPG\"},{\"@type\":\"BreadcrumbList\",\"@id\":\"https:\\\/\\\/slspo.sk\\\/?te_announcements=1946-humenne#breadcrumb\",\"itemListElement\":[{\"@type\":\"ListItem\",\"position\":1,\"name\":\"Domovsk\u00e1 str\u00e1nka\",\"item\":\"https:\\\/\\\/slspo.sk\\\/\"},{\"@type\":\"ListItem\",\"position\":2,\"name\":\"Timeline Express Announcements\",\"item\":\"https:\\\/\\\/slspo.sk\\\/?post_type=te_announcements\"},{\"@type\":\"ListItem\",\"position\":3,\"name\":\"1946 Humenn\u00e9\"}]},{\"@type\":\"WebSite\",\"@id\":\"https:\\\/\\\/slspo.sk\\\/#website\",\"url\":\"https:\\\/\\\/slspo.sk\\\/\",\"name\":\"Stredn\u00e1 odborn\u00e1 \u0161kola lesn\u00edcka v Pre\u0161ove\",\"description\":\"Centrum odborn\u00e9ho vzdel\u00e1vania a pr\u00edpravy v lesn\u00edctve. \u0160kola je modernou vzdel\u00e1vacou in\u0161tit\u00faciou pon\u00fakaj\u00facou vzdel\u00e1vanie a v\u00fdchovu bud\u00facich mana\u017e\u00e9rov v oblasti lesn\u00edctva, po\u013eovn\u00edctva, \u010di ochrany pr\u00edrody a krajiny.\",\"publisher\":{\"@id\":\"https:\\\/\\\/slspo.sk\\\/#organization\"},\"potentialAction\":[{\"@type\":\"SearchAction\",\"target\":{\"@type\":\"EntryPoint\",\"urlTemplate\":\"https:\\\/\\\/slspo.sk\\\/?s={search_term_string}\"},\"query-input\":{\"@type\":\"PropertyValueSpecification\",\"valueRequired\":true,\"valueName\":\"search_term_string\"}}],\"inLanguage\":\"sk-SK\"},{\"@type\":\"Organization\",\"@id\":\"https:\\\/\\\/slspo.sk\\\/#organization\",\"name\":\"Stredn\u00e1 odborn\u00e1 \u0161kola lesn\u00edcka v Pre\u0161ove\",\"url\":\"https:\\\/\\\/slspo.sk\\\/\",\"logo\":{\"@type\":\"ImageObject\",\"inLanguage\":\"sk-SK\",\"@id\":\"https:\\\/\\\/slspo.sk\\\/#\\\/schema\\\/logo\\\/image\\\/\",\"url\":\"https:\\\/\\\/slspo.sk\\\/wp-content\\\/uploads\\\/2021\\\/12\\\/logo_slspo.png\",\"contentUrl\":\"https:\\\/\\\/slspo.sk\\\/wp-content\\\/uploads\\\/2021\\\/12\\\/logo_slspo.png\",\"width\":1306,\"height\":1128,\"caption\":\"Stredn\u00e1 odborn\u00e1 \u0161kola lesn\u00edcka v Pre\u0161ove\"},\"image\":{\"@id\":\"https:\\\/\\\/slspo.sk\\\/#\\\/schema\\\/logo\\\/image\\\/\"},\"sameAs\":[\"https:\\\/\\\/www.facebook.com\\\/soslesnicka\\\/\"]}]}<\/script>\n<!-- \/ Yoast SEO plugin. -->","yoast_head_json":{"title":"1946 Humenn\u00e9 - Stredn\u00e1 odborn\u00e1 \u0161kola lesn\u00edcka v Pre\u0161ove","robots":{"index":"index","follow":"follow","max-snippet":"max-snippet:-1","max-image-preview":"max-image-preview:large","max-video-preview":"max-video-preview:-1"},"canonical":"https:\/\/slspo.sk\/?te_announcements=1946-humenne","og_locale":"sk_SK","og_type":"article","og_title":"1946 Humenn\u00e9 - Stredn\u00e1 odborn\u00e1 \u0161kola lesn\u00edcka v Pre\u0161ove","og_description":"Lesn\u00fd fond Bukovsk\u00fdch vrchov, Laboreckej vrchoviny, Vihorlatsk\u00fdch vrchov, Sl\u00e1nskych vrchov a N\u00edzkych Besk\u00fdd bol ve\u013emi vysok\u00fd a kvalifikovanos\u0165 najni\u017e\u0161ia z cel\u00e9ho Slovenska. \u0160t\u00e1tna hor\u00e1rska \u0161kola v Jel\u0161ave nemohla pokry\u0165 po\u017eiadavky takej rozsiahlej oblasti. Tak vznikla po\u017eiadavka prelo\u017eenia \u0160t\u00e1tnej hor\u00e1rskej \u0161koly zo \u017darnovice do Humenn\u00e9ho. S\u00fahlas k prelo\u017eeniu \u0161koly bol dan\u00fd pod podmienkou, \u017ee do septembra 1946 bud\u00fa pripraven\u00e9 priestory na zapo\u010datie vyu\u010dovania. \u0160kola mala by\u0165 umiestnen\u00e1 v ka\u0161tieli gr\u00f3fa Andrassyiho. Budova v\u0161ak potrebovala ve\u013ek\u00fa opravu, aby vyhovovala pre \u0161kolsk\u00e9 \u00fa\u010dely. Pri oprave ka\u0161tie\u013ea vypom\u00e1hali \u017eiaci a vojaci z humenskej pos\u00e1dky.Vojaci vypom\u00e1hali aj pri s\u0165ahovan\u00ed Humenn\u00e9 \u0161koly zo \u017darnovice do Humenn\u00e9ho. Riadne...","og_url":"https:\/\/slspo.sk\/?te_announcements=1946-humenne","og_site_name":"Stredn\u00e1 odborn\u00e1 \u0161kola lesn\u00edcka v Pre\u0161ove","article_publisher":"https:\/\/www.facebook.com\/soslesnicka\/","article_modified_time":"2021-08-14T10:07:12+00:00","og_image":[{"width":312,"height":191,"url":"https:\/\/slspo.sk\/wp-content\/uploads\/2021\/08\/humenne1.jpg","type":"image\/jpeg"}],"twitter_card":"summary_large_image","twitter_misc":{"Predpokladan\u00fd \u010das \u010d\u00edtania":"5 min\u00fat"},"schema":{"@context":"https:\/\/schema.org","@graph":[{"@type":"WebPage","@id":"https:\/\/slspo.sk\/?te_announcements=1946-humenne","url":"https:\/\/slspo.sk\/?te_announcements=1946-humenne","name":"1946 Humenn\u00e9 - Stredn\u00e1 odborn\u00e1 \u0161kola lesn\u00edcka v Pre\u0161ove","isPartOf":{"@id":"https:\/\/slspo.sk\/#website"},"primaryImageOfPage":{"@id":"https:\/\/slspo.sk\/?te_announcements=1946-humenne#primaryimage"},"image":{"@id":"https:\/\/slspo.sk\/?te_announcements=1946-humenne#primaryimage"},"thumbnailUrl":"https:\/\/www.slspo.sk\/uploads\/wysiwyg\/historia\/humenne[1].JPG","datePublished":"2021-08-14T06:08:09+00:00","dateModified":"2021-08-14T10:07:12+00:00","breadcrumb":{"@id":"https:\/\/slspo.sk\/?te_announcements=1946-humenne#breadcrumb"},"inLanguage":"sk-SK","potentialAction":[{"@type":"ReadAction","target":["https:\/\/slspo.sk\/?te_announcements=1946-humenne"]}]},{"@type":"ImageObject","inLanguage":"sk-SK","@id":"https:\/\/slspo.sk\/?te_announcements=1946-humenne#primaryimage","url":"https:\/\/www.slspo.sk\/uploads\/wysiwyg\/historia\/humenne[1].JPG","contentUrl":"https:\/\/www.slspo.sk\/uploads\/wysiwyg\/historia\/humenne[1].JPG"},{"@type":"BreadcrumbList","@id":"https:\/\/slspo.sk\/?te_announcements=1946-humenne#breadcrumb","itemListElement":[{"@type":"ListItem","position":1,"name":"Domovsk\u00e1 str\u00e1nka","item":"https:\/\/slspo.sk\/"},{"@type":"ListItem","position":2,"name":"Timeline Express Announcements","item":"https:\/\/slspo.sk\/?post_type=te_announcements"},{"@type":"ListItem","position":3,"name":"1946 Humenn\u00e9"}]},{"@type":"WebSite","@id":"https:\/\/slspo.sk\/#website","url":"https:\/\/slspo.sk\/","name":"Stredn\u00e1 odborn\u00e1 \u0161kola lesn\u00edcka v Pre\u0161ove","description":"Centrum odborn\u00e9ho vzdel\u00e1vania a pr\u00edpravy v lesn\u00edctve. \u0160kola je modernou vzdel\u00e1vacou in\u0161tit\u00faciou pon\u00fakaj\u00facou vzdel\u00e1vanie a v\u00fdchovu bud\u00facich mana\u017e\u00e9rov v oblasti lesn\u00edctva, po\u013eovn\u00edctva, \u010di ochrany pr\u00edrody a krajiny.","publisher":{"@id":"https:\/\/slspo.sk\/#organization"},"potentialAction":[{"@type":"SearchAction","target":{"@type":"EntryPoint","urlTemplate":"https:\/\/slspo.sk\/?s={search_term_string}"},"query-input":{"@type":"PropertyValueSpecification","valueRequired":true,"valueName":"search_term_string"}}],"inLanguage":"sk-SK"},{"@type":"Organization","@id":"https:\/\/slspo.sk\/#organization","name":"Stredn\u00e1 odborn\u00e1 \u0161kola lesn\u00edcka v Pre\u0161ove","url":"https:\/\/slspo.sk\/","logo":{"@type":"ImageObject","inLanguage":"sk-SK","@id":"https:\/\/slspo.sk\/#\/schema\/logo\/image\/","url":"https:\/\/slspo.sk\/wp-content\/uploads\/2021\/12\/logo_slspo.png","contentUrl":"https:\/\/slspo.sk\/wp-content\/uploads\/2021\/12\/logo_slspo.png","width":1306,"height":1128,"caption":"Stredn\u00e1 odborn\u00e1 \u0161kola lesn\u00edcka v Pre\u0161ove"},"image":{"@id":"https:\/\/slspo.sk\/#\/schema\/logo\/image\/"},"sameAs":["https:\/\/www.facebook.com\/soslesnicka\/"]}]}},"_links":{"self":[{"href":"https:\/\/slspo.sk\/index.php?rest_route=\/wp\/v2\/announcement\/3976","targetHints":{"allow":["GET"]}}],"collection":[{"href":"https:\/\/slspo.sk\/index.php?rest_route=\/wp\/v2\/announcement"}],"about":[{"href":"https:\/\/slspo.sk\/index.php?rest_route=\/wp\/v2\/types\/te_announcements"}],"wp:attachment":[{"href":"https:\/\/slspo.sk\/index.php?rest_route=%2Fwp%2Fv2%2Fmedia&parent=3976"}],"curies":[{"name":"wp","href":"https:\/\/api.w.org\/{rel}","templated":true}]}}