{"id":3981,"date":"2021-08-14T09:51:21","date_gmt":"2021-08-14T07:51:21","guid":{"rendered":"https:\/\/slspo.sk\/?post_type=te_announcements&#038;p=3981"},"modified":"2021-08-14T12:44:28","modified_gmt":"2021-08-14T10:44:28","slug":"1951-humenne-vznik-stredneho-lesnickeho-skolstva","status":"publish","type":"te_announcements","link":"https:\/\/slspo.sk\/?te_announcements=1951-humenne-vznik-stredneho-lesnickeho-skolstva","title":{"rendered":"1951 Humenn\u00e9 &#8211; vznik stredn\u00e9ho lesn\u00edckeho \u0161kolstva"},"content":{"rendered":"<p>V septembri 1951 zaznamen\u00e1vame vznik stredn\u00e9ho lesn\u00edckeho \u0161kolstva na v\u00fdchodnom Slovensku. Je to v\u00fdznamn\u00fd medzn\u00edk v hist\u00f3rii lesn\u00edckeho \u0161kolstva na v\u00fdchodnom Slovensku. Po\u017eiadavky na \u00faseku lesn\u00e9ho hospod\u00e1rstva sa neust\u00e1le zvy\u0161ovali, bolo preto potrebn\u00e9 zvy\u0161ova\u0165 kvalifikovanos\u0165 THP. Vy\u0161\u0161ia lesn\u00edcka \u0161kola v Banskej \u0160tiavnici bola jedinou strednou \u0161kolou na Slovensku, ktor\u00e1 nesta\u010dila pokry\u0165 po\u017eiadavky na po\u010det absolventov. Bolo rozhodnut\u00e9 o premene \u0160t\u00e1tnej lesn\u00edckej \u0161koly v Humennom na Vy\u0161\u0161iu lesn\u00edcku \u0161kolu Humenn\u00e9. V septembri 1951 okrem \u017eiakov prijat\u00fdch do 1. ro\u010dn\u00edka otv\u00e1raj\u00fa aj 2. ro\u010dn\u00edk pre uch\u00e1dza\u010dov z lesn\u00edckych u\u010d\u0148ovsk\u00fdch \u0161k\u00f4l po vykonan\u00ed diferen\u010dn\u00fdch sk\u00fa\u0161ok. Do 1. ro\u010dn\u00edka bolo prijat\u00fdch aj 6 diev\u010dat. V rokoch 1951-1955 sa organiza\u010dne \u0161t\u00e1tne lesy \u010dlenili na pestovanie lesov a lesn\u00fa \u0165a\u017ebu. Tejto \u0161pecializ\u00e1cii sa prisp\u00f4sobilo aj lesn\u00edcke \u0161kolstvo, kde sa vytvorili dve \u0161pecializ\u00e1cie &#8211; pestovn\u00e1 a \u0165a\u017ebov\u00e1. Vy\u0161\u0161ia lesn\u00edcka \u0161kola v Humennom mala \u0161pecializ\u00e1ciu pestovanie lesov. Postupne narastaj\u00faci po\u010det tried denn\u00e9ho \u0161t\u00fadia a za\u010diatok dia\u013ekov\u00e9ho \u0161t\u00fadia si vyn\u00fatil h\u013eada\u0165 nov\u00e9 priestory na prelo\u017eenie VL\u0160. Okrem toho v roku 1952 arm\u00e1da prejavila z\u00e1ujem o ka\u0161tie\u013e v Humennom pre vojensk\u00e9 \u00fa\u010dely. Humenn\u00e9 sa nechcelo vzda\u0165 VL\u0160, ale nevedelo ani poskytn\u00fa\u0165 in\u00fa vhodn\u00fa budovu a bolo rozhodnut\u00e9 s kone\u010dnou platnos\u0165ou, \u017ee VL\u0160 bude umiestnen\u00e1 v budove ka\u0161tie\u013ea v Remetsk\u00fdch H\u00e1mroch, okr. Sobrance.<\/p>\n<p>&nbsp;<\/p>\n<div class=\"fusion-fullwidth fullwidth-box fusion-builder-row-1 fusion-flex-container nonhundred-percent-fullwidth non-hundred-percent-height-scrolling\" style=\"background-color: rgba(255,255,255,0);background-position: center center;background-repeat: no-repeat;border-width: 0px 0px 0px 0px;border-color:#e7e4e2;border-style:solid;\" ><div class=\"fusion-builder-row fusion-row fusion-flex-align-items-flex-start\" style=\"max-width:1331.2px;margin-left: calc(-4% \/ 2 );margin-right: calc(-4% \/ 2 );\"><div class=\"fusion-layout-column fusion_builder_column fusion-builder-column-0 fusion_builder_column_1_1 1_1 fusion-flex-column\"><div class=\"fusion-column-wrapper fusion-flex-justify-content-flex-start fusion-content-layout-column\" style=\"background-position:left top;background-repeat:no-repeat;-webkit-background-size:cover;-moz-background-size:cover;-o-background-size:cover;background-size:cover;padding: 0px 0px 0px 0px;\"><style type=\"text\/css\">.fusion-gallery-1 .fusion-gallery-image {border:0px solid #e2e2e2;}<\/style><div class=\"fusion-gallery fusion-gallery-container fusion-grid-3 fusion-columns-total-0 fusion-gallery-layout-masonry fusion-gallery-1\" style=\"margin:-5px;\"><div class=\"fusion-grid-column fusion-gallery-column fusion-gallery-column-3 hover-type-none fusion-grid-sizer\"><\/div><\/div><div class=\"fusion-separator fusion-full-width-sep\" style=\"align-self: center;margin-left: auto;margin-right: auto;margin-top:25px;width:100%;\"><\/div><div style=\"text-align:center;\"><style type=\"text\/css\">.fusion-button.button-1 {border-radius:0px;}<\/style><a class=\"fusion-button button-flat fusion-button-default-size button-default button-1 fusion-button-default-span fusion-button-default-type\" target=\"_self\" title=\"Hist\u00f3ria\" href=\"https:\/\/slspo.sk\/?p=3936\"><span class=\"fusion-button-text\">SP\u00c4\u0164 NA HIST\u00d3RIU<\/span><\/a><\/div><\/div><\/div><style type=\"text\/css\">.fusion-body .fusion-builder-column-0{width:100% !important;margin-top : 10px;margin-bottom : 10px;}.fusion-builder-column-0 > .fusion-column-wrapper {padding-top : 0px !important;padding-right : 0px !important;margin-right : 1.92%;padding-bottom : 0px !important;padding-left : 0px !important;margin-left : 1.92%;}@media only screen and (max-width:1024px) {.fusion-body .fusion-builder-column-0{width:100% !important;order : 0;}.fusion-builder-column-0 > .fusion-column-wrapper {margin-right : 1.92%;margin-left : 1.92%;}}@media only screen and (max-width:640px) {.fusion-body .fusion-builder-column-0{width:100% !important;order : 0;}.fusion-builder-column-0 > .fusion-column-wrapper {margin-right : 1.92%;margin-left : 1.92%;}}<\/style><\/div><style type=\"text\/css\">.fusion-body .fusion-flex-container.fusion-builder-row-1{ padding-top : 0px;margin-top : 0px;padding-right : 0px;padding-bottom : 0px;margin-bottom : 0px;padding-left : 0px;}<\/style><\/div>\n","protected":false},"parent":0,"template":"","class_list":["post-3981","te_announcements","type-te_announcements","status-publish","hentry"],"announcement_date":"Announcement Date: 1. septembra 1951","announcement_image":{"iframe":false,"url":"https:\/\/slspo.sk\/wp-content\/uploads\/2021\/08\/humenne1.jpg"},"yoast_head":"<!-- This site is optimized with the Yoast SEO plugin v27.5 - https:\/\/yoast.com\/product\/yoast-seo-wordpress\/ -->\n<title>1951 Humenn\u00e9 - vznik stredn\u00e9ho lesn\u00edckeho \u0161kolstva - Stredn\u00e1 odborn\u00e1 \u0161kola lesn\u00edcka v Pre\u0161ove<\/title>\n<meta name=\"robots\" content=\"index, follow, max-snippet:-1, max-image-preview:large, max-video-preview:-1\" \/>\n<link rel=\"canonical\" href=\"https:\/\/slspo.sk\/?te_announcements=1951-humenne-vznik-stredneho-lesnickeho-skolstva\" \/>\n<meta property=\"og:locale\" content=\"sk_SK\" \/>\n<meta property=\"og:type\" content=\"article\" \/>\n<meta property=\"og:title\" content=\"1951 Humenn\u00e9 - vznik stredn\u00e9ho lesn\u00edckeho \u0161kolstva - Stredn\u00e1 odborn\u00e1 \u0161kola lesn\u00edcka v Pre\u0161ove\" \/>\n<meta property=\"og:description\" content=\"V septembri 1951 zaznamen\u00e1vame vznik stredn\u00e9ho lesn\u00edckeho \u0161kolstva na v\u00fdchodnom Slovensku. Je to v\u00fdznamn\u00fd medzn\u00edk v hist\u00f3rii lesn\u00edckeho \u0161kolstva na v\u00fdchodnom Slovensku. Po\u017eiadavky na \u00faseku lesn\u00e9ho hospod\u00e1rstva sa neust\u00e1le zvy\u0161ovali, bolo preto potrebn\u00e9 zvy\u0161ova\u0165 kvalifikovanos\u0165 THP. Vy\u0161\u0161ia lesn\u00edcka \u0161kola v Banskej \u0160tiavnici bola jedinou strednou \u0161kolou na Slovensku, ktor\u00e1 nesta\u010dila pokry\u0165 po\u017eiadavky na po\u010det absolventov. Bolo rozhodnut\u00e9 o premene \u0160t\u00e1tnej lesn\u00edckej \u0161koly v Humennom na Vy\u0161\u0161iu lesn\u00edcku \u0161kolu Humenn\u00e9. V septembri 1951 okrem \u017eiakov prijat\u00fdch do 1. ro\u010dn\u00edka otv\u00e1raj\u00fa aj 2. ro\u010dn\u00edk pre uch\u00e1dza\u010dov z lesn\u00edckych u\u010d\u0148ovsk\u00fdch \u0161k\u00f4l po vykonan\u00ed diferen\u010dn\u00fdch sk\u00fa\u0161ok. Do 1. ro\u010dn\u00edka bolo prijat\u00fdch aj 6 diev\u010dat. V...\" \/>\n<meta property=\"og:url\" content=\"https:\/\/slspo.sk\/?te_announcements=1951-humenne-vznik-stredneho-lesnickeho-skolstva\" \/>\n<meta property=\"og:site_name\" content=\"Stredn\u00e1 odborn\u00e1 \u0161kola lesn\u00edcka v Pre\u0161ove\" \/>\n<meta property=\"article:publisher\" content=\"https:\/\/www.facebook.com\/soslesnicka\/\" \/>\n<meta property=\"article:modified_time\" content=\"2021-08-14T10:44:28+00:00\" \/>\n<meta property=\"og:image\" content=\"https:\/\/slspo.sk\/wp-content\/uploads\/2021\/08\/humenne1.jpg\" \/>\n\t<meta property=\"og:image:width\" content=\"312\" \/>\n\t<meta property=\"og:image:height\" content=\"191\" \/>\n\t<meta property=\"og:image:type\" content=\"image\/jpeg\" \/>\n<meta name=\"twitter:card\" content=\"summary_large_image\" \/>\n<meta name=\"twitter:label1\" content=\"Predpokladan\u00fd \u010das \u010d\u00edtania\" \/>\n\t<meta name=\"twitter:data1\" content=\"5 min\u00fat\" \/>\n<script type=\"application\/ld+json\" class=\"yoast-schema-graph\">{\"@context\":\"https:\\\/\\\/schema.org\",\"@graph\":[{\"@type\":\"WebPage\",\"@id\":\"https:\\\/\\\/slspo.sk\\\/?te_announcements=1951-humenne-vznik-stredneho-lesnickeho-skolstva\",\"url\":\"https:\\\/\\\/slspo.sk\\\/?te_announcements=1951-humenne-vznik-stredneho-lesnickeho-skolstva\",\"name\":\"1951 Humenn\u00e9 - vznik stredn\u00e9ho lesn\u00edckeho \u0161kolstva - Stredn\u00e1 odborn\u00e1 \u0161kola lesn\u00edcka v Pre\u0161ove\",\"isPartOf\":{\"@id\":\"https:\\\/\\\/slspo.sk\\\/#website\"},\"datePublished\":\"2021-08-14T07:51:21+00:00\",\"dateModified\":\"2021-08-14T10:44:28+00:00\",\"breadcrumb\":{\"@id\":\"https:\\\/\\\/slspo.sk\\\/?te_announcements=1951-humenne-vznik-stredneho-lesnickeho-skolstva#breadcrumb\"},\"inLanguage\":\"sk-SK\",\"potentialAction\":[{\"@type\":\"ReadAction\",\"target\":[\"https:\\\/\\\/slspo.sk\\\/?te_announcements=1951-humenne-vznik-stredneho-lesnickeho-skolstva\"]}]},{\"@type\":\"BreadcrumbList\",\"@id\":\"https:\\\/\\\/slspo.sk\\\/?te_announcements=1951-humenne-vznik-stredneho-lesnickeho-skolstva#breadcrumb\",\"itemListElement\":[{\"@type\":\"ListItem\",\"position\":1,\"name\":\"Domovsk\u00e1 str\u00e1nka\",\"item\":\"https:\\\/\\\/slspo.sk\\\/\"},{\"@type\":\"ListItem\",\"position\":2,\"name\":\"Timeline Express Announcements\",\"item\":\"https:\\\/\\\/slspo.sk\\\/?post_type=te_announcements\"},{\"@type\":\"ListItem\",\"position\":3,\"name\":\"1951 Humenn\u00e9 &#8211; vznik stredn\u00e9ho lesn\u00edckeho \u0161kolstva\"}]},{\"@type\":\"WebSite\",\"@id\":\"https:\\\/\\\/slspo.sk\\\/#website\",\"url\":\"https:\\\/\\\/slspo.sk\\\/\",\"name\":\"Stredn\u00e1 odborn\u00e1 \u0161kola lesn\u00edcka v Pre\u0161ove\",\"description\":\"Centrum odborn\u00e9ho vzdel\u00e1vania a pr\u00edpravy v lesn\u00edctve. \u0160kola je modernou vzdel\u00e1vacou in\u0161tit\u00faciou pon\u00fakaj\u00facou vzdel\u00e1vanie a v\u00fdchovu bud\u00facich mana\u017e\u00e9rov v oblasti lesn\u00edctva, po\u013eovn\u00edctva, \u010di ochrany pr\u00edrody a krajiny.\",\"publisher\":{\"@id\":\"https:\\\/\\\/slspo.sk\\\/#organization\"},\"potentialAction\":[{\"@type\":\"SearchAction\",\"target\":{\"@type\":\"EntryPoint\",\"urlTemplate\":\"https:\\\/\\\/slspo.sk\\\/?s={search_term_string}\"},\"query-input\":{\"@type\":\"PropertyValueSpecification\",\"valueRequired\":true,\"valueName\":\"search_term_string\"}}],\"inLanguage\":\"sk-SK\"},{\"@type\":\"Organization\",\"@id\":\"https:\\\/\\\/slspo.sk\\\/#organization\",\"name\":\"Stredn\u00e1 odborn\u00e1 \u0161kola lesn\u00edcka v Pre\u0161ove\",\"url\":\"https:\\\/\\\/slspo.sk\\\/\",\"logo\":{\"@type\":\"ImageObject\",\"inLanguage\":\"sk-SK\",\"@id\":\"https:\\\/\\\/slspo.sk\\\/#\\\/schema\\\/logo\\\/image\\\/\",\"url\":\"https:\\\/\\\/slspo.sk\\\/wp-content\\\/uploads\\\/2021\\\/12\\\/logo_slspo.png\",\"contentUrl\":\"https:\\\/\\\/slspo.sk\\\/wp-content\\\/uploads\\\/2021\\\/12\\\/logo_slspo.png\",\"width\":1306,\"height\":1128,\"caption\":\"Stredn\u00e1 odborn\u00e1 \u0161kola lesn\u00edcka v Pre\u0161ove\"},\"image\":{\"@id\":\"https:\\\/\\\/slspo.sk\\\/#\\\/schema\\\/logo\\\/image\\\/\"},\"sameAs\":[\"https:\\\/\\\/www.facebook.com\\\/soslesnicka\\\/\"]}]}<\/script>\n<!-- \/ Yoast SEO plugin. -->","yoast_head_json":{"title":"1951 Humenn\u00e9 - vznik stredn\u00e9ho lesn\u00edckeho \u0161kolstva - Stredn\u00e1 odborn\u00e1 \u0161kola lesn\u00edcka v Pre\u0161ove","robots":{"index":"index","follow":"follow","max-snippet":"max-snippet:-1","max-image-preview":"max-image-preview:large","max-video-preview":"max-video-preview:-1"},"canonical":"https:\/\/slspo.sk\/?te_announcements=1951-humenne-vznik-stredneho-lesnickeho-skolstva","og_locale":"sk_SK","og_type":"article","og_title":"1951 Humenn\u00e9 - vznik stredn\u00e9ho lesn\u00edckeho \u0161kolstva - Stredn\u00e1 odborn\u00e1 \u0161kola lesn\u00edcka v Pre\u0161ove","og_description":"V septembri 1951 zaznamen\u00e1vame vznik stredn\u00e9ho lesn\u00edckeho \u0161kolstva na v\u00fdchodnom Slovensku. Je to v\u00fdznamn\u00fd medzn\u00edk v hist\u00f3rii lesn\u00edckeho \u0161kolstva na v\u00fdchodnom Slovensku. Po\u017eiadavky na \u00faseku lesn\u00e9ho hospod\u00e1rstva sa neust\u00e1le zvy\u0161ovali, bolo preto potrebn\u00e9 zvy\u0161ova\u0165 kvalifikovanos\u0165 THP. Vy\u0161\u0161ia lesn\u00edcka \u0161kola v Banskej \u0160tiavnici bola jedinou strednou \u0161kolou na Slovensku, ktor\u00e1 nesta\u010dila pokry\u0165 po\u017eiadavky na po\u010det absolventov. Bolo rozhodnut\u00e9 o premene \u0160t\u00e1tnej lesn\u00edckej \u0161koly v Humennom na Vy\u0161\u0161iu lesn\u00edcku \u0161kolu Humenn\u00e9. V septembri 1951 okrem \u017eiakov prijat\u00fdch do 1. ro\u010dn\u00edka otv\u00e1raj\u00fa aj 2. ro\u010dn\u00edk pre uch\u00e1dza\u010dov z lesn\u00edckych u\u010d\u0148ovsk\u00fdch \u0161k\u00f4l po vykonan\u00ed diferen\u010dn\u00fdch sk\u00fa\u0161ok. Do 1. ro\u010dn\u00edka bolo prijat\u00fdch aj 6 diev\u010dat. V...","og_url":"https:\/\/slspo.sk\/?te_announcements=1951-humenne-vznik-stredneho-lesnickeho-skolstva","og_site_name":"Stredn\u00e1 odborn\u00e1 \u0161kola lesn\u00edcka v Pre\u0161ove","article_publisher":"https:\/\/www.facebook.com\/soslesnicka\/","article_modified_time":"2021-08-14T10:44:28+00:00","og_image":[{"width":312,"height":191,"url":"https:\/\/slspo.sk\/wp-content\/uploads\/2021\/08\/humenne1.jpg","type":"image\/jpeg"}],"twitter_card":"summary_large_image","twitter_misc":{"Predpokladan\u00fd \u010das \u010d\u00edtania":"5 min\u00fat"},"schema":{"@context":"https:\/\/schema.org","@graph":[{"@type":"WebPage","@id":"https:\/\/slspo.sk\/?te_announcements=1951-humenne-vznik-stredneho-lesnickeho-skolstva","url":"https:\/\/slspo.sk\/?te_announcements=1951-humenne-vznik-stredneho-lesnickeho-skolstva","name":"1951 Humenn\u00e9 - vznik stredn\u00e9ho lesn\u00edckeho \u0161kolstva - Stredn\u00e1 odborn\u00e1 \u0161kola lesn\u00edcka v Pre\u0161ove","isPartOf":{"@id":"https:\/\/slspo.sk\/#website"},"datePublished":"2021-08-14T07:51:21+00:00","dateModified":"2021-08-14T10:44:28+00:00","breadcrumb":{"@id":"https:\/\/slspo.sk\/?te_announcements=1951-humenne-vznik-stredneho-lesnickeho-skolstva#breadcrumb"},"inLanguage":"sk-SK","potentialAction":[{"@type":"ReadAction","target":["https:\/\/slspo.sk\/?te_announcements=1951-humenne-vznik-stredneho-lesnickeho-skolstva"]}]},{"@type":"BreadcrumbList","@id":"https:\/\/slspo.sk\/?te_announcements=1951-humenne-vznik-stredneho-lesnickeho-skolstva#breadcrumb","itemListElement":[{"@type":"ListItem","position":1,"name":"Domovsk\u00e1 str\u00e1nka","item":"https:\/\/slspo.sk\/"},{"@type":"ListItem","position":2,"name":"Timeline Express Announcements","item":"https:\/\/slspo.sk\/?post_type=te_announcements"},{"@type":"ListItem","position":3,"name":"1951 Humenn\u00e9 &#8211; vznik stredn\u00e9ho lesn\u00edckeho \u0161kolstva"}]},{"@type":"WebSite","@id":"https:\/\/slspo.sk\/#website","url":"https:\/\/slspo.sk\/","name":"Stredn\u00e1 odborn\u00e1 \u0161kola lesn\u00edcka v Pre\u0161ove","description":"Centrum odborn\u00e9ho vzdel\u00e1vania a pr\u00edpravy v lesn\u00edctve. \u0160kola je modernou vzdel\u00e1vacou in\u0161tit\u00faciou pon\u00fakaj\u00facou vzdel\u00e1vanie a v\u00fdchovu bud\u00facich mana\u017e\u00e9rov v oblasti lesn\u00edctva, po\u013eovn\u00edctva, \u010di ochrany pr\u00edrody a krajiny.","publisher":{"@id":"https:\/\/slspo.sk\/#organization"},"potentialAction":[{"@type":"SearchAction","target":{"@type":"EntryPoint","urlTemplate":"https:\/\/slspo.sk\/?s={search_term_string}"},"query-input":{"@type":"PropertyValueSpecification","valueRequired":true,"valueName":"search_term_string"}}],"inLanguage":"sk-SK"},{"@type":"Organization","@id":"https:\/\/slspo.sk\/#organization","name":"Stredn\u00e1 odborn\u00e1 \u0161kola lesn\u00edcka v Pre\u0161ove","url":"https:\/\/slspo.sk\/","logo":{"@type":"ImageObject","inLanguage":"sk-SK","@id":"https:\/\/slspo.sk\/#\/schema\/logo\/image\/","url":"https:\/\/slspo.sk\/wp-content\/uploads\/2021\/12\/logo_slspo.png","contentUrl":"https:\/\/slspo.sk\/wp-content\/uploads\/2021\/12\/logo_slspo.png","width":1306,"height":1128,"caption":"Stredn\u00e1 odborn\u00e1 \u0161kola lesn\u00edcka v Pre\u0161ove"},"image":{"@id":"https:\/\/slspo.sk\/#\/schema\/logo\/image\/"},"sameAs":["https:\/\/www.facebook.com\/soslesnicka\/"]}]}},"_links":{"self":[{"href":"https:\/\/slspo.sk\/index.php?rest_route=\/wp\/v2\/announcement\/3981","targetHints":{"allow":["GET"]}}],"collection":[{"href":"https:\/\/slspo.sk\/index.php?rest_route=\/wp\/v2\/announcement"}],"about":[{"href":"https:\/\/slspo.sk\/index.php?rest_route=\/wp\/v2\/types\/te_announcements"}],"wp:attachment":[{"href":"https:\/\/slspo.sk\/index.php?rest_route=%2Fwp%2Fv2%2Fmedia&parent=3981"}],"curies":[{"name":"wp","href":"https:\/\/api.w.org\/{rel}","templated":true}]}}