{"id":4374,"date":"2021-08-21T10:13:45","date_gmt":"2021-08-21T08:13:45","guid":{"rendered":"https:\/\/slspo.sk\/?page_id=4374"},"modified":"2021-08-21T10:20:19","modified_gmt":"2021-08-21T08:20:19","slug":"lesniciari-skoly","status":"publish","type":"page","link":"https:\/\/slspo.sk\/?page_id=4374","title":{"rendered":"Lesni\u010diari \u0161koly"},"content":{"rendered":"<p><div class=\"fusion-fullwidth fullwidth-box fusion-builder-row-1 fusion-flex-container nonhundred-percent-fullwidth non-hundred-percent-height-scrolling\" style=\"background-color: rgba(255,255,255,0);background-position: center center;background-repeat: no-repeat;border-width: 0px 0px 0px 0px;border-color:#e7e4e2;border-style:solid;\" ><div class=\"fusion-builder-row fusion-row fusion-flex-align-items-flex-start\" style=\"max-width:1331.2px;margin-left: calc(-4% \/ 2 );margin-right: calc(-4% \/ 2 );\"><div class=\"fusion-layout-column fusion_builder_column fusion-builder-column-0 fusion_builder_column_2_3 2_3 fusion-flex-column\"><div class=\"fusion-column-wrapper fusion-flex-justify-content-flex-start fusion-content-layout-column\" style=\"background-position:left top;background-repeat:no-repeat;-webkit-background-size:cover;-moz-background-size:cover;-o-background-size:cover;background-size:cover;padding: 0px 0px 0px 0px;\"><style type=\"text\/css\">@media only screen and (max-width:1024px) {.fusion-title.fusion-title-1{margin-top:10px!important;margin-bottom:20px!important;}}@media only screen and (max-width:640px) {.fusion-title.fusion-title-1{margin-top:10px!important;margin-bottom:20px!important;}}<\/style><div class=\"fusion-title title fusion-title-1 fusion-sep-none fusion-title-text fusion-title-size-two\" style=\"margin-top:10px;margin-bottom:20px;\"><h2 class=\"title-heading-left\" style=\"margin:0;\">LESNI\u010cIARSKE AKTUALITY<\/h2><\/div><div class=\"fusion-blog-shortcode fusion-blog-shortcode-1 fusion-blog-archive fusion-blog-layout-medium-alternate fusion-blog-pagination\"><div class=\"fusion-posts-container fusion-posts-container-pagination fusion-blog-rollover\" data-pages=\"1\"><article id=\"blog-1-post-8197\" class=\"fusion-post-medium-alternate post-8197 post type-post status-publish format-standard has-post-thumbnail hentry category-aktuality category-lesniciari\">\n<div class=\"fusion-date-and-formats\"><div class=\"fusion-date-box updated\"><span class=\"fusion-date\">10.<\/span><span class=\"fusion-month-year\">10. 2023<\/span><\/div><div class=\"fusion-format-box\"><i class=\"fusion-icon-pen\" aria-hidden=\"true\"><\/i><\/div><\/div>\t<style type=\"text\/css\">\n\t\t\n\t\t\n\t\t\n\t\t\n\t\t\t<\/style>\n\n\n\t\t\t<div class=\"fusion-flexslider flexslider fusion-flexslider-loading fusion-post-slideshow\" style=\"\">\n\t\t<ul class=\"slides\">\n\t\t\t\n\t\t\t\t\t\t\t\t\t\t\t\t\t\t<li>\n\n<div  class=\"fusion-image-wrapper fusion-image-size-fixed\" aria-haspopup=\"true\">\n\t\n\t\n\t\n\t\t\n\t\t\t\t\t<img decoding=\"async\" width=\"320\" height=\"202\" src=\"https:\/\/slspo.sk\/wp-content\/uploads\/2023\/10\/20231007_111354_index-320x202.jpg\" class=\"attachment-blog-medium size-blog-medium lazyload wp-post-image\" alt=\"ME v hre na lesnice a lesn\u00e9 rohy SUHL 2023\" srcset=\"data:image\/svg+xml,%3Csvg%20xmlns%3D%27http%3A%2F%2Fwww.w3.org%2F2000%2Fsvg%27%20width%3D%271236%27%20height%3D%27824%27%20viewBox%3D%270%200%201236%20824%27%3E%3Crect%20width%3D%271236%27%20height%3D%273824%27%20fill-opacity%3D%220%22%2F%3E%3C%2Fsvg%3E\" data-orig-src=\"https:\/\/slspo.sk\/wp-content\/uploads\/2023\/10\/20231007_111354_index-320x202.jpg\" data-srcset=\"https:\/\/slspo.sk\/wp-content\/uploads\/2023\/10\/20231007_111354_index-320x202.jpg 320w, https:\/\/slspo.sk\/wp-content\/uploads\/2023\/10\/20231007_111354_index-700x441.jpg 700w\" data-sizes=\"auto\" \/>\n\t\n\n\t\t<div class=\"fusion-rollover\">\n\t<div class=\"fusion-rollover-content\">\n\n\t\t\t\t\t\t\t\t\t\t\t\t\t\t<a class=\"fusion-rollover-link\" href=\"https:\/\/slspo.sk\/?p=8197\">Majstrovstv\u00e1 Eur\u00f3py v hre na lesnice a lesn\u00e9 rohy s na\u0161ou \u00fa\u010das\u0165ou<\/a>\n\t\t\t\n\t\t\t\t\t\t\t\t\t\t\t\t\t\t\n\t\t\t\t\t\t\t\t\n\t\t\t\t\t\t\t\t\t\t\t\t\t<div class=\"fusion-rollover-sep\"><\/div>\n\t\t\t\t\n\t\t\t\t\t\t\t\t\t\t\t\t\t\t\t\t\t\t<a class=\"fusion-rollover-gallery\" href=\"https:\/\/slspo.sk\/wp-content\/uploads\/2023\/10\/20231007_111354_index.jpg\" data-id=\"8197\" data-rel=\"iLightbox[gallery]\" data-title=\"ME v hre na lesnice a lesn\u00e9 rohy SUHL 2023\" data-caption=\"ME v hre na lesnice a lesn\u00e9 rohy SUHL 2023\">\n\t\t\t\t\t\tGallery\t\t\t\t\t<\/a>\n\t\t\t\t\t\t\t\t\t\t\t\t\t\t\n\t\t\t\t\n\t\t\t\t\t\t\t\t\n\t\t\t\t\t\t\t\t\n\t\t\n\t\t\t\t<a class=\"fusion-link-wrapper\" href=\"https:\/\/slspo.sk\/?p=8197\" aria-label=\"Majstrovstv\u00e1 Eur\u00f3py v hre na lesnice a lesn\u00e9 rohy s na\u0161ou \u00fa\u010das\u0165ou\"><\/a>\n\t<\/div>\n<\/div>\n\n\t\n<\/div>\n<\/li>\n\t\t\t\n\t\t\t\n\t\t\t\t\t\t\t\t\t\t\t\t\t\t\t\t\t\t\t\t\t\t\t\t\t\t\t\t\t\t\t\t\t\t\t\t\t\t\t\t\t\t\t\t\t\t\t\t\t\t\t\t\t\t\t\t\t\t\t\t\t\t\t\t\t\t\t\t<\/ul>\n\t<\/div>\n\t<div class=\"fusion-post-content post-content\"><h2 class=\"blog-shortcode-post-title entry-title\"><a href=\"https:\/\/slspo.sk\/?p=8197\">Majstrovstv\u00e1 Eur\u00f3py v hre na lesnice a lesn\u00e9 rohy s na\u0161ou \u00fa\u010das\u0165ou<\/a><\/h2><p class=\"fusion-single-line-meta\">Autor <span class=\"vcard\"><span class=\"fn\"><a href=\"https:\/\/slspo.sk\/?author=1\" title=\"Autor \u010dl\u00e1nku Adles\" rel=\"author\">Adles<\/a><\/span><\/span><span class=\"fusion-inline-sep\">|<\/span><span class=\"updated\" style=\"display:none;\">2024-09-25T13:57:45+02:00<\/span><span>10. okt\u00f3bra 2023<\/span><span class=\"fusion-inline-sep\">|<\/span><\/p><div class=\"fusion-post-content-container\"><p> ME v hre na lesnice a lesn\u00e9 rohy sa organizuj\u00fa ka\u017ed\u00fd nep\u00e1rny rok, 7.okt\u00f3bra 2023 sa konali v Nemecku v meste Suhl. S\u00fa\u0165a\u017eilo sa v dvoch kateg\u00f3ri\u00e1ch a to <a href=\"https:\/\/slspo.sk\/?p=8197\">[...]<\/a><\/p><\/div><\/div><div class=\"fusion-clearfix\"><\/div><div class=\"fusion-meta-info\"><div class=\"fusion-alignright\"><a class=\"fusion-read-more\" href=\"https:\/\/slspo.sk\/?p=8197\" aria-label=\"More on Majstrovstv\u00e1 Eur\u00f3py v hre na lesnice a lesn\u00e9 rohy s na\u0161ou \u00fa\u010das\u0165ou\">\u010c\u00edta\u0165 \u010falej<\/a><\/div><\/div><\/article>\n<article id=\"blog-1-post-5852\" class=\"fusion-post-medium-alternate post-5852 post type-post status-publish format-standard has-post-thumbnail hentry category-aktuality category-lesniciari\">\n<div class=\"fusion-date-and-formats\"><div class=\"fusion-date-box updated\"><span class=\"fusion-date\">21.<\/span><span class=\"fusion-month-year\">06. 2022<\/span><\/div><div class=\"fusion-format-box\"><i class=\"fusion-icon-pen\" aria-hidden=\"true\"><\/i><\/div><\/div>\t<style type=\"text\/css\">\n\t\t\n\t\t\n\t\t\n\t\t\n\t\t\t<\/style>\n\n\n\t\t\t<div class=\"fusion-flexslider flexslider fusion-flexslider-loading fusion-post-slideshow\" style=\"\">\n\t\t<ul class=\"slides\">\n\t\t\t\n\t\t\t\t\t\t\t\t\t\t\t\t\t\t<li>\n\n<div  class=\"fusion-image-wrapper fusion-image-size-fixed\" aria-haspopup=\"true\">\n\t\n\t\n\t\n\t\t\n\t\t\t\t\t<img decoding=\"async\" width=\"320\" height=\"202\" src=\"https:\/\/slspo.sk\/wp-content\/uploads\/2022\/06\/trubaci01-320x202.jpg\" class=\"attachment-blog-medium size-blog-medium lazyload wp-post-image\" alt=\"Na\u0161i truba\u010di \u00faspe\u0161n\u00ed v Go\u0142uchowe a v Div\u00edne\" srcset=\"data:image\/svg+xml,%3Csvg%20xmlns%3D%27http%3A%2F%2Fwww.w3.org%2F2000%2Fsvg%27%20width%3D%271044%27%20height%3D%27696%27%20viewBox%3D%270%200%201044%20696%27%3E%3Crect%20width%3D%271044%27%20height%3D%273696%27%20fill-opacity%3D%220%22%2F%3E%3C%2Fsvg%3E\" data-orig-src=\"https:\/\/slspo.sk\/wp-content\/uploads\/2022\/06\/trubaci01-320x202.jpg\" data-srcset=\"https:\/\/slspo.sk\/wp-content\/uploads\/2022\/06\/trubaci01-320x202.jpg 320w, https:\/\/slspo.sk\/wp-content\/uploads\/2022\/06\/trubaci01-700x441.jpg 700w\" data-sizes=\"auto\" \/>\n\t\n\n\t\t<div class=\"fusion-rollover\">\n\t<div class=\"fusion-rollover-content\">\n\n\t\t\t\t\t\t\t\t\t\t\t\t\t\t<a class=\"fusion-rollover-link\" href=\"https:\/\/slspo.sk\/?p=5852\">Na\u0161i truba\u010di \u00faspe\u0161n\u00ed v Go\u0142uchowe a v Div\u00edne<\/a>\n\t\t\t\n\t\t\t\t\t\t\t\t\t\t\t\t\t\t\n\t\t\t\t\t\t\t\t\n\t\t\t\t\t\t\t\t\t\t\t\t\t<div class=\"fusion-rollover-sep\"><\/div>\n\t\t\t\t\n\t\t\t\t\t\t\t\t\t\t\t\t\t\t\t\t\t\t<a class=\"fusion-rollover-gallery\" href=\"https:\/\/slspo.sk\/wp-content\/uploads\/2022\/06\/trubaci01.jpg\" data-id=\"5852\" data-rel=\"iLightbox[gallery]\" data-title=\"Na\u0161i truba\u010di \u00faspe\u0161n\u00ed v Go\u0142uchowe a v Div\u00edne\" data-caption=\"Na\u0161i truba\u010di \u00faspe\u0161n\u00ed v Go\u0142uchowe a v Div\u00edne\">\n\t\t\t\t\t\tGallery\t\t\t\t\t<\/a>\n\t\t\t\t\t\t\t\t\t\t\t\t\t\t\n\t\t\t\t\n\t\t\t\t\t\t\t\t\n\t\t\t\t\t\t\t\t\n\t\t\n\t\t\t\t<a class=\"fusion-link-wrapper\" href=\"https:\/\/slspo.sk\/?p=5852\" aria-label=\"Na\u0161i truba\u010di \u00faspe\u0161n\u00ed v Go\u0142uchowe a v Div\u00edne\"><\/a>\n\t<\/div>\n<\/div>\n\n\t\n<\/div>\n<\/li>\n\t\t\t\n\t\t\t\n\t\t\t\t\t\t\t\t\t\t\t\t\t\t\t\t\t\t\t\t\t\t\t\t\t\t\t\t\t\t\t\t\t\t\t\t\t\t\t\t\t\t\t\t\t\t\t\t\t\t\t\t\t\t\t\t\t\t\t\t\t\t\t\t\t\t\t\t<\/ul>\n\t<\/div>\n\t<div class=\"fusion-post-content post-content\"><h2 class=\"blog-shortcode-post-title entry-title\"><a href=\"https:\/\/slspo.sk\/?p=5852\">Na\u0161i truba\u010di \u00faspe\u0161n\u00ed v Go\u0142uchowe a v Div\u00edne<\/a><\/h2><p class=\"fusion-single-line-meta\">Autor <span class=\"vcard\"><span class=\"fn\"><a href=\"https:\/\/slspo.sk\/?author=1\" title=\"Autor \u010dl\u00e1nku Adles\" rel=\"author\">Adles<\/a><\/span><\/span><span class=\"fusion-inline-sep\">|<\/span><span class=\"updated\" style=\"display:none;\">2022-06-21T13:14:05+02:00<\/span><span>21. j\u00fana 2022<\/span><span class=\"fusion-inline-sep\">|<\/span><\/p><div class=\"fusion-post-content-container\"><p> V nede\u013eu 5. j\u00fana 2022 sa konal 8. ro\u010dn\u00edk s\u00fa\u0165a\u017ee v tr\u00faben\u00ed po\u013eovn\u00edckych sign\u00e1lov a po\u013eovn\u00edckej hudby v po\u013eskom meste Go\u0142uchow. Na toto podujatie dostala pozv\u00e1nku aj SO\u0160 lesn\u00edcka <a href=\"https:\/\/slspo.sk\/?p=5852\">[...]<\/a><\/p><\/div><\/div><div class=\"fusion-clearfix\"><\/div><div class=\"fusion-meta-info\"><div class=\"fusion-alignright\"><a class=\"fusion-read-more\" href=\"https:\/\/slspo.sk\/?p=5852\" aria-label=\"More on Na\u0161i truba\u010di \u00faspe\u0161n\u00ed v Go\u0142uchowe a v Div\u00edne\">\u010c\u00edta\u0165 \u010falej<\/a><\/div><\/div><\/article>\n<article id=\"blog-1-post-3821\" class=\"fusion-post-medium-alternate post-3821 post type-post status-publish format-standard has-post-thumbnail hentry category-aktuality category-lesniciari\">\n<div class=\"fusion-date-and-formats\"><div class=\"fusion-date-box updated\"><span class=\"fusion-date\">27.<\/span><span class=\"fusion-month-year\">06. 2021<\/span><\/div><div class=\"fusion-format-box\"><i class=\"fusion-icon-pen\" aria-hidden=\"true\"><\/i><\/div><\/div>\t<style type=\"text\/css\">\n\t\t\n\t\t\n\t\t\n\t\t\n\t\t\t<\/style>\n\n\n\t\t\t<div class=\"fusion-flexslider flexslider fusion-flexslider-loading fusion-post-slideshow\" style=\"\">\n\t\t<ul class=\"slides\">\n\t\t\t\n\t\t\t\t\t\t\t\t\t\t\t\t\t\t<li>\n\n<div  class=\"fusion-image-wrapper fusion-image-size-fixed\" aria-haspopup=\"true\">\n\t\n\t\n\t\n\t\t\n\t\t\t\t\t<img decoding=\"async\" width=\"320\" height=\"202\" src=\"https:\/\/slspo.sk\/wp-content\/uploads\/2021\/08\/plana2-320x202.jpg\" class=\"attachment-blog-medium size-blog-medium lazyload wp-post-image\" alt=\"\" srcset=\"data:image\/svg+xml,%3Csvg%20xmlns%3D%27http%3A%2F%2Fwww.w3.org%2F2000%2Fsvg%27%20width%3D%271200%27%20height%3D%27900%27%20viewBox%3D%270%200%201200%20900%27%3E%3Crect%20width%3D%271200%27%20height%3D%273900%27%20fill-opacity%3D%220%22%2F%3E%3C%2Fsvg%3E\" data-orig-src=\"https:\/\/slspo.sk\/wp-content\/uploads\/2021\/08\/plana2-320x202.jpg\" data-srcset=\"https:\/\/slspo.sk\/wp-content\/uploads\/2021\/08\/plana2-320x202.jpg 320w, https:\/\/slspo.sk\/wp-content\/uploads\/2021\/08\/plana2-700x441.jpg 700w\" data-sizes=\"auto\" \/>\n\t\n\n\t\t<div class=\"fusion-rollover\">\n\t<div class=\"fusion-rollover-content\">\n\n\t\t\t\t\t\t\t\t\t\t\t\t\t\t<a class=\"fusion-rollover-link\" href=\"https:\/\/slspo.sk\/?p=3821\">Slovensk\u00ed truba\u010di s\u00fa\u0165a\u017eili v \u010ceskej republike<\/a>\n\t\t\t\n\t\t\t\t\t\t\t\t\t\t\t\t\t\t\n\t\t\t\t\t\t\t\t\n\t\t\t\t\t\t\t\t\t\t\t\t\t<div class=\"fusion-rollover-sep\"><\/div>\n\t\t\t\t\n\t\t\t\t\t\t\t\t\t\t\t\t\t\t\t\t\t\t<a class=\"fusion-rollover-gallery\" href=\"https:\/\/slspo.sk\/wp-content\/uploads\/2021\/08\/plana2.jpg\" data-id=\"3821\" data-rel=\"iLightbox[gallery]\" data-title=\"plana2\" data-caption=\"\">\n\t\t\t\t\t\tGallery\t\t\t\t\t<\/a>\n\t\t\t\t\t\t\t\t\t\t\t\t\t\t\n\t\t\t\t\n\t\t\t\t\t\t\t\t\n\t\t\t\t\t\t\t\t\n\t\t\n\t\t\t\t<a class=\"fusion-link-wrapper\" href=\"https:\/\/slspo.sk\/?p=3821\" aria-label=\"Slovensk\u00ed truba\u010di s\u00fa\u0165a\u017eili v \u010ceskej republike\"><\/a>\n\t<\/div>\n<\/div>\n\n\t\n<\/div>\n<\/li>\n\t\t\t\n\t\t\t\n\t\t\t\t\t\t\t\t\t\t\t\t\t\t\t\t\t\t\t\t\t\t\t\t\t\t\t\t\t\t\t\t\t\t\t\t\t\t\t\t\t\t\t\t\t\t\t\t\t\t\t\t\t\t\t\t\t\t\t\t\t\t\t\t\t\t\t\t<\/ul>\n\t<\/div>\n\t<div class=\"fusion-post-content post-content\"><h2 class=\"blog-shortcode-post-title entry-title\"><a href=\"https:\/\/slspo.sk\/?p=3821\">Slovensk\u00ed truba\u010di s\u00fa\u0165a\u017eili v \u010ceskej republike<\/a><\/h2><p class=\"fusion-single-line-meta\">Autor <span class=\"vcard\"><span class=\"fn\"><a href=\"https:\/\/slspo.sk\/?author=1\" title=\"Autor \u010dl\u00e1nku Adles\" rel=\"author\">Adles<\/a><\/span><\/span><span class=\"fusion-inline-sep\">|<\/span><span class=\"updated\" style=\"display:none;\">2021-08-21T09:50:39+02:00<\/span><span>27. j\u00fana 2021<\/span><span class=\"fusion-inline-sep\">|<\/span><\/p><div class=\"fusion-post-content-container\"><p> V silnej konkurencii sme obst\u00e1li ve\u013emi dobre!  V sobotu 5. j\u00fana 2021 sa konal v\u00a0Planej nad Lu\u017enic\u00ed\u00a0v \u010ceskej republike u\u017e 6. ro\u010dn\u00edk\u00a0\u010ceskoslovenskej s\u00fa\u0165a\u017ee v hre na lesnicu a <a href=\"https:\/\/slspo.sk\/?p=3821\">[...]<\/a><\/p><\/div><\/div><div class=\"fusion-clearfix\"><\/div><div class=\"fusion-meta-info\"><div class=\"fusion-alignright\"><a class=\"fusion-read-more\" href=\"https:\/\/slspo.sk\/?p=3821\" aria-label=\"More on Slovensk\u00ed truba\u010di s\u00fa\u0165a\u017eili v \u010ceskej republike\">\u010c\u00edta\u0165 \u010falej<\/a><\/div><\/div><\/article>\n<\/div><\/div><div class=\"fusion-separator fusion-full-width-sep\" style=\"align-self: center;margin-left: auto;margin-right: auto;margin-top:5px;width:100%;\"><\/div><style type=\"text\/css\">@media only screen and (max-width:1024px) {.fusion-title.fusion-title-2{margin-top:10px!important;margin-bottom:20px!important;}}@media only screen and (max-width:640px) {.fusion-title.fusion-title-2{margin-top:10px!important;margin-bottom:20px!important;}}<\/style><div class=\"fusion-title title fusion-title-2 fusion-sep-none fusion-title-text fusion-title-size-two\" style=\"margin-top:10px;margin-bottom:20px;\"><h2 class=\"title-heading-left\" style=\"margin:0;\">KTO S\u00da LESNI\u010cIARI?<\/h2><\/div><div class=\"fusion-text fusion-text-1\" style=\"transform:translate3d(0,0,0);\"><p>Po\u013eovn\u00edcke sign\u00e1ly patria medzi zvyklosti a oby\u010daje, s ktor\u00fdmi sa \u017eiaci oboznamuj\u00fa nielen v teoretickej , ale aj v praktickej podobe. Ich zvuky zneli na \u0161kole od roku p\u00f4sobenia \u0161koly v Pre\u0161ove, teda od roku. 1964. Hrali sa predov\u0161etk\u00fdm na spolo\u010dn\u00fdch po\u013eova\u010dk\u00e1ch organizovan\u00fdch \u0161kolou, nech\u00fdbali na sl\u00e1vnosti otvorenia \u0161kolsk\u00e9ho roku, ani na maturitn\u00fdch sk\u00fa\u0161kach. Ich prejav bol v za\u010diatkoch spont\u00e1nny (hrala sa vlastn\u00e1 tvorba, alebo prevzat\u00e9 \u010desk\u00e9 po\u013eovn\u00edcke sign\u00e1ly), prednesen\u00fd nad\u0161encami zo strany \u017eiakov. Spom\u00ednam si na men\u00e1 niektor\u00fdch spolu\u017eiakov: Roman, Trella, Micenko, Kol\u00e1r\u010dik, Viskup, Stoklas, Olexa. Kvalitat\u00edvny zlom v rozvoji lesni\u010diarstva nast\u00e1l na \u0161kole v roku 1986, pr\u00edchodom Ing. Jozefa Da\u0148ka. V roku 1987 sa stal ved\u00facim kr\u00fa\u017eku. Od toho ist\u00e9ho roku sa pravidelne \u017eiaci z\u00fa\u010dast\u0148ovali pod jeho veden\u00edm celoslovensk\u00fdch s\u00fa\u0165a\u017ei v hre na lesnicu. Od roku 2001 vystupuj\u00fa na po\u013eovn\u00edckych podujatiach aj v zahrani\u010d\u00ed a to v Po\u013esku a \u010cesku.<\/p>\n<p style=\"text-align: left;\">Ako z predch\u00e1dzaj\u00faceho textu vypl\u00fdva, kr\u00fa\u017eok lesni\u010diarov m\u00e1 na SL\u0160 dlhoro\u010dn\u00fa trad\u00edciu, ale a\u017e v posledn\u00fdch rokoch sa podarilo udr\u017ea\u0165 kontinuitu, tak\u017ee za odch\u00e1dzaj\u00facimi absolventmi \u0161koly nastupuj\u00fa \u017eiaci ni\u017e\u0161\u00edch ro\u010dn\u00edkov. V\u00fdznam kr\u00fa\u017eku lesni\u010diarov spo\u010d\u00edva v tom, \u017ee \u017eiaci si osvoja hru na hudobn\u00fd n\u00e1stroj a z\u00e1rove\u0148 sa u\u010dia kultivovan\u00e9mu spr\u00e1vaniu na verejnosti pri svojich vyst\u00fapeniach. V neposlednej miere z\u00edskavaj\u00fa tie\u017e estetick\u00e9 z\u00e1\u017eitky i \u00factu k po\u013eovn\u00edckym trad\u00edci\u00e1m.<\/p>\n<p style=\"text-align: right;\"><em>Ing. Miroslav Fuchs, PhD.<\/em><\/p>\n<\/div><div class=\"fusion-separator fusion-full-width-sep\" style=\"align-self: center;margin-left: auto;margin-right: auto;margin-top:5px;width:100%;\"><\/div><style type=\"text\/css\">@media only screen and (max-width:1024px) {.fusion-title.fusion-title-3{margin-top:10px!important;margin-bottom:20px!important;}}@media only screen and (max-width:640px) {.fusion-title.fusion-title-3{margin-top:10px!important;margin-bottom:20px!important;}}<\/style><div class=\"fusion-title title fusion-title-3 fusion-sep-none fusion-title-text fusion-title-size-two\" style=\"margin-top:10px;margin-bottom:20px;\"><h2 class=\"title-heading-left\" style=\"margin:0;\">\u00daspechy na\u0161ich lesni\u010diarov<\/h2><\/div><style type=\"text\/css\">#accordion-3821-1 .fusion-panel:hover, #accordion-3821-1 .fusion-panel.hover{ background-color: #ffffff } #accordion-3821-1 .fusion-panel { border-color:#e7e4e2; border-width:0px; background-color:#ffffff; }.fusion-accordian  #accordion-3821-1 .panel-title a .fa-fusion-box{ color: #87a32a;}.fusion-accordian  #accordion-3821-1 .panel-title a .fa-fusion-box:before{ font-size: 25px; width: 25px;}.fusion-accordian  #accordion-3821-1 .panel-title a{font-size:15px;}.fusion-accordian  #accordion-3821-1 .panel-title a:hover, #accordion-3821-1 .fusion-toggle-boxed-mode:hover .panel-title a { color: #6d8422;}.fusion-accordian  #accordion-3821-1 .fusion-toggle-boxed-mode:hover .panel-title a .fa-fusion-box{ color: #6d8422;}.fusion-accordian  #accordion-3821-1.fusion-toggle-icon-unboxed .fusion-panel .panel-title a:hover .fa-fusion-box{ color: #6d8422 !important;}<\/style><div class=\"accordian fusion-accordian\"><div class=\"panel-group fusion-toggle-icon-unboxed\" id=\"accordion-3821-1\" role=\"tablist\"><div class=\"fusion-panel panel-default fusion-toggle-no-divider fusion-toggle-boxed-mode\" role=\"tabpanel\"><div class=\"panel-heading\"><h4 class=\"panel-title toggle\"><a aria-expanded=\"false\" aria-selected=\"false\" aria-controls=\"7c0d592ed7798a044\" role=\"tab\" data-toggle=\"collapse\" data-target=\"#7c0d592ed7798a044\" href=\"#7c0d592ed7798a044\"><span class=\"fusion-toggle-icon-wrapper\" aria-hidden=\"true\"><i class=\"fa-fusion-box\" aria-hidden=\"true\"><\/i><\/span><span class=\"fusion-toggle-heading\">\u00daspechy na\u0161ich lesni\u010diarov<\/span><\/a><\/h4><\/div><div id=\"7c0d592ed7798a044\" class=\"panel-collapse collapse \"><div class=\"panel-body toggle-content fusion-clearfix\">\n<p>Hist\u00f3ria lesni\u010diarstva na Strednej lesn\u00edckej \u0161kole v Pre\u0161ovePo\u013eovn\u00edcke sign\u00e1ly patria medzi zvyklosti a oby\u010daje, s ktor\u00fdmi sa \u017eiaci oboznamuj\u00fa nielenv teoretickej , ale aj v praktickej podobe. Ich zvuky zneli na \u0161kole od roku p\u00f4sobenia \u0161kolyv Pre\u0161ove, teda od roku. 1964. Hrali sa predov\u0161etk\u00fdm na spolo\u010dn\u00fdch po\u013eova\u010dk\u00e1chorganizovan\u00fdch \u0161kolou, nech\u00fdbali na sl\u00e1vnosti otvorenia \u0161kolsk\u00e9ho roku, ani na maturitn\u00fdchsk\u00fa\u0161kach. Ich prejav bol v za\u010diatkoch spont\u00e1nny(hrala sa vlastn\u00e1 tvorba, alebo prevzat\u00e9 \u010desk\u00e9po\u013eovn\u00edcke sign\u00e1ly) , prednesen\u00fd nad\u0161encami zo strany \u017eiakov. Spom\u00ednam si na men\u00e1niektor\u00fdch spolu\u017eiakov: Roman, Trella, Micenko, Kol\u00e1r\u010dik, Viskup, Stoklas, Olexa.Kvalitat\u00edvny zlom v rozvoji lesni\u010diarstva nast\u00e1l na \u0161kole v roku 1986, pr\u00edchodom Ing. JozefaDa\u0148ka.V roku 1987 sa stal ved\u00facim kr\u00fa\u017eku. Od toho ist\u00e9ho roku sa pravidelne \u017eiaci z\u00fa\u010dast\u0148ovali podjeho veden\u00edm celoslovensk\u00fdch s\u00fa\u0165a\u017ei v hre na lesnicu .Od roku 2001 vystupuj\u00fa napo\u013eovn\u00edckych podujatiach aj v zahrani\u010d\u00ed a to v Po\u013esku a \u010cesku.<\/p>\n<p><strong>V\u00fdsledky:<\/strong><\/p>\n<p>1988-Pov\u00e1\u017eska Bystrica<br \/>\nkateg\u00f3ria do 20 rokov<br \/>\n1.miesto: Mikul\u00e1\u0161 Komanick\u00fd<br \/>\n3.miesto: Daniel Lechman<\/p>\n<p>kateg\u00f3ria s\u00faborov<br \/>\n3.miesto: Ing.Da\u0148ko, Mikul\u00e1\u0161 Komanick\u00fd, Daniel Lechman1989-Belu\u0161sk\u00e9 Slatiny<\/p>\n<p>kateg\u00f3ria do 20 rokov<br \/>\n1.miesto: Mikul\u00e1\u0161 Komanick\u00fd<br \/>\n2.miesto: Daniel Lechman<\/p>\n<p>kateg\u00f3ria s\u00faborov<br \/>\n2.miesto: Jaroslav Le\u0161tach, Martin Ha\u013eko, Martin Len\u010fak<br \/>\n3.miesto: Ing.Da\u0148ko, Mikul\u00e1\u0161 Komanick\u00fd, Daniel Lechman<\/p>\n<p>1990-Pov\u00e1\u017eska Bystrica<\/p>\n<p>kateg\u00f3ria do 20 rokov<br \/>\n3.miesto: Mikul\u00e1\u0161 Komanick\u00fd<\/p>\n<p>kateg\u00f3ria s\u00faborov<br \/>\n1.miesto: Ing.Da\u0148ko, Mikul\u00e1\u0161 Komanick\u00fd, Martin Len\u010fak<\/p>\n<p>1991-Antol<\/p>\n<p>kateg\u00f3ria do 20 rokov<br \/>\n1.miesto: Michal Novotniak<\/p>\n<p>kateg\u00f3ria s\u00faborov<br \/>\n2.miesto: Michal Novotniak, Martin Ha\u013eko, Slavo Koc\u00edk<\/p>\n<p>1992-Antol<\/p>\n<p>kateg\u00f3ria do 20 rokov<br \/>\n2.miesto: Michal Novotniak<br \/>\n3.miesto: Slavom\u00edr Koc\u00edk<\/p>\n<p>kateg\u00f3ria nad 20 rokov<br \/>\n2.miesto: Du\u0161an Hulvej<br \/>\n3.miesto: Mikul\u00e1\u0161 Komanick\u00fd<\/p>\n<p>kateg\u00f3ria s\u00faborov<br \/>\n2.miesto: Ing.Da\u0148ko, Mikul\u00e1\u0161 Komanick\u00fd, Martin Len\u010fak<\/p>\n<p>1993-Antol<\/p>\n<p>kateg\u00f3ria s\u00faborov<br \/>\n3.miesto: Ing.Da\u0148ko, Mikul\u00e1\u0161 Komanick\u00fd, Martin Len\u010fak<\/p>\n<p>1994-Antol<\/p>\n<p>kateg\u00f3ria do 20 rokov<br \/>\n2.miesto: Peter Lichv\u00e1r<\/p>\n<p>kateg\u00f3ria nad 20 rokov<br \/>\n3.miesto: Mikul\u00e1\u0161 Komanick\u00fd<\/p>\n<p>kateg\u00f3ria s\u00faborov<br \/>\n1.miesto: Ing.Da\u0148ko, Mikul\u00e1\u0161 Komanick\u00fd, Martin Len\u010fak<\/p>\n<p>1995-Antol<\/p>\n<p>kateg\u00f3ria s\u00faborov<br \/>\n3.miesto: Ing.Da\u0148ko, Mikul\u00e1\u0161 Komanick\u00fd, Martin Len\u010fak<\/p>\n<p>1996-Prusk\u00e9<\/p>\n<p>kateg\u00f3ria do 20 rokov<br \/>\n2.miesto: Marcel Gedra<\/p>\n<p>kateg\u00f3ria s\u00faborov<br \/>\n3.miesto: Ing.Da\u0148ko, Mikul\u00e1\u0161 Komanick\u00fd, Martin Len\u010fak<\/p>\n<p>1997-Vy\u0161n\u00e9 Ru\u017ebachy<\/p>\n<p>kateg\u00f3ria do 20 rokov<br \/>\n2.miesto: Pavol Porack\u00fd<\/p>\n<p>kateg\u00f3ria nad 20 rokov<br \/>\n3.miesto: Mikul\u00e1\u0161 Komanick\u00fd<\/p>\n<p>kateg\u00f3ria s\u00faborov<br \/>\n1.miesto: Ing.Da\u0148ko, Mikul\u00e1\u0161 Komanick\u00fd, Du\u0161an Hulvej<\/p>\n<p>kateg\u00f3ria vo\u013en\u00e1 tvorba<br \/>\n3.miesto: Ing.Da\u0148ko,Komanick\u00fd, Hulvej,Micenko,Porack\u00fd,<\/p>\n<p>1998-Gab\u010d\u00edkovo<\/p>\n<p>kateg\u00f3ria do 20 rokov<br \/>\n1.miesto: Pavol Porack\u00fd<\/p>\n<p>kateg\u00f3ria nad 20 rokov<br \/>\n3.miesto: Du\u0161an Hulvej<\/p>\n<p>kateg\u00f3ria s\u00faborov<br \/>\n3.miesto: Ing.Da\u0148ko, Marek \u010cevela, Du\u0161an Hulvej<\/p>\n<p>kateg\u00f3ria vo\u013en\u00e1 tvorba<br \/>\n3.miesto: Ing.Da\u0148ko, Hulvej<\/p>\n<p>1999-Bojnice<\/p>\n<p>kateg\u00f3ria do 20 rokov<br \/>\n2.miesto: Pavol Porack\u00fd<br \/>\n3.miesto: Miroslav Mac\u00edk<\/p>\n<p>kateg\u00f3ria s\u00faborov<br \/>\n3.miesto: Ing.Da\u0148ko, Komanick\u00fd, Du\u0161an Hulvej<\/p>\n<p>2000-Nitra<\/p>\n<p>kateg\u00f3ria do 20 rokov<br \/>\n1.miesto: Tom\u00e1\u0161 Vorobe\u013e<\/p>\n<p>kateg\u00f3ria s\u00faborov<br \/>\n2.miesto: Ing.Da\u0148ko, Komanick\u00fd, Du\u0161an Hulvej<\/p>\n<p>2001-Bansk\u00e1 \u0160tiavnica<\/p>\n<p>kateg\u00f3ria do 20 rokov<br \/>\n2.miesto: Tom\u00e1\u0161 Vorobe\u013e<\/p>\n<p>kateg\u00f3ria nad 20 rokov<br \/>\n3.miesto: Du\u0161an Hulvej<\/p>\n<p>kateg\u00f3ria s\u00faborov<br \/>\n3.miesto: Ing.Da\u0148ko, Ing.Komanick\u00fd, Du\u0161an Hulvej<\/p>\n<p>2002-Pre\u0161ov<\/p>\n<p>kateg\u00f3ria do 20 rokov<br \/>\n3.miesto: Pavol Belina<\/p>\n<p>kateg\u00f3ria nad 20 rokov<br \/>\n3.miesto: Du\u0161an Hulvej<\/p>\n<p>kateg\u00f3ria vo\u013en\u00e1 tvorba<br \/>\n3.miesto: J\u00e1n Trochca,,Pavol Belina, R\u00f3bert Ivan<\/p>\n<p>2003-Trebi\u0161ov<\/p>\n<p>kateg\u00f3ria do 20 rokov<br \/>\n2.miesto: Pavol Belina<\/p>\n<p>kateg\u00f3ria s\u00faborov<br \/>\n2.miesto: Ing.Da\u0148ko, Ing.Komanick\u00fd, Du\u0161an Hulvej<\/p>\n<p>kateg\u00f3ria vo\u013en\u00e1 tvorba<br \/>\n2.miesto: Ing.Da\u0148ko,Du\u0161an Hulvej, Ing.Komanick\u00fd,Pavol Belina, R\u00f3bert Ivan<\/p>\n<p>2004-24.4.-25.4 Kyn\u017evart \u010cesko Medzin\u00e1rodn\u00e1 s\u00fa\u0165a\u017e<br \/>\n11. miesto s\u00fabor lesni\u010diarov SL\u0160 Pre\u0161ov v zlo\u017een\u00ed: Ing. Da\u0148ko, Ing. Komanick\u00fd, Hulvej,Belina, Kromka, Ku\u0161m\u00edrek, Ki\u010dura.<\/p>\n<p>2004-Poprad<\/p>\n<p>kateg\u00f3ria do 20 rokov<br \/>\n3.miesto: Pavol Belina<\/p>\n<p>kateg\u00f3ria s\u00faborov<br \/>\n2.miesto: Ing.Da\u0148ko, Ing.Komanick\u00fd, Du\u0161an Hulvej<br \/>\n3.miesto: Luk\u00e1\u0161 Kromka,Jozef Ku\u0161m\u00edrek, Ladislav Ki\u010dura<\/p>\n<p>kateg\u00f3ria vo\u013en\u00e1 tvorba<br \/>\n2.miesto: Luk\u00e1\u0161 Kromka,Jozef Ku\u0161m\u00edrek, Ladislav Ki\u010dura ,Pavol Belina,Michal Tom\u010d\u00edk<\/p>\n<p>2005 Liptovsk\u00fd Hr\u00e1dok 3.j\u00fana<\/p>\n<p>kateg\u00f3ria do 20 rokov<br \/>\n1.miesto Luk\u00e1\u0161 Kromka<br \/>\n4. miesto Mat\u00fa\u0161 Chovanec<br \/>\n5. miesto Ladislav Ki\u010dura<\/p>\n<p>kateg\u00f3ria jednotlivcov nad 20 rokov<br \/>\n3. miesto Du\u0161an Hulvej<\/p>\n<p>kateg\u00f3ria s\u00fabory<br \/>\n1.miesto \u0160rgO SPZ Pre\u0161ov Ing. Da\u0148ko, Ing. Komanick\u00fd, Hulvej<br \/>\n3. miesto SL\u0160 Pre\u0161ov Ki\u010dura, Kromka, Ku\u0161m\u00edrek<\/p>\n<p>kateg\u00f3ria vo\u013en\u00e1<br \/>\n1. miesto \u0160rgo SPZ Pre\u0161ov Ing. Da\u0148ko, Ing. Komanick\u00fd, Hulvej<\/p>\n<p>Le\u017eajsk 1.2.10 2005 Po\u013esko 7.ro\u010dn\u00edk Medzin\u00e1rodn\u00fd festival lowiecky<br \/>\n\u00da\u010das\u0165 s\u00faboru SL\u0160 v Pre\u0161ove v zlo\u017een\u00ed: Ing. Da\u0148ko, Ing. Komanick\u00fd, Hulvej, Mat\u00fa\u0161Chovanec, Peter Gera<\/p>\n<p>2006 Kladsk\u00e1 Marianske L\u00e1zne 10.6.2006<br \/>\n\u00da\u010das\u0165 s\u00faboru lesni\u010diariov SL\u0160 a \u0160RO SPZ Pre\u0161ov na 12. medzin\u00e1rodnej s\u00fa\u0165a\u017ei lesni\u010diarovv zlo\u017een\u00ed: Ing.Da\u0148ko, Ing.Komanick\u00fd, Hulvej, Chovanec Matu\u0161, Lenik Dano, Gera Peter<\/p>\n<p>2006 Malacky 22.6.200629. ro\u010dn\u00edk Celoslovenskej s\u00b4\u0165a\u017ee v hre na lesnicu<\/p>\n<p>Kateg\u00f3ria nad 20 rokov<br \/>\n2.miesto Du\u0161an Hulvej<\/p>\n<p>Kateg\u00f3ria s\u00faborov povinn\u00e9 skladby<br \/>\n2. miesto Ing. Da\u0148ko, Ing. Komanick\u00fd, Hulvej Du\u0161an<\/p>\n<p>Kateg\u00f3ria s\u00fabory vo\u013en\u00e9 skladby<br \/>\n1. miesto Ing. Da\u0148ko, Ing. Komanick\u00fd, Du\u0161an Hulvej zo \u0161koly boli \u017eiaci: Mat\u00fa\u0161 Chovanec, Peter Gera, Dano Len\u00edk,<\/p>\n<p>2006 \u010cierny Balog 7.7.2006 Otvorenie a \u00fa\u010das\u0165 na 5.ro\u010dn\u00edku D\u0148a stromuIng. Da\u0148ko, Ing. Komanick\u00fd, Hulvej<\/p>\n<p>Le\u017eajsk 29.30.9. 2006 Po\u013esko 8.ro\u010dn\u00edk Medzin\u00e1rodn\u00fd festival lowiecky\u00da\u010das\u0165 s\u00faboru SL\u0160 v Pre\u0161ove v zlo\u017een\u00ed: Ing. Da\u0148ko, Ing. Komanick\u00fd, Hulvej, Mat\u00fa\u0161Chovanec, Peter Gera, Daniel Len\u00edk, Matej Re\u013eovsk\u00fd, Radovan Szabo. Z\u00edskanie ceny Grand prix za najlep\u0161\u00ed v\u00fdkon.<\/p>\n<p>Bansk\u00e1 Bystrica 16.6.2007<\/p>\n<p>Kateg\u00f3ria jednotlivcov do 20 rokov- A<br \/>\n1.miesto: Radom\u00edr Szabo \u2013 SL\u0160 Pre\u0161ov<br \/>\n2.miesto: Luk\u00e1\u0161 Hulka \u2013 TU Zvolen<br \/>\n3.miesto: Matej Filick\u00fd \u2013 SL\u0160 Liptovsk\u00fd Hr\u00e1dok<\/p>\n<p>Kateg\u00f3ria jednotlivcov nad 20 rokov -B<br \/>\n1.miesto: Jozef Marti\u0161- OKO SPZ Prievidza<br \/>\n2.miesto: Mari\u00e1n Bugo\u0161-OKO SPZ Ko\u0161ice<br \/>\n3.miesto: Jozef Benkovi\u010d \u2013 OkO SPZ Malacky<\/p>\n<p>Kateg\u00f3ria s\u00faborov &#8211; C<br \/>\n1.miesto: \u0160RO SPZ Pre\u0161ov- Ing. J. Da\u0148ko, Ing. M. Komanick\u00fd, D. Hulvej<br \/>\n2.miesto: SL\u0160 Liptovsk\u00fd Hr\u00e1dok- Ing. M. Olos, Ing. E. Hatiar, V. Vallov\u00e1, M. Bobr\u00edkov\u00e1, M.Filick\u00fd<br \/>\n3.miesto:LESY SR \u0161.p. Bansk\u00e1 Bystrica \u2013 Ing. L. Hankov\u00e1, Ing. M. Hanko, Ing. M. Mac\u00edk<\/p>\n<p>Kateg\u00f3ria vo\u013en\u00e1 &#8211; D<br \/>\n1.miesto: OKO SPZ Ko\u0161ice &#8211; Mari\u00e1n Bugo\u0161, Michal Tom\u010d\u00edk<br \/>\n2.miesto: SL\u0160 Pre\u0161ov &#8211; Radom\u00edr Szabo, Matej Re\u013eovsk\u00fd, Daniel Len\u00edk, Mat\u00fa\u0161 Chovanec<br \/>\n3.miesto OKO SPZ Malacky \u2013 Jozef Benkovi\u010d<\/p>\n<p>Le\u017eajsk 2007 &#8211; \u00da\u010das\u0165 na lowieckom festival v Polsku v meste Le\u017easkIng. Da\u0148ko, Ing. Komanick\u00fd, Hulvej, Re\u013aovsk\u00fd, Len\u00edk, Szabo.<\/p>\n<p>Ko\u0161ice 7.6.2008<\/p>\n<p>Kateg\u00f3ria jednotlivcov do 20 rokov- A<br \/>\n1.miesto: Veronika Vallov\u00e1 \u2013 SL\u0160 Liptivsk\u00fd Hr\u00e1dok<br \/>\n2.miesto: Marcel Bugo\u0161 \u2013 SPZ Ko\u0161ice<br \/>\n3.miesto: Michaela Bobr\u00edkov\u00e1 \u2013 SL\u0160 Liptovsk\u00fd Hr\u00e1dok<\/p>\n<p>Kateg\u00f3ria jednotlivcov nad 20 rokov -B<br \/>\n1.miesto: Mari\u00e1n Bugo\u0161- OKO SPZ Ko\u0161ice<br \/>\n2.miesto: Michal Olos-SL\u0160 Liptovsk\u00fd Hr\u00e1dok<br \/>\n3.miesto: Edmund Hatiar &#8211; SL\u0160 Liptovsk\u00fd Hr\u00e1dok<\/p>\n<p>Kateg\u00f3ria s\u00faborov &#8211; C<br \/>\n1.miesto: &#8211; SL\u0160 Liptovsk\u00fd Hr\u00e1dok- Ing. M. Olos, Ing. E. Hatiar, V. Vallov\u00e1, M. Bobr\u00edkov\u00e1,M. Filick\u00fd<br \/>\n2.miesto: SPZ Ko\u0161ice- Bugo\u0161 Mari\u00e1n, Martin, Marcel<br \/>\n3.miesto: SL\u0160 Liptovsk\u00fd Hr\u00e1dok \u2013 Fridman, Olos, Hatiar<\/p>\n<p>Kateg\u00f3ria vo\u013en\u00e1 &#8211; D<br \/>\n1.miesto: OKO SPZ Malacky \u2013 Jozef Benkovi\u010d<br \/>\n2.miesto: OKO SPZ Ko\u0161ice &#8211; Mari\u00e1n Bugo\u0161, Martin Bugo\u0161,Marcel Bugo\u0161<br \/>\n3.miesto : Oko Prievidza \u2013 Jozef Marti\u0161<\/p>\n<p>2008 Hluboka nad Vltavou 28.6.2008 &#8211; \u00da\u010das\u0165 s\u00faboru lesni\u010diariov SL\u0160 a \u0160RO SPZ Pre\u0161ov na 13. medzin\u00e1rodnej s\u00fa\u0165a\u017ei lesni\u010diarovv zlo\u017een\u00ed: Ing.Da\u0148ko, Ing.Komanick\u00fd, Hulvej, Re\u013eovsk\u00fd Matej, Lenik Dano, Pir\u010d\u00e1k Jaro<\/p>\n<p>2008 \u010cierny Balog 7.7.2008 &#8211; Otvorenie a \u00fa\u010das\u0165 na 6.ro\u010dn\u00edku D\u0148a stromuIng. Da\u0148ko, Ing. Komanick\u00fd, Hulvej<br \/>\n\u010cadca 23.5.2009<\/p>\n<p>Kateg\u00f3ria jednotlivcov do 20 rokov- A<br \/>\n1.miesto: Matej Filick\u00fd \u2013 SL\u0160 Liptivsk\u00fd Hr\u00e1dok<br \/>\n2.miesto: Maro\u0161 Plenta \u2013 SPZ Malack\u00fd<br \/>\n3.miesto: Katka Mal\u00edkov\u00e1 \u2013 SL\u0160 Liptovsk\u00fd Hr\u00e1dok<\/p>\n<p>Kateg\u00f3ria jednotlivcov nad 20 rokov -B<br \/>\n1.miesto: Jozef Marti\u0161- OKO SPZ Prievidza<br \/>\n2.miesto: Jozef Benkovi\u010d-SPZ Malack\u00fd<br \/>\n3.miesto: Edmund Hatiar &#8211; SL\u0160 Liptovsk\u00fd Hr\u00e1dok<\/p>\n<p>Kateg\u00f3ria s\u00faborov &#8211; C<br \/>\n1.miesto: &#8211; SL\u0160 Liptovsk\u00fd Hr\u00e1dok- Ing. M. Olos, Ing. E. Hatiar, V. Vallov\u00e1, M. Bobr\u00edkov\u00e1,M. Filick\u00fd<br \/>\n2.miesto: SPZ Malack\u00fd- Benkovi\u010d, Plenta, Janc\u00edk<br \/>\n3.miesto: SL\u0160 Pre\u0161ov \u2013 Ing. Da\u0148ko, Ing. Komanick\u00fd, Du\u0161an Hulvej<\/p>\n<p>Kateg\u00f3ria vo\u013en\u00e1 &#8211; D<br \/>\n1.miesto: OKO SPZ Prievidza\u2013 Jozef Marti\u0161<br \/>\n2.miesto: OKO SPZ Malacky \u2013 Jozef Benkovi\u010d<br \/>\n3.miesto : SL\u0160 Liptovsk\u00fd Hr\u00e1dok \u2013 Kvintet castrum E.Hatiar<\/p>\n<p>2009 \u010cierny Balog 11.7.2009 Otvorenie a \u00fa\u010das\u0165 na 7.ro\u010dn\u00edku D\u0148a stromuIng. Da\u0148ko, Ing. Komanick\u00fd, Hulvej, Ivana Bu\u010dkov\u00e1<\/p>\n<p>10.11. okt\u00f3ber 2009 Le\u017eajsk Po\u013esko 11.ro\u010dn\u00edk Medzin\u00e1rodn\u00fd festival lowiecky\u00da\u010das\u0165 s\u00faboru SL\u0160 v Pre\u0161ove v zlo\u017een\u00ed: Ing. Da\u0148ko, Ing. Komanick\u00fd, Hulvej, Jaro Pir\u010d\u00e1k,Ivana Bu\u010dkov\u00e1, Samo Baumaster.Z\u00edskanie ceny Grand prix za najlep\u0161\u00ed v\u00fdkon<\/p>\n<p>Ilava 29.5.2010<\/p>\n<p>Kateg\u00f3ria jednotlivcov do 20 rokov- A<br \/>\n1.miesto: Ivana Bu\u010dkov\u00e1 \u2013 SL\u0160 Pre\u0161ov<br \/>\n2.miesto: Jaro Pir\u010d\u00e1k \u2013 SO\u0160 Pre\u0161ov<br \/>\n3.miesto: Tom\u00e1\u0161 Plenta \u2013 SL\u0160 Liptovsk\u00fd Hr\u00e1dok<\/p>\n<p>Kateg\u00f3ria jednotlivcov nad 20 rokov -B<br \/>\n1.miesto: Rudolf Bu\u010dko- \u0160ugov<br \/>\n2.miesto: Jozef Marti\u0161- Oko Prievidza<br \/>\n3.miesto: Patrik Schwartz &#8211; Bojnice<\/p>\n<p>Kateg\u00f3ria s\u00faborov &#8211; C<br \/>\n1.miesto: &#8211; \u0160RO SPZ Pre\u0161ov \u2013Ind. Da\u0148ko, Ing. Komanick\u00fd, Du\u0161an Hulvej,Bu\u010dkov\u00e1,Baumaster,Pir\u010d\u00e1k<br \/>\n2.miesto: SO\u0160 Pre\u0161ov \u2013 Bu\u010dkov\u00e1, Pir\u010d\u00e1k, Baumaster<br \/>\n3.miesto: SO\u0160 L. Hr\u00e1dok &#8211;<\/p>\n<p>Kateg\u00f3ria vo\u013en\u00e1 &#8211; D<br \/>\n1.miesto: OKO SPZ Prievidza\u2013 Jozef Marti\u0161<br \/>\n2.miesto: OKO SPZ Malacky \u2013 Jozef Benkovi\u010d<br \/>\n3.miesto : \u0160RO SPZ Pre\u0161ov- Ing. Da\u0148ko, Ing. Komanick\u00fd, Du\u0161an Hulvej, Bu\u010dkov\u00e1,Baumaster, Pir\u010d\u00e1k<\/p>\n<p>6.j\u00fan 2010 P\u00e9cs Ma\u010farsko<br \/>\n5. miesto na 1. ro\u010dn\u00edku Medzin\u00e1rodnej s\u00fa\u0165a\u017ee v hre na lesn\u00e9 rohy a zlat\u00e9 p\u00e1smo v kateg\u00f3rii s\u00faborov \u201eB\u201cSlovensko reprezentovali: Ing. Jozef Da\u0148ko, Du\u0161an Hulvej, Ivana Bu\u010dkov\u00e1 z Pre\u0161ovaa Ing.Hatiar, Ing. Olos, Valov\u00e1, Mal\u00edkov\u00e1 z Liptovsk\u00e9ho Hr\u00e1dku.<\/p>\n<p>Oravsk\u00fd Podz\u00e1mok 4.6.2011<\/p>\n<p>Kateg\u00f3ria jednotlivcov do 20 rokov- A<br \/>\n3.miesto: Jozef Ki\u0161\u0161 SO\u0160L Pre\u0161ov<br \/>\nKateg\u00f3ria s\u00faborov &#8211; C<br \/>\n1.miesto: &#8211; \u0160RO SPZ Pre\u0161ov \u2013Ing. Da\u0148ko, Ing. Komanick\u00fd, Du\u0161an Hulvej, Bu\u010dkov\u00e1,Bu\u010dko,Tak\u00e1cs<br \/>\n2.miesto: SO\u0160 Pre\u0161ov \u2013 Bu\u010dkov\u00e1, Tak\u00e1cs ,Ki\u0161\u0161, Duda<br \/>\n3.miesto: SO\u0160 L. Hr\u00e1dok -Kateg\u00f3ria vo\u013en\u00e1 &#8211; D<\/p>\n<p>Maninsk\u00e1 ties\u0148ava 2.6.2012<\/p>\n<p>Kateg\u00f3ria jednotlivcov do 20 rokov- A<br \/>\n1.miesto: Ivana Bu\u010dkov\u00e1, SO\u0160L Pre\u0161ov<br \/>\n3.miesto: Tobi\u00e1\u0161 Komanick\u00fd SO\u0160L Pre\u0161ov<\/p>\n<p>Kateg\u00f3ria jednotlivcov nad 20 rokov -B<br \/>\n1.miesto:<br \/>\n2.miesto: Ing. Mikul\u00e1\u0161 Komanick\u00fd<br \/>\n3.miesto:<\/p>\n<p>Kateg\u00f3ria s\u00faborov &#8211; C<br \/>\n1.miesto: -2.miesto:3.miesto: SO\u0160L Pre\u0161ov &#8211; Ing. Da\u0148ko, Ing. Komanick\u00fd, Du\u0161an Hulvej, Bu\u010dkov\u00e1, , Tak\u00e1csOskar, Tobi\u00e1\u0161 Komanick\u00fd, R\u00f3bert Duda<\/p>\n<p>Kateg\u00f3ria medzin\u00e1rodn\u00e1 &#8211; D<br \/>\n1.miesto:2.miesto:3.miesto SO\u0160L Pre\u0161ov &#8211; Ing. Da\u0148ko, Ing. Komanick\u00fd, Du\u0161an Hulvej, Bu\u010dkov\u00e1, , Tak\u00e1csOskar, Tobi\u00e1\u0161 Komanick\u00fd, R\u00f3bert Duda<\/p>\n<p>Zvolen 1.6.2013<\/p>\n<p>Kateg\u00f3ria A: lesnice Ing. Komanick\u00fd M. 3.miesto<\/p>\n<p>Kateg\u00f3ria B-lesn\u00e9 rohy: Komanick\u00fd Tobi\u00e1\u0161 -3. miesto<\/p>\n<p>Kateg\u00f3ria C s\u00fabory: 5. miesto Ing. Da\u0148ko, Ing. Komanick\u00fd, Hulvej, Komanick\u00fd T.<br \/>\nKateg\u00f3ria D praktick\u00fd lesn\u00edk: Ivana Bodn\u00e1rov\u00e1 &#8211; 3. miesto<\/p>\n<p>Lutila 5.6.2014<br \/>\nKateg\u00f3ria A: lesnice Ing. Komanick\u00fd M. 3.miesto<\/p>\n<p>Kateg\u00f3ria B-lesn\u00e9 rohy: Komanick\u00fd Tobi\u00e1\u0161 -3. miesto<\/p>\n<p>Kateg\u00f3ria C s\u00fabory: OPK Pre\u0161ov &#8211; 2. miesto Ing. Da\u0148ko, Ing. Komanick\u00fd, Hulvej,Komanick\u00fd T.Truba\u010di \u0160ari\u0161a 4. miesto &#8211; Ing. Da\u0148ko, Ing. Komanick\u00fd, Hulvej, Komanick\u00fd T.,Duda,\u010curila,Lenda\u010d, Kudelas<\/p>\n<p>25. j\u00fana 2014\u017diaci SO\u0160L Pre\u0161ov vystupovali prehliadkou slovensk\u00fdch po\u013eovn\u00edckych sign\u00e1lov na festivaleloveckej hudby v Lesku Po\u013esko.. \u0160kolu reprezentovali: Komanick\u00fd, Lenda\u010d, Duda, \u010curila aIng. Da\u0148ko.Tuchola,<\/p>\n<p>Po\u013esko 12.7.2014 Slovensko reprezentovali: Ing. Jozef Da\u0148ko, Du\u0161an Hulvej, Ing. Komanick\u00fd, Tobi\u00e1\u0161 Komanick\u00fd z Pre\u0161ova a Ing.Hatiar, J\u00e1n Smutn\u00fd, Ing. Valov\u00e1 Veronika, Mal\u00edkov\u00e1 Katkaz Liptovsk\u00e9ho Hr\u00e1dku.S\u00fa\u0165a\u017eili sme v dvoch kateg\u00f3ri\u00e1ch. V kateg\u00f3rie &#8222;n\u00e1rodn\u00e9 sign\u00e1ly&#8220; sme obsadili 1. miesto, vkateg\u00f3rie loveck\u00e1 hudba a piesne tie\u017e 1. miesto<\/p>\n<p>Malacky j\u00fan 2015 1. ro\u010dn\u00edk \u010ceskoslovenskej s\u00fa\u0165a\u017ee v hre na lesnicu a lesn\u00fd roh<\/p>\n<p>Kateg\u00f3ria s\u00fabory:2. miesto Truba\u010di \u0160ari\u0161a &#8211; Ing.Da\u0148ko, Ing. Komanick\u00fd, Komanick\u00fd T. Jan\u010d\u00edk K. Hulvej,\u010cahoj, Hl\u00edsta, Kudelas 3.miesto Truba\u010di SO\u0160L Pre\u0161ov .Ma\u013e\u00fak, \u010cahoj, Hl\u00edsta, Jan\u010d\u00edk, Komanick\u00fd Tobi\u00e1\u0161, Kudelas 4.miesto Truba\u010di SPZ Pre\u0161ov: Ing.Da\u0148ko, Ing. Komanick\u00fd, Komanick\u00fd T. Jan\u010d\u00edk<\/p>\n<p>Pelhrimov 2016 2. ro\u010dn\u00edk \u010ceskoslovenskej s\u00fa\u0165a\u017ee v hre na lesnicu a lesn\u00fd roh<\/p>\n<p>Kateg\u00f3ria s\u00fabory: 2. miesto: Truba\u010di SO\u0160L Pre\u0161ov .\u010cahoj, Kur\u0165\u00e1k, Jan\u010d\u00edk, Komanick\u00fd Tobi\u00e1\u0161, Kudelas<\/p>\n<p>Lesko m\u00e1j 20171. miesto Truba\u010di \u0160ari\u0161a: Ing.Da\u0148ko, Hulvej, Komanick\u00fd T. Jan\u010d\u00edk K.,Vi\u0161\u0148ovsk\u00e1,Petrov\u00e1,<br \/>\nHronsek 2017<br \/>\n3. ro\u010dn\u00edk \u010ceskoslovenskej s\u00fa\u0165a\u017ee v hre na lesnicu a lesn\u00fd roh<\/p>\n<p>Kateg\u00f3ria s\u00fabory:5. miesto Truba\u010di \u0160ari\u0161a: Ing.Da\u0148ko, Hulvej, Komanick\u00fd T. Jan\u010d\u00edk K., ,Petrov\u00e1, \u010cahoj,Kur\u0165ak, Richtar\u010d\u00edkov\u00e1<\/p>\n<p>Kateg\u00f3ria jednotlivci:4. miesto Jan\u010d\u00edk , 5. miesto Komanick\u00fd Tobi\u00e1\u0161<\/p>\n<p>Lesko m\u00e1j 2018 festival lowieckej hudby 3. miesto Truba\u010di \u0160ari\u0161a: Ing.Da\u0148ko, Hulvej, Komanick\u00fd T. Jan\u010d\u00edk K.,Vi\u0161\u0148ovsk\u00e1,Petrov\u00e1,<\/p>\n<p>Lipn\u00edk nad Be\u010dvou j\u00fan 2018 4 ro\u010dn\u00edk \u010ceskoslovenskej s\u00fa\u0165a\u017ee v hre na lesnicu a lesn\u00fd roh<\/p>\n<p>Kateg\u00f3ria s\u00fabory:2. miesto Truba\u010di \u0160ari\u0161a: Ing. Da\u0148ko, Ing. Komanick\u00fd, Komanick\u00fd T., Jan\u010d\u00edk K. Hulvej 3. miesto: Truba\u010di SO\u0160L Pre\u0161ov: Ing.Da\u0148ko, Jan\u010d\u00edk K. Richtar\u010d\u00edkov\u00e1, Petrov\u00e1, Vi\u0161\u0148ovsk\u00e1<\/p>\n<p>Kateg\u00f3ria jednotlivci:3. miesto Karol Jan\u010d\u00edk, 5. miesto Komanick\u00fd T.<\/p>\n<p>Levo\u010da september 2018: Majstrovstva Eur\u00f3py28.9.2018 truba\u010di SO\u0160L v Pre\u0161ove v zlo\u017een\u00ed INg. Da\u0148ko, Ing. Komanick\u00fd, Komanick\u00fd T.Hulvej Du\u0161an, Jan\u010d\u00edk Karol, Vi\u0161\u0148ovsk\u00e1 Simona, Petrov\u00e1 Anna a Richtar\u010d\u00edkov\u00e1 Aneta sa z\u00fa\u010dastnili 2. ro\u010dn\u00edka ME truba\u010dov, \u010d\u00edm dosiahli v\u00fdnimo\u010dn\u00fd \u00faspech. Hrali skvel\u00e9, v konkurencii 12 s\u00faborov sa do tretieho miesta neumiestnili. Ve\u010der v\u0161etci hrali akt\u00edvne sv.hubertovsk\u00fa om\u0161u a skladbu Tedeum laudamus. v kostole sv. Jakuba.<\/p>\n<\/div><\/div><\/div><\/div><\/div><div class=\"fusion-separator fusion-full-width-sep\" style=\"align-self: center;margin-left: auto;margin-right: auto;margin-top:5px;width:100%;\"><\/div><style type=\"text\/css\">@media only screen and (max-width:1024px) {.fusion-title.fusion-title-4{margin-top:10px!important;margin-bottom:20px!important;}}@media only screen and (max-width:640px) {.fusion-title.fusion-title-4{margin-top:10px!important;margin-bottom:20px!important;}}<\/style><div class=\"fusion-title title fusion-title-4 fusion-sep-none fusion-title-text fusion-title-size-two\" style=\"margin-top:10px;margin-bottom:20px;\"><h2 class=\"title-heading-left\" style=\"margin:0;\">GAL\u00c9RIA FOTOGRAFI\u00cd LESNI\u010cIAROV<\/h2><\/div><style type=\"text\/css\">.fusion-portfolio-wrapper#fusion-portfolio-1 .fusion-portfolio-content{  text-align: left; }<\/style><div class=\"fusion-recent-works fusion-portfolio-element fusion-portfolio fusion-portfolio-1 fusion-portfolio-grid fusion-portfolio-paging-infinite fusion-portfolio-three fusion-portfolio-unboxed fusion-portfolio-text fusion-portfolio-rollover\" data-id=\"-rw-1\" data-columns=\"three\"><style type=\"text\/css\">.fusion-portfolio-1 .fusion-portfolio-wrapper .fusion-col-spacing{padding:15px;}<\/style><div class=\"fusion-portfolio-wrapper\" id=\"fusion-portfolio-1\" data-picturesize=\"auto\" data-pages=\"1\" style=\"margin:-15px;\"><article id=\"portfolio-1-post-11269\" class=\"fusion-portfolio-post lesniciari sos-lesnicka fusion-col-spacing post-11269\"><div class=\"fusion-portfolio-content-wrapper\" style=\"border:none;\"><span class=\"vcard rich-snippet-hidden\"><span class=\"fn\"><a href=\"https:\/\/slspo.sk\/?author=1\" title=\"Autor \u010dl\u00e1nku Adles\" rel=\"author\">Adles<\/a><\/span><\/span><span class=\"updated rich-snippet-hidden\">2026-04-17T10:14:19+02:00<\/span>\n\n<div  class=\"fusion-image-wrapper\" aria-haspopup=\"true\">\n\t\n\t\n\t\n\t\t\n\t\t\t\t\t<img decoding=\"async\" width=\"2000\" height=\"1333\" src=\"https:\/\/slspo.sk\/wp-content\/uploads\/2026\/04\/2026kostelec11.jpg\" class=\"attachment-full size-full lazyload wp-post-image\" alt=\"2026 Na\u0161i truba\u010di a v\u00e1bi\u010di sa v Kostelci nestratili\" srcset=\"data:image\/svg+xml,%3Csvg%20xmlns%3D%27http%3A%2F%2Fwww.w3.org%2F2000%2Fsvg%27%20width%3D%272000%27%20height%3D%271333%27%20viewBox%3D%270%200%202000%201333%27%3E%3Crect%20width%3D%272000%27%20height%3D%2731333%27%20fill-opacity%3D%220%22%2F%3E%3C%2Fsvg%3E\" data-orig-src=\"https:\/\/slspo.sk\/wp-content\/uploads\/2026\/04\/2026kostelec11.jpg\" data-srcset=\"https:\/\/slspo.sk\/wp-content\/uploads\/2026\/04\/2026kostelec11-200x133.jpg 200w, https:\/\/slspo.sk\/wp-content\/uploads\/2026\/04\/2026kostelec11-400x267.jpg 400w, https:\/\/slspo.sk\/wp-content\/uploads\/2026\/04\/2026kostelec11-600x400.jpg 600w, https:\/\/slspo.sk\/wp-content\/uploads\/2026\/04\/2026kostelec11-800x533.jpg 800w, https:\/\/slspo.sk\/wp-content\/uploads\/2026\/04\/2026kostelec11-1200x800.jpg 1200w, https:\/\/slspo.sk\/wp-content\/uploads\/2026\/04\/2026kostelec11.jpg 2000w\" data-sizes=\"auto\" \/>\n\t\n\n\t\t<div class=\"fusion-rollover\">\n\t<div class=\"fusion-rollover-content\">\n\n\t\t\t\t\t\t\t\t\t\t\t\t\t\t<a class=\"fusion-rollover-link\" href=\"https:\/\/slspo.sk\/?avada_portfolio=nasi-trubaci-a-vabici-sa-v-kostelci-nestratili&portfolioCats=255\">Na\u0161i truba\u010di a v\u00e1bi\u010di sa v Kostelci nestratili<\/a>\n\t\t\t\n\t\t\t\t\t\t\t\t\t\t\t\t\t\t\n\t\t\t\t\t\t\t\t\n\t\t\t\t\t\t\t\t\t\t\t\t\t<div class=\"fusion-rollover-sep\"><\/div>\n\t\t\t\t\n\t\t\t\t\t\t\t\t\t\t\t\t\t\t\t\t\t\t<a class=\"fusion-rollover-gallery\" href=\"https:\/\/slspo.sk\/wp-content\/uploads\/2026\/04\/2026kostelec11.jpg\" data-id=\"11269\" data-rel=\"iLightbox[gallery-rw-1]\" data-title=\"2026 Na\u0161i truba\u010di a v\u00e1bi\u010di sa v Kostelci nestratili\" data-caption=\"2026 Na\u0161i truba\u010di a v\u00e1bi\u010di sa v Kostelci nestratili\">\n\t\t\t\t\t\tGallery\t\t\t\t\t<\/a>\n\t\t\t\t\t\t\t\t\t\t\t\t\t\t\n\t\t\t\t\n\t\t\t\t\t\t\t\t\n\t\t\t\t\t\t\t\t\n\t\t\n\t\t\t\t<a class=\"fusion-link-wrapper\" href=\"https:\/\/slspo.sk\/?avada_portfolio=nasi-trubaci-a-vabici-sa-v-kostelci-nestratili&portfolioCats=255\" aria-label=\"Na\u0161i truba\u010di a v\u00e1bi\u010di sa v Kostelci nestratili\"><\/a>\n\t<\/div>\n<\/div>\n\n\t\n<\/div>\n<div class=\"fusion-portfolio-content\"><h2 class=\"entry-title fusion-post-title\"><a href=\"https:\/\/slspo.sk\/?avada_portfolio=nasi-trubaci-a-vabici-sa-v-kostelci-nestratili&portfolioCats=255\">Na\u0161i truba\u010di a v\u00e1bi\u010di sa v Kostelci nestratili<\/a><\/h2><div class=\"fusion-post-content\"><\/div><\/div><\/div><\/article><article id=\"portfolio-1-post-8213\" class=\"fusion-portfolio-post lesniciari sos-lesnicka fusion-col-spacing post-8213\"><div class=\"fusion-portfolio-content-wrapper\" style=\"border:none;\"><span class=\"vcard rich-snippet-hidden\"><span class=\"fn\"><a href=\"https:\/\/slspo.sk\/?author=1\" title=\"Autor \u010dl\u00e1nku Adles\" rel=\"author\">Adles<\/a><\/span><\/span><span class=\"updated rich-snippet-hidden\">2023-10-10T07:57:48+02:00<\/span>\n\n<div  class=\"fusion-image-wrapper\" aria-haspopup=\"true\">\n\t\n\t\n\t\n\t\t\n\t\t\t\t\t<img decoding=\"async\" width=\"1236\" height=\"824\" src=\"https:\/\/slspo.sk\/wp-content\/uploads\/2023\/10\/20231007_111354_index.jpg\" class=\"attachment-full size-full lazyload wp-post-image\" alt=\"ME v hre na lesnice a lesn\u00e9 rohy SUHL 2023\" srcset=\"data:image\/svg+xml,%3Csvg%20xmlns%3D%27http%3A%2F%2Fwww.w3.org%2F2000%2Fsvg%27%20width%3D%271236%27%20height%3D%27824%27%20viewBox%3D%270%200%201236%20824%27%3E%3Crect%20width%3D%271236%27%20height%3D%273824%27%20fill-opacity%3D%220%22%2F%3E%3C%2Fsvg%3E\" data-orig-src=\"https:\/\/slspo.sk\/wp-content\/uploads\/2023\/10\/20231007_111354_index.jpg\" data-srcset=\"https:\/\/slspo.sk\/wp-content\/uploads\/2023\/10\/20231007_111354_index-200x133.jpg 200w, https:\/\/slspo.sk\/wp-content\/uploads\/2023\/10\/20231007_111354_index-400x267.jpg 400w, https:\/\/slspo.sk\/wp-content\/uploads\/2023\/10\/20231007_111354_index-600x400.jpg 600w, https:\/\/slspo.sk\/wp-content\/uploads\/2023\/10\/20231007_111354_index-800x533.jpg 800w, https:\/\/slspo.sk\/wp-content\/uploads\/2023\/10\/20231007_111354_index-1200x800.jpg 1200w, https:\/\/slspo.sk\/wp-content\/uploads\/2023\/10\/20231007_111354_index.jpg 1236w\" data-sizes=\"auto\" \/>\n\t\n\n\t\t<div class=\"fusion-rollover\">\n\t<div class=\"fusion-rollover-content\">\n\n\t\t\t\t\t\t\t\t\t\t\t\t\t\t<a class=\"fusion-rollover-link\" href=\"https:\/\/slspo.sk\/?avada_portfolio=majstrovstva-europy-v-hre-na-lesnice-a-lesne-rohy-s-nasou-ucastou&portfolioCats=255\">Majstrovstv\u00e1 Eur\u00f3py v hre na lesnice a lesn\u00e9 rohy s na\u0161ou \u00fa\u010das\u0165ou<\/a>\n\t\t\t\n\t\t\t\t\t\t\t\t\t\t\t\t\t\t\n\t\t\t\t\t\t\t\t\n\t\t\t\t\t\t\t\t\t\t\t\t\t<div class=\"fusion-rollover-sep\"><\/div>\n\t\t\t\t\n\t\t\t\t\t\t\t\t\t\t\t\t\t\t\t\t\t\t<a class=\"fusion-rollover-gallery\" href=\"https:\/\/slspo.sk\/wp-content\/uploads\/2023\/10\/20231007_111354_index.jpg\" data-id=\"8213\" data-rel=\"iLightbox[gallery-rw-1]\" data-title=\"ME v hre na lesnice a lesn\u00e9 rohy SUHL 2023\" data-caption=\"ME v hre na lesnice a lesn\u00e9 rohy SUHL 2023\">\n\t\t\t\t\t\tGallery\t\t\t\t\t<\/a>\n\t\t\t\t\t\t\t\t\t\t\t\t\t\t\n\t\t\t\t\n\t\t\t\t\t\t\t\t\n\t\t\t\t\t\t\t\t\n\t\t\n\t\t\t\t<a class=\"fusion-link-wrapper\" href=\"https:\/\/slspo.sk\/?avada_portfolio=majstrovstva-europy-v-hre-na-lesnice-a-lesne-rohy-s-nasou-ucastou&portfolioCats=255\" aria-label=\"Majstrovstv\u00e1 Eur\u00f3py v hre na lesnice a lesn\u00e9 rohy s na\u0161ou \u00fa\u010das\u0165ou\"><\/a>\n\t<\/div>\n<\/div>\n\n\t\n<\/div>\n<div class=\"fusion-portfolio-content\"><h2 class=\"entry-title fusion-post-title\"><a href=\"https:\/\/slspo.sk\/?avada_portfolio=majstrovstva-europy-v-hre-na-lesnice-a-lesne-rohy-s-nasou-ucastou&portfolioCats=255\">Majstrovstv\u00e1 Eur\u00f3py v hre na lesnice a lesn\u00e9 rohy s na\u0161ou \u00fa\u010das\u0165ou<\/a><\/h2><div class=\"fusion-post-content\"><\/div><\/div><\/div><\/article><article id=\"portfolio-1-post-5865\" class=\"fusion-portfolio-post lesniciari sos-lesnicka fusion-col-spacing post-5865\"><div class=\"fusion-portfolio-content-wrapper\" style=\"border:none;\"><span class=\"vcard rich-snippet-hidden\"><span class=\"fn\"><a href=\"https:\/\/slspo.sk\/?author=1\" title=\"Autor \u010dl\u00e1nku Adles\" rel=\"author\">Adles<\/a><\/span><\/span><span class=\"updated rich-snippet-hidden\">2022-06-21T13:14:32+02:00<\/span>\n\n<div  class=\"fusion-image-wrapper\" aria-haspopup=\"true\">\n\t\n\t\n\t\n\t\t\n\t\t\t\t\t<img decoding=\"async\" width=\"1044\" height=\"696\" src=\"https:\/\/slspo.sk\/wp-content\/uploads\/2022\/06\/trubaci01.jpg\" class=\"attachment-full size-full lazyload wp-post-image\" alt=\"Na\u0161i truba\u010di \u00faspe\u0161n\u00ed v Go\u0142uchowe a v Div\u00edne\" srcset=\"data:image\/svg+xml,%3Csvg%20xmlns%3D%27http%3A%2F%2Fwww.w3.org%2F2000%2Fsvg%27%20width%3D%271044%27%20height%3D%27696%27%20viewBox%3D%270%200%201044%20696%27%3E%3Crect%20width%3D%271044%27%20height%3D%273696%27%20fill-opacity%3D%220%22%2F%3E%3C%2Fsvg%3E\" data-orig-src=\"https:\/\/slspo.sk\/wp-content\/uploads\/2022\/06\/trubaci01.jpg\" data-srcset=\"https:\/\/slspo.sk\/wp-content\/uploads\/2022\/06\/trubaci01-200x133.jpg 200w, https:\/\/slspo.sk\/wp-content\/uploads\/2022\/06\/trubaci01-400x267.jpg 400w, https:\/\/slspo.sk\/wp-content\/uploads\/2022\/06\/trubaci01-600x400.jpg 600w, https:\/\/slspo.sk\/wp-content\/uploads\/2022\/06\/trubaci01-800x533.jpg 800w, https:\/\/slspo.sk\/wp-content\/uploads\/2022\/06\/trubaci01.jpg 1044w\" data-sizes=\"auto\" \/>\n\t\n\n\t\t<div class=\"fusion-rollover\">\n\t<div class=\"fusion-rollover-content\">\n\n\t\t\t\t\t\t\t\t\t\t\t\t\t\t<a class=\"fusion-rollover-link\" href=\"https:\/\/slspo.sk\/?avada_portfolio=nasi-trubaci-uspesni-v-goluchowe-a-v-divine&portfolioCats=255\">Na\u0161i truba\u010di \u00faspe\u0161n\u00ed v Go\u0142uchowe a v Div\u00edne<\/a>\n\t\t\t\n\t\t\t\t\t\t\t\t\t\t\t\t\t\t\n\t\t\t\t\t\t\t\t\n\t\t\t\t\t\t\t\t\t\t\t\t\t<div class=\"fusion-rollover-sep\"><\/div>\n\t\t\t\t\n\t\t\t\t\t\t\t\t\t\t\t\t\t\t\t\t\t\t<a class=\"fusion-rollover-gallery\" href=\"https:\/\/slspo.sk\/wp-content\/uploads\/2022\/06\/trubaci01.jpg\" data-id=\"5865\" data-rel=\"iLightbox[gallery-rw-1]\" data-title=\"Na\u0161i truba\u010di \u00faspe\u0161n\u00ed v Go\u0142uchowe a v Div\u00edne\" data-caption=\"Na\u0161i truba\u010di \u00faspe\u0161n\u00ed v Go\u0142uchowe a v Div\u00edne\">\n\t\t\t\t\t\tGallery\t\t\t\t\t<\/a>\n\t\t\t\t\t\t\t\t\t\t\t\t\t\t\n\t\t\t\t\n\t\t\t\t\t\t\t\t\n\t\t\t\t\t\t\t\t\n\t\t\n\t\t\t\t<a class=\"fusion-link-wrapper\" href=\"https:\/\/slspo.sk\/?avada_portfolio=nasi-trubaci-uspesni-v-goluchowe-a-v-divine&portfolioCats=255\" aria-label=\"Na\u0161i truba\u010di \u00faspe\u0161n\u00ed v Go\u0142uchowe a v Div\u00edne\"><\/a>\n\t<\/div>\n<\/div>\n\n\t\n<\/div>\n<div class=\"fusion-portfolio-content\"><h2 class=\"entry-title fusion-post-title\"><a href=\"https:\/\/slspo.sk\/?avada_portfolio=nasi-trubaci-uspesni-v-goluchowe-a-v-divine&portfolioCats=255\">Na\u0161i truba\u010di \u00faspe\u0161n\u00ed v Go\u0142uchowe a v Div\u00edne<\/a><\/h2><div class=\"fusion-post-content\"><\/div><\/div><\/div><\/article><article id=\"portfolio-1-post-3842\" class=\"fusion-portfolio-post lesniciari sos-lesnicka fusion-col-spacing post-3842\"><div class=\"fusion-portfolio-content-wrapper\" style=\"border:none;\"><span class=\"vcard rich-snippet-hidden\"><span class=\"fn\"><a href=\"https:\/\/slspo.sk\/?author=1\" title=\"Autor \u010dl\u00e1nku Adles\" rel=\"author\">Adles<\/a><\/span><\/span><span class=\"updated rich-snippet-hidden\">2021-08-21T10:03:05+02:00<\/span>\n\n<div  class=\"fusion-image-wrapper\" aria-haspopup=\"true\">\n\t\n\t\n\t\n\t\t\n\t\t\t\t\t<img decoding=\"async\" width=\"1200\" height=\"900\" src=\"https:\/\/slspo.sk\/wp-content\/uploads\/2021\/08\/plana2-1.jpg\" class=\"attachment-full size-full lazyload wp-post-image\" alt=\"\" srcset=\"data:image\/svg+xml,%3Csvg%20xmlns%3D%27http%3A%2F%2Fwww.w3.org%2F2000%2Fsvg%27%20width%3D%271200%27%20height%3D%27900%27%20viewBox%3D%270%200%201200%20900%27%3E%3Crect%20width%3D%271200%27%20height%3D%273900%27%20fill-opacity%3D%220%22%2F%3E%3C%2Fsvg%3E\" data-orig-src=\"https:\/\/slspo.sk\/wp-content\/uploads\/2021\/08\/plana2-1.jpg\" data-srcset=\"https:\/\/slspo.sk\/wp-content\/uploads\/2021\/08\/plana2-1-200x150.jpg 200w, https:\/\/slspo.sk\/wp-content\/uploads\/2021\/08\/plana2-1-400x300.jpg 400w, https:\/\/slspo.sk\/wp-content\/uploads\/2021\/08\/plana2-1-600x450.jpg 600w, https:\/\/slspo.sk\/wp-content\/uploads\/2021\/08\/plana2-1-800x600.jpg 800w, https:\/\/slspo.sk\/wp-content\/uploads\/2021\/08\/plana2-1.jpg 1200w\" data-sizes=\"auto\" \/>\n\t\n\n\t\t<div class=\"fusion-rollover\">\n\t<div class=\"fusion-rollover-content\">\n\n\t\t\t\t\t\t\t\t\t\t\t\t\t\t<a class=\"fusion-rollover-link\" href=\"https:\/\/slspo.sk\/?avada_portfolio=slovenski-trubaci-sutazili-v-ceskej-republike&portfolioCats=255\">Slovensk\u00ed truba\u010di s\u00fa\u0165a\u017eili v \u010ceskej republike<\/a>\n\t\t\t\n\t\t\t\t\t\t\t\t\t\t\t\t\t\t\n\t\t\t\t\t\t\t\t\n\t\t\t\t\t\t\t\t\t\t\t\t\t<div class=\"fusion-rollover-sep\"><\/div>\n\t\t\t\t\n\t\t\t\t\t\t\t\t\t\t\t\t\t\t\t\t\t\t<a class=\"fusion-rollover-gallery\" href=\"https:\/\/slspo.sk\/wp-content\/uploads\/2021\/08\/plana2-1.jpg\" data-id=\"3842\" data-rel=\"iLightbox[gallery-rw-1]\" data-title=\"plana2\" data-caption=\"\">\n\t\t\t\t\t\tGallery\t\t\t\t\t<\/a>\n\t\t\t\t\t\t\t\t\t\t\t\t\t\t\n\t\t\t\t\n\t\t\t\t\t\t\t\t\n\t\t\t\t\t\t\t\t\n\t\t\n\t\t\t\t<a class=\"fusion-link-wrapper\" href=\"https:\/\/slspo.sk\/?avada_portfolio=slovenski-trubaci-sutazili-v-ceskej-republike&portfolioCats=255\" aria-label=\"Slovensk\u00ed truba\u010di s\u00fa\u0165a\u017eili v \u010ceskej republike\"><\/a>\n\t<\/div>\n<\/div>\n\n\t\n<\/div>\n<div class=\"fusion-portfolio-content\"><h2 class=\"entry-title fusion-post-title\"><a href=\"https:\/\/slspo.sk\/?avada_portfolio=slovenski-trubaci-sutazili-v-ceskej-republike&portfolioCats=255\">Slovensk\u00ed truba\u010di s\u00fa\u0165a\u017eili v \u010ceskej republike<\/a><\/h2><div class=\"fusion-post-content\"><\/div><\/div><\/div><\/article><\/div><\/div><div class=\"fusion-separator fusion-full-width-sep\" style=\"align-self: center;margin-left: auto;margin-right: auto;margin-top:5px;width:100%;\"><\/div><\/div><\/div><style type=\"text\/css\">.fusion-body .fusion-builder-column-0{width:66.6666666667% !important;margin-top : 10px;margin-bottom : 10px;}.fusion-builder-column-0 > .fusion-column-wrapper {padding-top : 0px !important;padding-right : 0px !important;margin-right : 2.88%;padding-bottom : 0px !important;padding-left : 0px !important;margin-left : 2.88%;}@media only screen and (max-width:1024px) {.fusion-body .fusion-builder-column-0{width:100% !important;order : 0;}.fusion-builder-column-0 > .fusion-column-wrapper {margin-right : 1.92%;margin-left : 1.92%;}}@media only screen and (max-width:640px) {.fusion-body .fusion-builder-column-0{width:100% !important;order : 0;}.fusion-builder-column-0 > .fusion-column-wrapper {margin-right : 1.92%;margin-left : 1.92%;}}<\/style><div class=\"fusion-layout-column fusion_builder_column fusion-builder-column-1 fusion_builder_column_1_3 1_3 fusion-flex-column\"><div class=\"fusion-column-wrapper fusion-flex-justify-content-flex-start fusion-content-layout-column\" style=\"background-position:left top;background-repeat:no-repeat;-webkit-background-size:cover;-moz-background-size:cover;-o-background-size:cover;background-size:cover;padding: 0px 0px 0px 0px;\"><div class=\"fusion-widget-area fusion-widget-area-1 fusion-content-widget-area\"><style type=\"text\/css\">.fusion-widget-area-1 {padding:0px 0px 0px 0px;}.fusion-widget-area-1 .widget h4 {color:#333c4e;}.fusion-widget-area-1 .widget .heading h4 {color:#333c4e;}.fusion-widget-area-1 .widget h4 {font-size:18px;}.fusion-widget-area-1 .widget .heading h4 {font-size:18px;}<\/style><section id=\"search-2\" class=\"widget widget_search\">\t\t<form role=\"search\" class=\"searchform fusion-search-form  fusion-search-form-classic\" method=\"get\" action=\"https:\/\/slspo.sk\/\">\n\t\t\t<div class=\"fusion-search-form-content\">\n\n\t\t\t\t\n\t\t\t\t<div class=\"fusion-search-field search-field\">\n\t\t\t\t\t<label><span class=\"screen-reader-text\">H\u013eada\u0165:<\/span>\n\t\t\t\t\t\t\t\t\t\t\t\t\t<input type=\"search\" value=\"\" name=\"s\" class=\"s\" placeholder=\"H\u013eada\u0165...\" required aria-required=\"true\" aria-label=\"H\u013eada\u0165...\"\/>\n\t\t\t\t\t\t\t\t\t\t\t<\/label>\n\t\t\t\t<\/div>\n\t\t\t\t<div class=\"fusion-search-button search-button\">\n\t\t\t\t\t<input type=\"submit\" class=\"fusion-search-submit searchsubmit\" aria-label=\"H\u013eada\u0165\" value=\"&#xf002;\" \/>\n\t\t\t\t\t\t\t\t\t<\/div>\n\n\t\t\t\t\n\t\t\t<\/div>\n\n\n\t\t\t\n\t\t<\/form>\n\t\t<\/section>\n\t\t<section id=\"recent-posts-2\" class=\"widget widget_recent_entries\">\n\t\t<div class=\"heading\"><h4 class=\"widget-title\">Najnov\u0161ie \u010dl\u00e1nky<\/h4><\/div>\n\t\t<ul>\n\t\t\t\t\t\t\t\t\t\t\t<li>\n\t\t\t\t\t<a href=\"https:\/\/slspo.sk\/?p=11296\">Spolo\u010dn\u00e9 chv\u00edle v Barli\u010dke<\/a>\n\t\t\t\t\t\t\t\t\t<\/li>\n\t\t\t\t\t\t\t\t\t\t\t<li>\n\t\t\t\t\t<a href=\"https:\/\/slspo.sk\/?p=11285\">Nap\u00ednav\u00fd hokejov\u00fd ve\u010der na z\u00e1ver sez\u00f3ny<\/a>\n\t\t\t\t\t\t\t\t\t<\/li>\n\t\t\t\t\t\t\t\t\t\t\t<li>\n\t\t\t\t\t<a href=\"https:\/\/slspo.sk\/?p=11278\">Nov\u00e9 \u010d\u00edslo \u0161tudentsk\u00e9ho \u010dasopisu SILVUM je na svete<\/a>\n\t\t\t\t\t\t\t\t\t<\/li>\n\t\t\t\t\t\t\t\t\t\t\t<li>\n\t\t\t\t\t<a href=\"https:\/\/slspo.sk\/?p=11216\">Na\u0161i truba\u010di a v\u00e1bi\u010di sa v Kostelci nestratili<\/a>\n\t\t\t\t\t\t\t\t\t<\/li>\n\t\t\t\t\t\t\t\t\t\t\t<li>\n\t\t\t\t\t<a href=\"https:\/\/slspo.sk\/?p=11182\">\u00daspech na\u0161ich SO\u010ck\u00e1rov na TU vo Zvolene<\/a>\n\t\t\t\t\t\t\t\t\t<\/li>\n\t\t\t\t\t<\/ul>\n\n\t\t<\/section><section id=\"pyre_tabs-widget-3\" class=\"widget fusion-tabs-widget\">\t\t<div class=\"fusion-tabs-widget-wrapper fusion-tabs-widget-2 fusion-tabs-clean fusion-tabs-image-default tab-holder\">\n\t\t\t<nav class=\"fusion-tabs-nav\">\n\t\t\t\t<ul class=\"tabset tabs\">\n\n\t\t\t\t\t\t\t\t\t\t\t<li class=\"active\"><a href=\"#\" data-link=\"fusion-tab-popular\">Naj\u010d\u00edtanej\u0161ie<\/a><\/li>\n\t\t\t\t\t\n\t\t\t\t\t\t\t\t\t\t\t<li><a href=\"#\" data-link=\"fusion-tab-recent\">Najnov\u0161ie<\/a><\/li>\n\t\t\t\t\t\n\t\t\t\t\t\n\t\t\t\t<\/ul>\n\t\t\t<\/nav>\n\n\t\t\t<div class=\"fusion-tabs-widget-content tab-box tabs-container\">\n\n\t\t\t\t\n\t\t\t\t\t<div class=\"fusion-tab-popular fusion-tab-content tab tab_content\" data-name=\"fusion-tab-popular\">\n\t\t\t\t\t\t\n\t\t\t\t\t\t<ul class=\"fusion-tabs-widget-items news-list\">\n\t\t\t\t\t\t\t\t\t\t\t\t\t\t\t\t\t\t\t\t\t\t\t\t\t\t\t\t\t\t\t\t\t<li>\n\t\t\t\t\t\t\t\t\t\t\t\t\t\t\t\t\t\t\t\t\t<div class=\"image\">\n\t\t\t\t\t\t\t\t\t\t\t\t<a href=\"https:\/\/slspo.sk\/?p=6216\" aria-label=\"Sl\u00e1vnostn\u00fd za\u010diatok \u0161kolsk\u00e9ho roka &#8211; pr\u00edhovor riadite\u013ea \u0161koly\"><img decoding=\"async\" width=\"66\" height=\"66\" src=\"https:\/\/slspo.sk\/wp-content\/uploads\/2022\/09\/DSC_0564-66x66.jpg\" class=\"attachment-recent-works-thumbnail size-recent-works-thumbnail lazyload wp-post-image\" alt=\"Sl\u00e1vnostn\u00fd za\u010diatok \u0161kolsk\u00e9ho roka 2022\/2023 - pr\u00edhovor riadite\u013ea \u0161koly\" srcset=\"data:image\/svg+xml,%3Csvg%20xmlns%3D%27http%3A%2F%2Fwww.w3.org%2F2000%2Fsvg%27%20width%3D%271500%27%20height%3D%271000%27%20viewBox%3D%270%200%201500%201000%27%3E%3Crect%20width%3D%271500%27%20height%3D%2731000%27%20fill-opacity%3D%220%22%2F%3E%3C%2Fsvg%3E\" data-orig-src=\"https:\/\/slspo.sk\/wp-content\/uploads\/2022\/09\/DSC_0564-66x66.jpg\" data-srcset=\"https:\/\/slspo.sk\/wp-content\/uploads\/2022\/09\/DSC_0564-66x66.jpg 66w, https:\/\/slspo.sk\/wp-content\/uploads\/2022\/09\/DSC_0564-150x150.jpg 150w, https:\/\/slspo.sk\/wp-content\/uploads\/2022\/09\/DSC_0564-200x200.jpg 200w\" data-sizes=\"auto\" \/><\/a>\n\t\t\t\t\t\t\t\t\t\t\t<\/div>\n\t\t\t\t\t\t\t\t\t\t\n\t\t\t\t\t\t\t\t\t\t<div class=\"post-holder\">\n\t\t\t\t\t\t\t\t\t\t\t<a href=\"https:\/\/slspo.sk\/?p=6216\">Sl\u00e1vnostn\u00fd za\u010diatok \u0161kolsk\u00e9ho roka &#8211; pr\u00edhovor riadite\u013ea \u0161koly<\/a>\n\t\t\t\t\t\t\t\t\t\t\t<div class=\"fusion-meta\">\n\t\t\t\t\t\t\t\t\t\t\t\t5. septembra 2022\t\t\t\t\t\t\t\t\t\t\t<\/div>\n\t\t\t\t\t\t\t\t\t\t<\/div>\n\t\t\t\t\t\t\t\t\t<\/li>\n\t\t\t\t\t\t\t\t\t\t\t\t\t\t\t\t\t\t\t\t\t\t\t\t\t\t<li>\n\t\t\t\t\t\t\t\t\t\t\t\t\t\t\t\t\t\t\t\t\t<div class=\"image\">\n\t\t\t\t\t\t\t\t\t\t\t\t<a href=\"https:\/\/slspo.sk\/?p=11296\" aria-label=\"Spolo\u010dn\u00e9 chv\u00edle v Barli\u010dke\"><img decoding=\"async\" width=\"66\" height=\"66\" src=\"https:\/\/slspo.sk\/wp-content\/uploads\/2026\/04\/2026barlicka04index-66x66.jpg\" class=\"attachment-recent-works-thumbnail size-recent-works-thumbnail lazyload wp-post-image\" alt=\"Spolo\u010dn\u00e9 chv\u00edle v Barli\u010dke\" srcset=\"data:image\/svg+xml,%3Csvg%20xmlns%3D%27http%3A%2F%2Fwww.w3.org%2F2000%2Fsvg%27%20width%3D%271349%27%20height%3D%27899%27%20viewBox%3D%270%200%201349%20899%27%3E%3Crect%20width%3D%271349%27%20height%3D%273899%27%20fill-opacity%3D%220%22%2F%3E%3C%2Fsvg%3E\" data-orig-src=\"https:\/\/slspo.sk\/wp-content\/uploads\/2026\/04\/2026barlicka04index-66x66.jpg\" data-srcset=\"https:\/\/slspo.sk\/wp-content\/uploads\/2026\/04\/2026barlicka04index-66x66.jpg 66w, https:\/\/slspo.sk\/wp-content\/uploads\/2026\/04\/2026barlicka04index-150x150.jpg 150w\" data-sizes=\"auto\" \/><\/a>\n\t\t\t\t\t\t\t\t\t\t\t<\/div>\n\t\t\t\t\t\t\t\t\t\t\n\t\t\t\t\t\t\t\t\t\t<div class=\"post-holder\">\n\t\t\t\t\t\t\t\t\t\t\t<a href=\"https:\/\/slspo.sk\/?p=11296\">Spolo\u010dn\u00e9 chv\u00edle v Barli\u010dke<\/a>\n\t\t\t\t\t\t\t\t\t\t\t<div class=\"fusion-meta\">\n\t\t\t\t\t\t\t\t\t\t\t\t30. apr\u00edla 2026\t\t\t\t\t\t\t\t\t\t\t<\/div>\n\t\t\t\t\t\t\t\t\t\t<\/div>\n\t\t\t\t\t\t\t\t\t<\/li>\n\t\t\t\t\t\t\t\t\t\t\t\t\t\t\t\t\t\t\t\t\t\t\t\t\t\t<li>\n\t\t\t\t\t\t\t\t\t\t\t\t\t\t\t\t\t\t\t\t\t<div class=\"image\">\n\t\t\t\t\t\t\t\t\t\t\t\t<a href=\"https:\/\/slspo.sk\/?p=11285\" aria-label=\"Nap\u00ednav\u00fd hokejov\u00fd ve\u010der na z\u00e1ver sez\u00f3ny\"><img decoding=\"async\" width=\"66\" height=\"66\" src=\"https:\/\/slspo.sk\/wp-content\/uploads\/2026\/04\/2026hokej02index-66x66.jpg\" class=\"attachment-recent-works-thumbnail size-recent-works-thumbnail lazyload wp-post-image\" alt=\"Nap\u00ednav\u00fd hokejov\u00fd ve\u010der na z\u00e1ver sez\u00f3ny\" srcset=\"data:image\/svg+xml,%3Csvg%20xmlns%3D%27http%3A%2F%2Fwww.w3.org%2F2000%2Fsvg%27%20width%3D%272040%27%20height%3D%271360%27%20viewBox%3D%270%200%202040%201360%27%3E%3Crect%20width%3D%272040%27%20height%3D%2731360%27%20fill-opacity%3D%220%22%2F%3E%3C%2Fsvg%3E\" data-orig-src=\"https:\/\/slspo.sk\/wp-content\/uploads\/2026\/04\/2026hokej02index-66x66.jpg\" data-srcset=\"https:\/\/slspo.sk\/wp-content\/uploads\/2026\/04\/2026hokej02index-66x66.jpg 66w, https:\/\/slspo.sk\/wp-content\/uploads\/2026\/04\/2026hokej02index-150x150.jpg 150w\" data-sizes=\"auto\" \/><\/a>\n\t\t\t\t\t\t\t\t\t\t\t<\/div>\n\t\t\t\t\t\t\t\t\t\t\n\t\t\t\t\t\t\t\t\t\t<div class=\"post-holder\">\n\t\t\t\t\t\t\t\t\t\t\t<a href=\"https:\/\/slspo.sk\/?p=11285\">Nap\u00ednav\u00fd hokejov\u00fd ve\u010der na z\u00e1ver sez\u00f3ny<\/a>\n\t\t\t\t\t\t\t\t\t\t\t<div class=\"fusion-meta\">\n\t\t\t\t\t\t\t\t\t\t\t\t27. apr\u00edla 2026\t\t\t\t\t\t\t\t\t\t\t<\/div>\n\t\t\t\t\t\t\t\t\t\t<\/div>\n\t\t\t\t\t\t\t\t\t<\/li>\n\t\t\t\t\t\t\t\t\n\t\t\t\t\t\t\t\t\t\t\t\t\t\t\t\t\t\t\t\t\t<\/ul>\n\t\t\t\t\t<\/div>\n\n\t\t\t\t\n\t\t\t\t\n\t\t\t\t\t<div class=\"fusion-tab-recent fusion-tab-content tab tab_content\" data-name=\"fusion-tab-recent\" style=\"display: none;\">\n\n\t\t\t\t\t\t\n\t\t\t\t\t\t<ul class=\"fusion-tabs-widget-items news-list\">\n\t\t\t\t\t\t\t\t\t\t\t\t\t\t\t\t\t\t\t\t\t\t\t\t\t\t\t\t\t\t\t\t\t<li>\n\t\t\t\t\t\t\t\t\t\t\t\t\t\t\t\t\t\t\t\t\t<div class=\"image\">\n\t\t\t\t\t\t\t\t\t\t\t\t<a href=\"https:\/\/slspo.sk\/?p=11296\" aria-label=\"Spolo\u010dn\u00e9 chv\u00edle v Barli\u010dke\"><img decoding=\"async\" width=\"66\" height=\"66\" src=\"https:\/\/slspo.sk\/wp-content\/uploads\/2026\/04\/2026barlicka04index-66x66.jpg\" class=\"attachment-recent-works-thumbnail size-recent-works-thumbnail lazyload wp-post-image\" alt=\"Spolo\u010dn\u00e9 chv\u00edle v Barli\u010dke\" srcset=\"data:image\/svg+xml,%3Csvg%20xmlns%3D%27http%3A%2F%2Fwww.w3.org%2F2000%2Fsvg%27%20width%3D%271349%27%20height%3D%27899%27%20viewBox%3D%270%200%201349%20899%27%3E%3Crect%20width%3D%271349%27%20height%3D%273899%27%20fill-opacity%3D%220%22%2F%3E%3C%2Fsvg%3E\" data-orig-src=\"https:\/\/slspo.sk\/wp-content\/uploads\/2026\/04\/2026barlicka04index-66x66.jpg\" data-srcset=\"https:\/\/slspo.sk\/wp-content\/uploads\/2026\/04\/2026barlicka04index-66x66.jpg 66w, https:\/\/slspo.sk\/wp-content\/uploads\/2026\/04\/2026barlicka04index-150x150.jpg 150w\" data-sizes=\"auto\" \/><\/a>\n\t\t\t\t\t\t\t\t\t\t\t<\/div>\n\t\t\t\t\t\t\t\t\t\t\t\t\t\t\t\t\t\t\t\t<div class=\"post-holder\">\n\t\t\t\t\t\t\t\t\t\t\t<a href=\"https:\/\/slspo.sk\/?p=11296\">Spolo\u010dn\u00e9 chv\u00edle v Barli\u010dke<\/a>\n\t\t\t\t\t\t\t\t\t\t\t<div class=\"fusion-meta\">\n\t\t\t\t\t\t\t\t\t\t\t\t30. apr\u00edla 2026\t\t\t\t\t\t\t\t\t\t\t<\/div>\n\t\t\t\t\t\t\t\t\t\t<\/div>\n\t\t\t\t\t\t\t\t\t<\/li>\n\t\t\t\t\t\t\t\t\t\t\t\t\t\t\t\t\t\t\t\t\t\t\t\t\t\t<li>\n\t\t\t\t\t\t\t\t\t\t\t\t\t\t\t\t\t\t\t\t\t<div class=\"image\">\n\t\t\t\t\t\t\t\t\t\t\t\t<a href=\"https:\/\/slspo.sk\/?p=11285\" aria-label=\"Nap\u00ednav\u00fd hokejov\u00fd ve\u010der na z\u00e1ver sez\u00f3ny\"><img decoding=\"async\" width=\"66\" height=\"66\" src=\"https:\/\/slspo.sk\/wp-content\/uploads\/2026\/04\/2026hokej02index-66x66.jpg\" class=\"attachment-recent-works-thumbnail size-recent-works-thumbnail lazyload wp-post-image\" alt=\"Nap\u00ednav\u00fd hokejov\u00fd ve\u010der na z\u00e1ver sez\u00f3ny\" srcset=\"data:image\/svg+xml,%3Csvg%20xmlns%3D%27http%3A%2F%2Fwww.w3.org%2F2000%2Fsvg%27%20width%3D%272040%27%20height%3D%271360%27%20viewBox%3D%270%200%202040%201360%27%3E%3Crect%20width%3D%272040%27%20height%3D%2731360%27%20fill-opacity%3D%220%22%2F%3E%3C%2Fsvg%3E\" data-orig-src=\"https:\/\/slspo.sk\/wp-content\/uploads\/2026\/04\/2026hokej02index-66x66.jpg\" data-srcset=\"https:\/\/slspo.sk\/wp-content\/uploads\/2026\/04\/2026hokej02index-66x66.jpg 66w, https:\/\/slspo.sk\/wp-content\/uploads\/2026\/04\/2026hokej02index-150x150.jpg 150w\" data-sizes=\"auto\" \/><\/a>\n\t\t\t\t\t\t\t\t\t\t\t<\/div>\n\t\t\t\t\t\t\t\t\t\t\t\t\t\t\t\t\t\t\t\t<div class=\"post-holder\">\n\t\t\t\t\t\t\t\t\t\t\t<a href=\"https:\/\/slspo.sk\/?p=11285\">Nap\u00ednav\u00fd hokejov\u00fd ve\u010der na z\u00e1ver sez\u00f3ny<\/a>\n\t\t\t\t\t\t\t\t\t\t\t<div class=\"fusion-meta\">\n\t\t\t\t\t\t\t\t\t\t\t\t27. apr\u00edla 2026\t\t\t\t\t\t\t\t\t\t\t<\/div>\n\t\t\t\t\t\t\t\t\t\t<\/div>\n\t\t\t\t\t\t\t\t\t<\/li>\n\t\t\t\t\t\t\t\t\t\t\t\t\t\t\t\t\t\t\t\t\t\t\t\t\t\t<li>\n\t\t\t\t\t\t\t\t\t\t\t\t\t\t\t\t\t\t\t\t\t<div class=\"image\">\n\t\t\t\t\t\t\t\t\t\t\t\t<a href=\"https:\/\/slspo.sk\/?p=11278\" aria-label=\"Nov\u00e9 \u010d\u00edslo \u0161tudentsk\u00e9ho \u010dasopisu SILVUM je na svete\"><img decoding=\"async\" width=\"66\" height=\"66\" src=\"https:\/\/slspo.sk\/wp-content\/uploads\/2026\/04\/silvum012026index-66x66.png\" class=\"attachment-recent-works-thumbnail size-recent-works-thumbnail lazyload wp-post-image\" alt=\"\" srcset=\"data:image\/svg+xml,%3Csvg%20xmlns%3D%27http%3A%2F%2Fwww.w3.org%2F2000%2Fsvg%27%20width%3D%27600%27%20height%3D%27400%27%20viewBox%3D%270%200%20600%20400%27%3E%3Crect%20width%3D%27600%27%20height%3D%273400%27%20fill-opacity%3D%220%22%2F%3E%3C%2Fsvg%3E\" data-orig-src=\"https:\/\/slspo.sk\/wp-content\/uploads\/2026\/04\/silvum012026index-66x66.png\" data-srcset=\"https:\/\/slspo.sk\/wp-content\/uploads\/2026\/04\/silvum012026index-66x66.png 66w, https:\/\/slspo.sk\/wp-content\/uploads\/2026\/04\/silvum012026index-150x150.png 150w\" data-sizes=\"auto\" \/><\/a>\n\t\t\t\t\t\t\t\t\t\t\t<\/div>\n\t\t\t\t\t\t\t\t\t\t\t\t\t\t\t\t\t\t\t\t<div class=\"post-holder\">\n\t\t\t\t\t\t\t\t\t\t\t<a href=\"https:\/\/slspo.sk\/?p=11278\">Nov\u00e9 \u010d\u00edslo \u0161tudentsk\u00e9ho \u010dasopisu SILVUM je na svete<\/a>\n\t\t\t\t\t\t\t\t\t\t\t<div class=\"fusion-meta\">\n\t\t\t\t\t\t\t\t\t\t\t\t23. apr\u00edla 2026\t\t\t\t\t\t\t\t\t\t\t<\/div>\n\t\t\t\t\t\t\t\t\t\t<\/div>\n\t\t\t\t\t\t\t\t\t<\/li>\n\t\t\t\t\t\t\t\t\t\t\t\t\t\t\t\t\t\t\t\t\t\t\t\t\t\t\t\t\t<\/ul>\n\t\t\t\t\t<\/div>\n\t\t\t\t\n\t\t\t\t\t\t\t<\/div>\n\t\t<\/div>\n\t\t<\/section><section id=\"facebook-like-widget-2\" class=\"widget facebook_like\" style=\"border-style: solid;border-color:transparent;border-width:0px;\"><div class=\"heading\"><h4 class=\"widget-title\">N\u00e1jdite n\u00e1s na Facebooku<\/h4><\/div>\n\t\t\t\t\t\t\t\t\t\t\t\t<script>\n\t\t\t\n\t\t\t\t\twindow.fbAsyncInit = function() {\n\t\t\t\t\t\tfusion_resize_page_widget();\n\n\t\t\t\t\t\tjQuery( window ).resize( function() {\n\t\t\t\t\t\t\tfusion_resize_page_widget();\n\t\t\t\t\t\t});\n\n\t\t\t\t\t\tfunction fusion_resize_page_widget() {\n\t\t\t\t\t\t\tvar availableSpace     = jQuery( '.facebook-like-widget-2' ).width(),\n\t\t\t\t\t\t\t\tlastAvailableSPace = jQuery( '.facebook-like-widget-2 .fb-page' ).attr( 'data-width' ),\n\t\t\t\t\t\t\t\tmaxWidth           = 268;\n\n\t\t\t\t\t\t\tif ( 1 > availableSpace ) {\n\t\t\t\t\t\t\t\tavailableSpace = maxWidth;\n\t\t\t\t\t\t\t}\n\n\t\t\t\t\t\t\tif ( availableSpace != lastAvailableSPace && availableSpace != maxWidth ) {\n\t\t\t\t\t\t\t\tif ( maxWidth < availableSpace ) {\n\t\t\t\t\t\t\t\t\tavailableSpace = maxWidth;\n\t\t\t\t\t\t\t\t}\n\t\t\t\t\t\t\t\tjQuery('.facebook-like-widget-2 .fb-page' ).attr( 'data-width', availableSpace );\n\t\t\t\t\t\t\t\tif ( 'undefined' !== typeof FB ) {\n\t\t\t\t\t\t\t\t\tFB.XFBML.parse();\n\t\t\t\t\t\t\t\t}\n\t\t\t\t\t\t\t}\n\t\t\t\t\t\t}\n\t\t\t\t\t};\n\n\t\t\t\t\t( function( d, s, id ) {\n\t\t\t\t\t\tvar js,\n\t\t\t\t\t\t\tfjs = d.getElementsByTagName( s )[0];\n\t\t\t\t\t\tif ( d.getElementById( id ) ) {\n\t\t\t\t\t\t\treturn;\n\t\t\t\t\t\t}\n\t\t\t\t\t\tjs     = d.createElement( s );\n\t\t\t\t\t\tjs.id  = id;\n\t\t\t\t\t\tjs.src = \"https:\/\/connect.facebook.net\/sk_SK\/sdk.js#xfbml=1&version=v8.0&appId=\";\n\t\t\t\t\t\tfjs.parentNode.insertBefore( js, fjs );\n\t\t\t\t\t}( document, 'script', 'facebook-jssdk' ) );\n\n\t\t\t\t\t\t\t<\/script>\n\t\t\t\n\t\t\t<div class=\"fb-like-box-container facebook-like-widget-2\" id=\"fb-root\">\n\t\t\t\t<div class=\"fb-page\" data-href=\"https:\/\/www.facebook.com\/soslesnicka\" data-original-width=\"268\" data-width=\"268\" data-adapt-container-width=\"true\" data-small-header=\"false\" data-height=\"540\" data-hide-cover=\"false\" data-show-facepile=\"true\" data-tabs=\"timeline\"><\/div>\n\t\t\t<\/div>\n\t\t\t<\/section><div class=\"fusion-additional-widget-content\"><\/div><\/div><\/div><\/div><style type=\"text\/css\">.fusion-body .fusion-builder-column-1{width:33.3333333333% !important;margin-top : 10px;margin-bottom : 10px;}.fusion-builder-column-1 > .fusion-column-wrapper {padding-top : 0px !important;padding-right : 0px !important;margin-right : 5.76%;padding-bottom : 0px !important;padding-left : 0px !important;margin-left : 5.76%;}@media only screen and (max-width:1024px) {.fusion-body .fusion-builder-column-1{width:100% !important;order : 0;}.fusion-builder-column-1 > .fusion-column-wrapper {margin-right : 1.92%;margin-left : 1.92%;}}@media only screen and (max-width:640px) {.fusion-body .fusion-builder-column-1{width:100% !important;order : 0;}.fusion-builder-column-1 > .fusion-column-wrapper {margin-right : 1.92%;margin-left : 1.92%;}}<\/style><\/div><style type=\"text\/css\">.fusion-body .fusion-flex-container.fusion-builder-row-1{ padding-top : 0px;margin-top : 0px;padding-right : 0px;padding-bottom : 0px;margin-bottom : 0px;padding-left : 0px;}<\/style><\/div><div class=\"fusion-fullwidth fullwidth-box fusion-builder-row-2 fusion-flex-container nonhundred-percent-fullwidth non-hundred-percent-height-scrolling\" style=\"background-color: #333c4e;background-position: left top;background-repeat: no-repeat;border-width: 0px 0px 0px 0px;border-color:#e7e4e2;border-style:solid;\" ><div class=\"fusion-builder-row fusion-row fusion-flex-align-items-flex-start\" style=\"max-width:calc( 1280px + 0px );margin-left: calc(-0px \/ 2 );margin-right: calc(-0px \/ 2 );\"><div class=\"fusion-layout-column fusion_builder_column fusion-builder-column-2 fusion_builder_column_1_1 1_1 fusion-flex-column fusion-flex-align-self-flex-start fusion-column-no-min-height\"><div class=\"fusion-column-wrapper fusion-flex-justify-content-flex-start fusion-content-layout-column\" style=\"background-position:left top;background-repeat:no-repeat;-webkit-background-size:cover;-moz-background-size:cover;-o-background-size:cover;background-size:cover;padding: 0px 0px 0px 0px;\"><style type=\"text\/css\">.fusion-title.fusion-title-5 svg path{stroke-width:6!important}@media only screen and (max-width:1024px) {.fusion-title.fusion-title-5{margin-top:10px!important;margin-bottom:24px!important;}}@media only screen and (max-width:640px) {.fusion-title.fusion-title-5{margin-top:10px!important;margin-bottom:20px!important;}}<\/style><div class=\"fusion-title title fusion-title-5 fusion-sep-none fusion-title-center fusion-title-highlight fusion-loop-off fusion-highlight-underline fusion-title-size-two\" style=\"margin-top:10px;margin-bottom:24px;\" data-highlight=\"underline\"><h2 class=\"title-heading-center\" style=\"margin:0;color:#ffffff;\"><span class=\"fusion-highlighted-text-prefix\">Pridaj sa k<\/span> <span class=\"fusion-highlighted-text-wrapper\"><span class=\"fusion-highlighted-text\" style=\"color:#f09a3e;\">tis\u00edckam \u0161tudentov,<\/span><\/span> <span class=\"fusion-highlighted-text-postfix\">ktor\u00ed s\u00fa dnes \u00faspe\u0161n\u00fdmi lesn\u00edkmi.<\/span><\/h2><\/div><div class=\"fusion-separator fusion-full-width-sep\" style=\"align-self: center;margin-left: auto;margin-right: auto;margin-top:-25px;width:100%;\"><\/div><div class=\"fusion-text fusion-text-2\" style=\"transform:translate3d(0,0,0);\"><p style=\"text-align: center; font-size: 20px;\">Vyber si svoje zameranie a \u0161tuduj to, \u010do \u0165a bav\u00ed.<\/p>\n<\/div><div class=\"fusion-separator fusion-full-width-sep\" style=\"align-self: center;margin-left: auto;margin-right: auto;margin-top:15px;width:100%;\"><\/div><div style=\"text-align:center;\"><style type=\"text\/css\">.fusion-button.button-1 {border-radius:0px;}<\/style><a class=\"fusion-button button-flat fusion-button-default-size button-default button-1 fusion-button-default-span fusion-button-default-type\" target=\"_self\" title=\"Uch\u00e1dza\u010di\" href=\"https:\/\/slspo.sk\/?page_id=6361\"><i class=\"university-street-view button-icon-left\" aria-hidden=\"true\"><\/i><span class=\"fusion-button-text\">DOZVEDIE\u0164 SA VIAC<\/span><\/a><\/div><\/div><\/div><style type=\"text\/css\">.fusion-body .fusion-builder-column-2{width:100% !important;margin-top : 3%;margin-bottom : 3%;}.fusion-builder-column-2 > .fusion-column-wrapper {padding-top : 0px !important;padding-right : 0px !important;margin-right : 0px;padding-bottom : 0px !important;padding-left : 0px !important;margin-left : 0px;}@media only screen and (max-width:1024px) {.fusion-body .fusion-builder-column-2{width:100% !important;}.fusion-builder-column-2 > .fusion-column-wrapper {margin-right : 0px;margin-left : 0px;}}@media only screen and (max-width:640px) {.fusion-body .fusion-builder-column-2{width:100% !important;}.fusion-builder-column-2 > .fusion-column-wrapper {margin-right : 0px;margin-left : 0px;}}<\/style><\/div><style type=\"text\/css\">.fusion-body .fusion-flex-container.fusion-builder-row-2{ padding-top : 50px;margin-top : 0px;padding-right : 0px;padding-bottom : 45px;margin-bottom : 0px;padding-left : 0px;}@media only screen and (max-width:640px) {.fusion-body .fusion-flex-container.fusion-builder-row-2{ padding-right : 50px;padding-left : 50px;}}<\/style><\/div>\n<\/p>\n","protected":false},"excerpt":{"rendered":"","protected":false},"author":1,"featured_media":0,"parent":0,"menu_order":0,"comment_status":"closed","ping_status":"closed","template":"100-width.php","meta":{"ngg_post_thumbnail":0,"footnotes":""},"class_list":["post-4374","page","type-page","status-publish","hentry"],"yoast_head":"<!-- This site is optimized with the Yoast SEO plugin v27.5 - https:\/\/yoast.com\/product\/yoast-seo-wordpress\/ -->\n<title>Lesni\u010diari \u0161koly - Stredn\u00e1 odborn\u00e1 \u0161kola lesn\u00edcka v Pre\u0161ove<\/title>\n<meta name=\"robots\" content=\"index, follow, max-snippet:-1, max-image-preview:large, max-video-preview:-1\" \/>\n<link rel=\"canonical\" href=\"https:\/\/slspo.sk\/?page_id=4374\" \/>\n<meta property=\"og:locale\" content=\"sk_SK\" \/>\n<meta property=\"og:type\" content=\"article\" \/>\n<meta property=\"og:title\" content=\"Lesni\u010diari \u0161koly - Stredn\u00e1 odborn\u00e1 \u0161kola lesn\u00edcka v Pre\u0161ove\" \/>\n<meta property=\"og:url\" content=\"https:\/\/slspo.sk\/?page_id=4374\" \/>\n<meta property=\"og:site_name\" content=\"Stredn\u00e1 odborn\u00e1 \u0161kola lesn\u00edcka v Pre\u0161ove\" \/>\n<meta property=\"article:publisher\" content=\"https:\/\/www.facebook.com\/soslesnicka\/\" \/>\n<meta property=\"article:modified_time\" content=\"2021-08-21T08:20:19+00:00\" \/>\n<meta name=\"twitter:card\" content=\"summary_large_image\" \/>\n<meta name=\"twitter:label1\" content=\"Predpokladan\u00fd \u010das \u010d\u00edtania\" \/>\n\t<meta name=\"twitter:data1\" content=\"22 min\u00fat\" \/>\n<script type=\"application\/ld+json\" class=\"yoast-schema-graph\">{\"@context\":\"https:\\\/\\\/schema.org\",\"@graph\":[{\"@type\":\"WebPage\",\"@id\":\"https:\\\/\\\/slspo.sk\\\/?page_id=4374\",\"url\":\"https:\\\/\\\/slspo.sk\\\/?page_id=4374\",\"name\":\"Lesni\u010diari \u0161koly - Stredn\u00e1 odborn\u00e1 \u0161kola lesn\u00edcka v Pre\u0161ove\",\"isPartOf\":{\"@id\":\"https:\\\/\\\/slspo.sk\\\/#website\"},\"datePublished\":\"2021-08-21T08:13:45+00:00\",\"dateModified\":\"2021-08-21T08:20:19+00:00\",\"breadcrumb\":{\"@id\":\"https:\\\/\\\/slspo.sk\\\/?page_id=4374#breadcrumb\"},\"inLanguage\":\"sk-SK\",\"potentialAction\":[{\"@type\":\"ReadAction\",\"target\":[\"https:\\\/\\\/slspo.sk\\\/?page_id=4374\"]}]},{\"@type\":\"BreadcrumbList\",\"@id\":\"https:\\\/\\\/slspo.sk\\\/?page_id=4374#breadcrumb\",\"itemListElement\":[{\"@type\":\"ListItem\",\"position\":1,\"name\":\"Domovsk\u00e1 str\u00e1nka\",\"item\":\"https:\\\/\\\/slspo.sk\\\/\"},{\"@type\":\"ListItem\",\"position\":2,\"name\":\"Lesni\u010diari \u0161koly\"}]},{\"@type\":\"WebSite\",\"@id\":\"https:\\\/\\\/slspo.sk\\\/#website\",\"url\":\"https:\\\/\\\/slspo.sk\\\/\",\"name\":\"Stredn\u00e1 odborn\u00e1 \u0161kola lesn\u00edcka v Pre\u0161ove\",\"description\":\"Centrum odborn\u00e9ho vzdel\u00e1vania a pr\u00edpravy v lesn\u00edctve. \u0160kola je modernou vzdel\u00e1vacou in\u0161tit\u00faciou pon\u00fakaj\u00facou vzdel\u00e1vanie a v\u00fdchovu bud\u00facich mana\u017e\u00e9rov v oblasti lesn\u00edctva, po\u013eovn\u00edctva, \u010di ochrany pr\u00edrody a krajiny.\",\"publisher\":{\"@id\":\"https:\\\/\\\/slspo.sk\\\/#organization\"},\"potentialAction\":[{\"@type\":\"SearchAction\",\"target\":{\"@type\":\"EntryPoint\",\"urlTemplate\":\"https:\\\/\\\/slspo.sk\\\/?s={search_term_string}\"},\"query-input\":{\"@type\":\"PropertyValueSpecification\",\"valueRequired\":true,\"valueName\":\"search_term_string\"}}],\"inLanguage\":\"sk-SK\"},{\"@type\":\"Organization\",\"@id\":\"https:\\\/\\\/slspo.sk\\\/#organization\",\"name\":\"Stredn\u00e1 odborn\u00e1 \u0161kola lesn\u00edcka v Pre\u0161ove\",\"url\":\"https:\\\/\\\/slspo.sk\\\/\",\"logo\":{\"@type\":\"ImageObject\",\"inLanguage\":\"sk-SK\",\"@id\":\"https:\\\/\\\/slspo.sk\\\/#\\\/schema\\\/logo\\\/image\\\/\",\"url\":\"https:\\\/\\\/slspo.sk\\\/wp-content\\\/uploads\\\/2021\\\/12\\\/logo_slspo.png\",\"contentUrl\":\"https:\\\/\\\/slspo.sk\\\/wp-content\\\/uploads\\\/2021\\\/12\\\/logo_slspo.png\",\"width\":1306,\"height\":1128,\"caption\":\"Stredn\u00e1 odborn\u00e1 \u0161kola lesn\u00edcka v Pre\u0161ove\"},\"image\":{\"@id\":\"https:\\\/\\\/slspo.sk\\\/#\\\/schema\\\/logo\\\/image\\\/\"},\"sameAs\":[\"https:\\\/\\\/www.facebook.com\\\/soslesnicka\\\/\"]}]}<\/script>\n<!-- \/ Yoast SEO plugin. -->","yoast_head_json":{"title":"Lesni\u010diari \u0161koly - Stredn\u00e1 odborn\u00e1 \u0161kola lesn\u00edcka v Pre\u0161ove","robots":{"index":"index","follow":"follow","max-snippet":"max-snippet:-1","max-image-preview":"max-image-preview:large","max-video-preview":"max-video-preview:-1"},"canonical":"https:\/\/slspo.sk\/?page_id=4374","og_locale":"sk_SK","og_type":"article","og_title":"Lesni\u010diari \u0161koly - Stredn\u00e1 odborn\u00e1 \u0161kola lesn\u00edcka v Pre\u0161ove","og_url":"https:\/\/slspo.sk\/?page_id=4374","og_site_name":"Stredn\u00e1 odborn\u00e1 \u0161kola lesn\u00edcka v Pre\u0161ove","article_publisher":"https:\/\/www.facebook.com\/soslesnicka\/","article_modified_time":"2021-08-21T08:20:19+00:00","twitter_card":"summary_large_image","twitter_misc":{"Predpokladan\u00fd \u010das \u010d\u00edtania":"22 min\u00fat"},"schema":{"@context":"https:\/\/schema.org","@graph":[{"@type":"WebPage","@id":"https:\/\/slspo.sk\/?page_id=4374","url":"https:\/\/slspo.sk\/?page_id=4374","name":"Lesni\u010diari \u0161koly - Stredn\u00e1 odborn\u00e1 \u0161kola lesn\u00edcka v Pre\u0161ove","isPartOf":{"@id":"https:\/\/slspo.sk\/#website"},"datePublished":"2021-08-21T08:13:45+00:00","dateModified":"2021-08-21T08:20:19+00:00","breadcrumb":{"@id":"https:\/\/slspo.sk\/?page_id=4374#breadcrumb"},"inLanguage":"sk-SK","potentialAction":[{"@type":"ReadAction","target":["https:\/\/slspo.sk\/?page_id=4374"]}]},{"@type":"BreadcrumbList","@id":"https:\/\/slspo.sk\/?page_id=4374#breadcrumb","itemListElement":[{"@type":"ListItem","position":1,"name":"Domovsk\u00e1 str\u00e1nka","item":"https:\/\/slspo.sk\/"},{"@type":"ListItem","position":2,"name":"Lesni\u010diari \u0161koly"}]},{"@type":"WebSite","@id":"https:\/\/slspo.sk\/#website","url":"https:\/\/slspo.sk\/","name":"Stredn\u00e1 odborn\u00e1 \u0161kola lesn\u00edcka v Pre\u0161ove","description":"Centrum odborn\u00e9ho vzdel\u00e1vania a pr\u00edpravy v lesn\u00edctve. \u0160kola je modernou vzdel\u00e1vacou in\u0161tit\u00faciou pon\u00fakaj\u00facou vzdel\u00e1vanie a v\u00fdchovu bud\u00facich mana\u017e\u00e9rov v oblasti lesn\u00edctva, po\u013eovn\u00edctva, \u010di ochrany pr\u00edrody a krajiny.","publisher":{"@id":"https:\/\/slspo.sk\/#organization"},"potentialAction":[{"@type":"SearchAction","target":{"@type":"EntryPoint","urlTemplate":"https:\/\/slspo.sk\/?s={search_term_string}"},"query-input":{"@type":"PropertyValueSpecification","valueRequired":true,"valueName":"search_term_string"}}],"inLanguage":"sk-SK"},{"@type":"Organization","@id":"https:\/\/slspo.sk\/#organization","name":"Stredn\u00e1 odborn\u00e1 \u0161kola lesn\u00edcka v Pre\u0161ove","url":"https:\/\/slspo.sk\/","logo":{"@type":"ImageObject","inLanguage":"sk-SK","@id":"https:\/\/slspo.sk\/#\/schema\/logo\/image\/","url":"https:\/\/slspo.sk\/wp-content\/uploads\/2021\/12\/logo_slspo.png","contentUrl":"https:\/\/slspo.sk\/wp-content\/uploads\/2021\/12\/logo_slspo.png","width":1306,"height":1128,"caption":"Stredn\u00e1 odborn\u00e1 \u0161kola lesn\u00edcka v Pre\u0161ove"},"image":{"@id":"https:\/\/slspo.sk\/#\/schema\/logo\/image\/"},"sameAs":["https:\/\/www.facebook.com\/soslesnicka\/"]}]}},"_links":{"self":[{"href":"https:\/\/slspo.sk\/index.php?rest_route=\/wp\/v2\/pages\/4374","targetHints":{"allow":["GET"]}}],"collection":[{"href":"https:\/\/slspo.sk\/index.php?rest_route=\/wp\/v2\/pages"}],"about":[{"href":"https:\/\/slspo.sk\/index.php?rest_route=\/wp\/v2\/types\/page"}],"author":[{"embeddable":true,"href":"https:\/\/slspo.sk\/index.php?rest_route=\/wp\/v2\/users\/1"}],"replies":[{"embeddable":true,"href":"https:\/\/slspo.sk\/index.php?rest_route=%2Fwp%2Fv2%2Fcomments&post=4374"}],"version-history":[{"count":4,"href":"https:\/\/slspo.sk\/index.php?rest_route=\/wp\/v2\/pages\/4374\/revisions"}],"predecessor-version":[{"id":4380,"href":"https:\/\/slspo.sk\/index.php?rest_route=\/wp\/v2\/pages\/4374\/revisions\/4380"}],"wp:attachment":[{"href":"https:\/\/slspo.sk\/index.php?rest_route=%2Fwp%2Fv2%2Fmedia&parent=4374"}],"curies":[{"name":"wp","href":"https:\/\/api.w.org\/{rel}","templated":true}]}}